{"id":15798,"date":"2026-03-03T15:09:13","date_gmt":"2026-03-03T14:09:13","guid":{"rendered":"https:\/\/www.salonsmart-aix.com\/?page_id=15798"},"modified":"2026-03-09T14:25:18","modified_gmt":"2026-03-09T13:25:18","slug":"artistes-galeries","status":"publish","type":"page","link":"https:\/\/www.salonsmart-aix.com\/en\/artistes-galeries\/","title":{"rendered":"Artists &amp; Galleries"},"content":{"rendered":"<div id=\"cmsmasters_row_iil1z7a1ka\" class=\"cmsmasters_row cmsmasters_color_scheme_default cmsmasters_row_top_default cmsmasters_row_bot_default cmsmasters_row_boxed\">\n<div class=\"cmsmasters_row_outer_parent\">\n<div class=\"cmsmasters_row_overlay\"><\/div>\n<div class=\"cmsmasters_row_outer\">\n<div class=\"cmsmasters_row_inner\">\n<div class=\"cmsmasters_row_margin\">\n<div id=\"cmsmasters_column_235yxw20tv\" class=\"cmsmasters_column one_first\">\n<div class=\"cmsmasters_column_inner\"><div id=\"cmsmasters_heading_3av90vgoaw\" class=\"cmsmasters_heading_wrap cmsmasters_heading_align_center\">\n\t<h1 class=\"cmsmasters_heading\">Artists &amp; Galleries<\/h1>\n<\/div>\n<\/div><\/div>\n<\/div>\n<\/div>\n<\/div>\n<\/div>\n<\/div>\n<div id=\"cmsmasters_row_1k0eajlce\" class=\"cmsmasters_row cmsmasters_color_scheme_default cmsmasters_row_top_default cmsmasters_row_bot_default cmsmasters_row_boxed\">\n<div class=\"cmsmasters_row_outer_parent\">\n<div class=\"cmsmasters_row_outer\">\n<div class=\"cmsmasters_row_inner\">\n<div class=\"cmsmasters_row_margin\">\n<div id=\"cmsmasters_column_jbw3spgfk8\" class=\"cmsmasters_column one_first\">\n<div class=\"cmsmasters_column_inner\"><div id=\"cmsmasters_heading_urkizp5yol\" class=\"cmsmasters_heading_wrap cmsmasters_heading_align_left\">\n\t<h2 class=\"cmsmasters_heading\">The space of living creation<\/h2>\n<\/div>\n<\/div><\/div>\n<\/div>\n<\/div>\n<\/div>\n<\/div>\n<\/div>\n<div id=\"cmsmasters_row_g8ivf462x\" class=\"cmsmasters_row cmsmasters_color_scheme_default cmsmasters_row_top_default cmsmasters_row_bot_default cmsmasters_row_boxed\">\n<div class=\"cmsmasters_row_outer_parent\">\n<div class=\"cmsmasters_row_outer\">\n<div class=\"cmsmasters_row_inner\">\n<div class=\"cmsmasters_row_margin\">\n<div id=\"cmsmasters_column_i2xoap9ecc\" class=\"cmsmasters_column one_half\">\n<div class=\"cmsmasters_column_inner\"><div class=\"cmsmasters_text\">\n<p>Artists and galleries are at the heart of SM'ART Life.<br \/>\nThe show celebrates contemporary art in all its forms: painting, sculpture, photography, installation, performance and design.<br \/>\nEach work expresses a vision of the world, a singular gesture, an emotion to be shared.<br \/>\nThe SM'ART Life 2026 project is set to offer artists and galleries an exceptional, open, inspiring and demanding exhibition space, where materials and light become language, and where contemporary art is lived as a sensitive experience.<\/p>\n<\/div>\n<\/div><\/div>\n<div id=\"cmsmasters_column_a9xxet9xj\" class=\"cmsmasters_column one_half\">\n<div class=\"cmsmasters_column_inner\"><div class=\"cmsmasters_content_slider_wrap\" style=\"max-width:px;\"><div id=\"cmsmasters_slider_543dkmt1km\" class=\"cmsmasters_owl_slider owl-carousel cmsmasters_content_slider\" data-auto-play=\"7000\" data-stop-on-hover=\"true\" data-rewind-nav=\"true\" data-slide-speed=\"600\" data-pagination-speed=\"600\" data-rewind-speed=\"1000\" data-transition-style=\"false\" data-pagination=\"false\" data-navigation=\"true\"><div class=\"cmsmasters_owl_slider_item cmsmasters_content_slider_item\"><img fetchpriority=\"high\" decoding=\"async\" width=\"1000\" height=\"667\" src=\"https:\/\/www.salonsmart-aix.com\/wp-content\/uploads\/2025\/11\/LD_2025_0503_SMart-Expo_8114_Sigrun-Sauerzapfe-aka-SIGGI.jpg\" class=\"attachment-full size-full\" alt=\"\" srcset=\"https:\/\/www.salonsmart-aix.com\/wp-content\/uploads\/2025\/11\/LD_2025_0503_SMart-Expo_8114_Sigrun-Sauerzapfe-aka-SIGGI.jpg 1000w, https:\/\/www.salonsmart-aix.com\/wp-content\/uploads\/2025\/11\/LD_2025_0503_SMart-Expo_8114_Sigrun-Sauerzapfe-aka-SIGGI-300x200.jpg 300w, https:\/\/www.salonsmart-aix.com\/wp-content\/uploads\/2025\/11\/LD_2025_0503_SMart-Expo_8114_Sigrun-Sauerzapfe-aka-SIGGI-768x512.jpg 768w, https:\/\/www.salonsmart-aix.com\/wp-content\/uploads\/2025\/11\/LD_2025_0503_SMart-Expo_8114_Sigrun-Sauerzapfe-aka-SIGGI-860x574.jpg 860w, https:\/\/www.salonsmart-aix.com\/wp-content\/uploads\/2025\/11\/LD_2025_0503_SMart-Expo_8114_Sigrun-Sauerzapfe-aka-SIGGI-580x387.jpg 580w, https:\/\/www.salonsmart-aix.com\/wp-content\/uploads\/2025\/11\/LD_2025_0503_SMart-Expo_8114_Sigrun-Sauerzapfe-aka-SIGGI-600x400.jpg 600w\" sizes=\"(max-width: 1000px) 100vw, 1000px\" \/><\/div><div class=\"cmsmasters_owl_slider_item cmsmasters_content_slider_item\"><img decoding=\"async\" width=\"1000\" height=\"667\" src=\"https:\/\/www.salonsmart-aix.com\/wp-content\/uploads\/2025\/11\/LD_2025_0503_SMart-Expo_5965_Sigrun-Sauerzapfe-aka-SIGGI.jpg\" class=\"attachment-full size-full\" alt=\"\" srcset=\"https:\/\/www.salonsmart-aix.com\/wp-content\/uploads\/2025\/11\/LD_2025_0503_SMart-Expo_5965_Sigrun-Sauerzapfe-aka-SIGGI.jpg 1000w, https:\/\/www.salonsmart-aix.com\/wp-content\/uploads\/2025\/11\/LD_2025_0503_SMart-Expo_5965_Sigrun-Sauerzapfe-aka-SIGGI-300x200.jpg 300w, https:\/\/www.salonsmart-aix.com\/wp-content\/uploads\/2025\/11\/LD_2025_0503_SMart-Expo_5965_Sigrun-Sauerzapfe-aka-SIGGI-768x512.jpg 768w, https:\/\/www.salonsmart-aix.com\/wp-content\/uploads\/2025\/11\/LD_2025_0503_SMart-Expo_5965_Sigrun-Sauerzapfe-aka-SIGGI-860x574.jpg 860w, https:\/\/www.salonsmart-aix.com\/wp-content\/uploads\/2025\/11\/LD_2025_0503_SMart-Expo_5965_Sigrun-Sauerzapfe-aka-SIGGI-580x387.jpg 580w, https:\/\/www.salonsmart-aix.com\/wp-content\/uploads\/2025\/11\/LD_2025_0503_SMart-Expo_5965_Sigrun-Sauerzapfe-aka-SIGGI-600x400.jpg 600w\" sizes=\"(max-width: 1000px) 100vw, 1000px\" \/><\/div><div class=\"cmsmasters_owl_slider_item cmsmasters_content_slider_item\"><img decoding=\"async\" width=\"1000\" height=\"643\" src=\"https:\/\/www.salonsmart-aix.com\/wp-content\/uploads\/2025\/11\/LD_2025_0503_SMart-Expo_7230_Sigrun-Sauerzapfe-aka-SIGGI.jpg\" class=\"attachment-full size-full\" alt=\"\" srcset=\"https:\/\/www.salonsmart-aix.com\/wp-content\/uploads\/2025\/11\/LD_2025_0503_SMart-Expo_7230_Sigrun-Sauerzapfe-aka-SIGGI.jpg 1000w, https:\/\/www.salonsmart-aix.com\/wp-content\/uploads\/2025\/11\/LD_2025_0503_SMart-Expo_7230_Sigrun-Sauerzapfe-aka-SIGGI-300x193.jpg 300w, https:\/\/www.salonsmart-aix.com\/wp-content\/uploads\/2025\/11\/LD_2025_0503_SMart-Expo_7230_Sigrun-Sauerzapfe-aka-SIGGI-768x494.jpg 768w, https:\/\/www.salonsmart-aix.com\/wp-content\/uploads\/2025\/11\/LD_2025_0503_SMart-Expo_7230_Sigrun-Sauerzapfe-aka-SIGGI-580x373.jpg 580w, https:\/\/www.salonsmart-aix.com\/wp-content\/uploads\/2025\/11\/LD_2025_0503_SMart-Expo_7230_Sigrun-Sauerzapfe-aka-SIGGI-860x553.jpg 860w, https:\/\/www.salonsmart-aix.com\/wp-content\/uploads\/2025\/11\/LD_2025_0503_SMart-Expo_7230_Sigrun-Sauerzapfe-aka-SIGGI-600x386.jpg 600w\" sizes=\"(max-width: 1000px) 100vw, 1000px\" \/><\/div><div class=\"cmsmasters_owl_slider_item cmsmasters_content_slider_item\"><img loading=\"lazy\" decoding=\"async\" width=\"1000\" height=\"667\" src=\"https:\/\/www.salonsmart-aix.com\/wp-content\/uploads\/2025\/11\/LD_2025_0503_SMart-Expo_8279_Sigrun-Sauerzapfe-aka-SIGGI.jpg\" class=\"attachment-full size-full\" alt=\"\" srcset=\"https:\/\/www.salonsmart-aix.com\/wp-content\/uploads\/2025\/11\/LD_2025_0503_SMart-Expo_8279_Sigrun-Sauerzapfe-aka-SIGGI.jpg 1000w, https:\/\/www.salonsmart-aix.com\/wp-content\/uploads\/2025\/11\/LD_2025_0503_SMart-Expo_8279_Sigrun-Sauerzapfe-aka-SIGGI-300x200.jpg 300w, https:\/\/www.salonsmart-aix.com\/wp-content\/uploads\/2025\/11\/LD_2025_0503_SMart-Expo_8279_Sigrun-Sauerzapfe-aka-SIGGI-768x512.jpg 768w, https:\/\/www.salonsmart-aix.com\/wp-content\/uploads\/2025\/11\/LD_2025_0503_SMart-Expo_8279_Sigrun-Sauerzapfe-aka-SIGGI-860x574.jpg 860w, https:\/\/www.salonsmart-aix.com\/wp-content\/uploads\/2025\/11\/LD_2025_0503_SMart-Expo_8279_Sigrun-Sauerzapfe-aka-SIGGI-580x387.jpg 580w, https:\/\/www.salonsmart-aix.com\/wp-content\/uploads\/2025\/11\/LD_2025_0503_SMart-Expo_8279_Sigrun-Sauerzapfe-aka-SIGGI-600x400.jpg 600w\" sizes=\"(max-width: 1000px) 100vw, 1000px\" \/><\/div><\/div>\n<\/div>\n<\/div><\/div>\n<\/div>\n<\/div>\n<\/div>\n<\/div>\n<\/div>\n<div id=\"cmsmasters_row_4w9892hbf\" class=\"cmsmasters_row cmsmasters_color_scheme_default cmsmasters_row_top_default cmsmasters_row_bot_default cmsmasters_row_fullwidth\">\n<div class=\"cmsmasters_row_outer_parent\">\n<div class=\"cmsmasters_row_outer\">\n<div class=\"cmsmasters_row_inner\">\n<div class=\"cmsmasters_row_margin\">\n<div id=\"cmsmasters_column_fkbkw72xu6\" class=\"cmsmasters_column one_first\">\n<div class=\"cmsmasters_column_inner\"><div id=\"cmsmasters_heading_9na4r25jqo\" class=\"cmsmasters_heading_wrap cmsmasters_heading_align_left\">\n\t<h2 class=\"cmsmasters_heading\">The gallery<\/h2>\n<\/div>\n<\/div><\/div>\n<\/div>\n<\/div>\n<div class=\"cmsmasters_row_inner cmsmasters_row_fullwidth\">\n<div class=\"cmsmasters_row_margin\">\n<div id=\"cmsmasters_column_xdistojhpc\" class=\"cmsmasters_column one_first\">\n<div class=\"cmsmasters_column_inner\"><div class=\"cmsmasters_text\">\n<p>    <style>\n    .exposants-masonry {\n        margin: 0 auto;\n    }\n    .exposant-item {\n\t\twidth:200px;\n        position: relative;\n        cursor: pointer;\n\t\tmargin-bottom:15px;\n\t\t\n    }\n    .exposant-item img {\n        width: 100%;\n        display: block;\n\t\ttransition:all 0.3s;\n    }\n\t.exposant-item:hover img {\n        opacity:0.5;\n    }\n\n\t\n\t.exposant-popup {\n        display: none;\n\t\tflex-direction: column;\n\t\tposition: fixed;\n\t\ttop: 50%;\n\t\tleft: 50%;\n\t\ttransform: translate(-50%, -50%);\n\t\tbackground: #fff;\n\t\tpadding: 0 0 40px 0;\n\t\tz-index: 9999;\n\t\tmax-width: 90%;\n\t\twidth: 90%;\n    }\n\t\n    .exposant-popup h3 {\n        margin-top:0;\n\t\ttext-align: center;\n\t\tfont-size: 30px;\n\t\tpadding: 20px;\n\t\tbackground-color: #8AC0DE;\n    }\n\t\n\t.exposant-popup p {\n\t\tletter-spacing: 0.2px;\n\t\tpadding:0 40px;\n\t\ttext-align: center;\n\t\tline-height: 27px;\n\t}\n\t\n    .popup-overlay {\n        display:none;\n        position:fixed;\n        top:0; left:0;\n        width:100%; height:100%;\n        background: rgba(0,0,0,1);\n        z-index: 9998;\n    }\n\t\n\t.popup-thumbs{\n\t\tdisplay:flex;\n\t\tgap:10px;\n\t\tmargin-top:20px;\n\t\tjustify-content: center;\n\t\t\n\t\t}\n\n\t\t.popup-thumbs img{\n\t\twidth:200px;\n\t\theight:200px;\n\t\tborder:3px solid #8AC0DE;\n\t\tobject-fit:cover;\n\t\tcursor:pointer;\n\t\ttransition:transform .2s;\n\t\t}\n\t\t\n\t\t@media screen and (max-width: 768px) {\n\t\t\t\/* pour les \u00e9crans \u2264 768px, typiquement tablettes et mobiles *\/\n\t\t\t.popup-thumbs img {\n\t\t\t\twidth: 100px;  \/* ou la taille que tu veux *\/\n\t\t\t\theight: 100px; \/* conserve le ratio *\/\n\t\t\t\tmargin: 5px;\n\t\t\t}\n\t\t\t\n\t\t\t.popup-thumbs {\n\t\t\t\tgap: 5px;\n\t\t\t}\n\t\t\t\n\t\t\t.exposant-popup p {\n\t\t\t\tfont-size:17px;\n\t\t\t\tline-height: 23px;\n\t\t\t\tpadding: 0 10px;\n\t\t\t}\n\t\t\t\n\t\t\t.exposant-popup h3 {\n\t\t\t\tmargin-top:0;\n\t\t\t\ttext-align: center;\n\t\t\t\tfont-size: 25px;\n\t\t\t\tpadding: 15px;\n\t\t\t\tbackground-color: #8AC0DE;\n\t\t\t}\n\t\t\t\n\t\t\t.exposant-item {\n\t\t\t\twidth:100px;\n\t\t\t}\n\t\t}\n\n\t\t.popup-thumbs img:hover{\n\t\ttransform:scale(1.05);\n\t\t}\n\t\t\n\t\t.thumb-hidden{\n\t\t\tdisplay:none;\n\t\t}\n\t\t\n\t\t\n\t\t.lightbox-overlay{\n\t\tdisplay:none;\n\t\tposition:fixed;\n\t\ttop:0;\n\t\tleft:0;\n\t\twidth:100%;\n\t\theight:100%;\n\t\tz-index:10000;\n\t\talign-items:center;\n\t\tjustify-content:center;\n\t\t}\n\n\t\t.lightbox-overlay::before{\n\t\tcontent:'';\n\t\tposition:absolute;\n\t\ttop:0;\n\t\tleft:0;\n\t\twidth:100%;\n\t\theight:100%;\n\t\tbackground:rgba(0,0,0,.95);\n\t\tz-index:1;\n\t\t}\n\n\t\t.lightbox-image,\n\t\t.lightbox-close,\n\t\t.lightbox-prev,\n\t\t.lightbox-next{\n\t\tposition:relative; \/* pour \u00eatre au-dessus du ::before *\/\n\t\tz-index:2;\n\t\t}\n\n\t\t.lightbox-image{\n\t\tmax-width:90%;\n\t\tmax-height:90%;\n\t\t}\n\n\t\t.lightbox-close{\n\t\tposition:absolute;\n\t\ttop:30px;\n\t\tright:40px;\n\t\tfont-size:40px;\n\t\tcolor:white;\n\t\tcursor:pointer;\n\t\t}\n\n\t\t.lightbox-prev,\n\t\t.lightbox-next{\n\t\tposition:absolute;\n\t\ttop:50%;\n\t\ttransform:translateY(-50%);\n\t\tfont-size:50px;\n\t\tcolor:white;\n\t\tcursor:pointer;\n\t\tpadding:20px;\n\t\t}\n\n\t\t.lightbox-prev{ left:20px; }\n\t\t.lightbox-next{ right:20px; }\n\t\t\n\t\t.no-scroll {\n\t\t  overflow: hidden;\n\t\t  height: 100%;\n\t\t}\n\t\t\n\t\t.popup-close {\n\t\t\tposition: absolute;\n\t\t\ttop: 20px;\n\t\t\tright: 25px;\n\t\t\tfont-size: 35px;\n\t\t\tfont-weight: bold;\n\t\t\tcolor: black;\n\t\t\tcursor: pointer;\n\t\t\tz-index: 10001; \/* au-dessus de tout *\/\n\t\t\ttransition: color 0.2s;\n\t\t}\n\n\t\t.popup-close:hover {\n\t\t\tcolor: rgb(138,192,222);\n\t\t}\n\t\t\n\t\t\n\t\t.grid-sizer {\n\t\t\twidth: 200px; \/* desktop *\/\n\t\t}\n\n\t\t@media screen and (max-width: 768px) {\n\t\t\t.grid-sizer {\n\t\t\t\twidth: 100px; \/* tablette\/mobile *\/\n\t\t\t}\n\t\t}\n\n    <\/style>\n\n    <div class=\"exposants-masonry\">\n\t<div class=\"grid-sizer\"><\/div> <!-- \u00e9l\u00e9ment invisible pour Masonry -->\n    <div class=\"exposant-item\"\n\tdata-name=\"A2M1XY\"\n\tdata-bio=\"A2M1XY d\u00e9veloppe une approche singuli\u00e8re de la cr\u00e9ation : concevoir des mondes comme des structures complexes, compos\u00e9es d\u2019\u00e9l\u00e9ments interd\u00e9pendants, \u00e9volutifs et coh\u00e9rents. Son travail explore une logique de fragmentation, o\u00f9 r\u00e9cits, r\u00e8gles, sons et images ne sont pas des d\u00e9clinaisons, mais des \u00e9tats d\u2019un m\u00eame ensemble structur\u00e9 . Chaque cr\u00e9ation est pens\u00e9e comme un instantan\u00e9 d\u2019un syst\u00e8me en \u00e9volution.\"\n\tdata-web=\"\"\n\tdata-photo1=\"https:\/\/salonsmart-aix.com\/intranet\/wp-content\/uploads\/2026\/04\/3-4.jpg\"\n\tdata-photo2=\"https:\/\/salonsmart-aix.com\/intranet\/wp-content\/uploads\/2026\/04\/oeuvre.jpg\"\n\tdata-photo3=\"https:\/\/salonsmart-aix.com\/intranet\/wp-content\/uploads\/2026\/04\/photo-output-1024x1000.jpeg\"><img decoding=\"async\" loading=\"lazy\" src=\"https:\/\/salonsmart-aix.com\/intranet\/wp-content\/uploads\/2026\/04\/3-4-300x294.jpg\" alt=\"A2M1XY\"><\/div><div class=\"exposant-item\"\n\tdata-name=\"AES LIGNUM\"\n\tdata-bio=\"Nicolas explore depuis plusieurs ann\u00e9es les dialogues subtils entre bois, m\u00e9tal et r\u00e9sine \u00e9poxy pour concevoir des pi\u00e8ces \u00e0 la fois techniques et raffin\u00e9es. Il s\u2019inspire du kintsugi, art ancestral japonais qui sublime les f\u00ealures en les rehaussant d\u2019or. Pour Nicolas, cette philosophie d\u00e9passe l\u2019esth\u00e9tique : elle r\u00e9sonne comme une m\u00e9taphore de la r\u00e9silience. Sur le bois, il valorise les marques du temps, les n\u0153uds, les cicatrices naturelles, les int\u00e9grant pleinement \u00e0 la narration de l\u2019\u0153uvre, tandis que, dans la r\u00e9sine, il cr\u00e9e des lignes de fracture qu\u2019il vient ensuite souligner de feuilles d\u2019or ou de cuivre. Au-del\u00e0 du mobilier d\u2019exception qu\u2019il fa\u00e7onne, Nicolas d\u00e9tourne ses plateaux pour en faire des pi\u00e8ces murales qui apportent caract\u00e8re et subliment les espaces. Il porte une attention particuli\u00e8re aux d\u00e9tails, aux accidents devenus dessein, une invitation \u00e0 regarder autrement la beaut\u00e9.\"\n\tdata-web=\"https:\/\/aeslignum.com\/\"\n\tdata-photo1=\"https:\/\/salonsmart-aix.com\/intranet\/wp-content\/uploads\/2026\/03\/TABLEAU-3.jpg\"\n\tdata-photo2=\"https:\/\/salonsmart-aix.com\/intranet\/wp-content\/uploads\/2026\/03\/TABLEAU-1-1-768x1024.jpg\"\n\tdata-photo3=\"\"><img decoding=\"async\" loading=\"lazy\" src=\"https:\/\/salonsmart-aix.com\/intranet\/wp-content\/uploads\/2026\/03\/TABLEAU-3-146x300.jpg\" alt=\"AES LIGNUM\"><\/div><div class=\"exposant-item\"\n\tdata-name=\"AL GALLERIES\"\n\tdata-bio=\"AL Galleries a \u00e9t\u00e9 cr\u00e9\u00e9e \u00e0 Londres en 2023.\"\n\tdata-web=\"https:\/\/algalleries.net\/\"\n\tdata-photo1=\"https:\/\/salonsmart-aix.com\/intranet\/wp-content\/uploads\/2026\/03\/on-boit-un-verre-ce-soir-petite-1-AE0M5X00P8Hw85Dn.png\"\n\tdata-photo2=\"https:\/\/salonsmart-aix.com\/intranet\/wp-content\/uploads\/2026\/03\/the-cult-lapis-dWxwe5kNDEsqr2jX-717x1024.jpg\"\n\tdata-photo3=\"https:\/\/salonsmart-aix.com\/intranet\/wp-content\/uploads\/2026\/03\/CHARLOTTE-PERROT-717x1024.jpg\"><img decoding=\"async\" loading=\"lazy\" src=\"https:\/\/salonsmart-aix.com\/intranet\/wp-content\/uploads\/2026\/03\/on-boit-un-verre-ce-soir-petite-1-AE0M5X00P8Hw85Dn-193x300.png\" alt=\"AL GALLERIES\"><\/div><div class=\"exposant-item\"\n\tdata-name=\"ANDREA DIAS\"\n\tdata-bio=\"\"\n\tdata-web=\"\"\n\tdata-photo1=\"\"\n\tdata-photo2=\"\"\n\tdata-photo3=\"\"><img decoding=\"async\" loading=\"lazy\" src=\"\" alt=\"ANDREA DIAS\"><\/div><div class=\"exposant-item\"\n\tdata-name=\"AR GALLERY\"\n\tdata-bio=\"AR Gallery est un lieu d\u00e9di\u00e9 \u00e0 l\u2019art contemporain et urbain qui se trouve \u00e0 Lourmarin dans le Luberon. Historiquement ce joli village a toujours \u00e9tait un \u00e9crin pour l\u2019art et une source d\u2019inspiration pour de nombreux artistes. Id\u00e9alement situ\u00e9e au c\u0153ur du centre historique, AR Gallery vous ouvre ses portes dans un lieu d\u2019exception : chaque exposition invite le visiteur \u00e0 un dialogue direct avec les artistes, une exploration sensible de la cr\u00e9ation actuelle. Engag\u00e9e aupr\u00e8s d\u2019artistes confirm\u00e9s comme de jeunes talents, AR Gallery affirme sa volont\u00e9 de soutenir la diversit\u00e9 et la vitalit\u00e9 de la sc\u00e8ne contemporaine.AR GALLERY pr\u00e9sentera les artistes FRAN\u00c7OIS NO\u00cbL - S\u00d8MA - ERIC DECASTRO\"\n\tdata-web=\"https:\/\/argallery.fr\/\"\n\tdata-photo1=\"https:\/\/salonsmart-aix.com\/intranet\/wp-content\/uploads\/2026\/04\/WhatsApp-Image-2026-04-13-at-13.34.51.jpeg\"\n\tdata-photo2=\"https:\/\/salonsmart-aix.com\/intranet\/wp-content\/uploads\/2026\/04\/WhatsApp-Image-2026-04-13-at-13.39.40-586x1024.jpeg\"\n\tdata-photo3=\"https:\/\/salonsmart-aix.com\/intranet\/wp-content\/uploads\/2026\/04\/WhatsApp-Image-2026-04-13-at-13.42.52-768x1024.jpeg\"><img decoding=\"async\" loading=\"lazy\" src=\"https:\/\/salonsmart-aix.com\/intranet\/wp-content\/uploads\/2026\/04\/WhatsApp-Image-2026-04-13-at-13.34.51-236x300.jpeg\" alt=\"AR GALLERY\"><\/div><div class=\"exposant-item\"\n\tdata-name=\"ARNAUD LALY\"\n\tdata-bio=\"Ayant \u00e9volu\u00e9 dans le milieu du design graphique et de  l\u2019architecture, Arnaud Laly aime s\u2019inspirer de ces domaines pour cr\u00e9er un style graphique unique et un processus de cr\u00e9ation m\u00e9ticuleux.Tels des jeux de construction imagin\u00e9s sur plans, il laisse \u00e0 chacun le temps de s\u2019immerger dans ses peintures, guid\u00e9s par une ligne forte. Signature de son art, cette ligne structure ses cr\u00e9ations. Inspir\u00e9 par ses promenades, ses voyages ou simplement par la beaut\u00e9 discr\u00e8te du quotidien, son travail se nourrit d\u2019\u00e9motions, de sensations et d\u2019exp\u00e9riences personnelles.Grand r\u00eaveur depuis l\u2019enfance, ses peintures invitent \u00e0 l\u2019imagination. On croit voir une forme, puis c\u2019est une autre qui s\u2019en d\u00e9gage. On s\u2019approche puis on recule, \u00e0 chacun d\u2019y voir ce qu\u2019il souhaite. Il aime jouer entre l\u2019abstrait et le figuratif. Attir\u00e9 par des couleurs \u00e0 la fois compl\u00e9mentaires et contrast\u00e9es, le spectateur est invit\u00e9 \u00e0 s\u2019\u00e9garer, presque \u00e0 l\u2019infini, dans un labyrinthe de cr\u00e9ativit\u00e9.\"\n\tdata-web=\"https:\/\/www.arnaudlaly.fr\/\"\n\tdata-photo1=\"https:\/\/salonsmart-aix.com\/intranet\/wp-content\/uploads\/2026\/03\/7-1024x1024.jpg\"\n\tdata-photo2=\"https:\/\/salonsmart-aix.com\/intranet\/wp-content\/uploads\/2026\/04\/IMG_8663-copie-1-898x1024.webp\"\n\tdata-photo3=\"https:\/\/salonsmart-aix.com\/intranet\/wp-content\/uploads\/2026\/03\/5-1024x799.jpg\"><img decoding=\"async\" loading=\"lazy\" src=\"https:\/\/salonsmart-aix.com\/intranet\/wp-content\/uploads\/2026\/03\/7-300x300.jpg\" alt=\"ARNAUD LALY\"><\/div><div class=\"exposant-item\"\n\tdata-name=\"ARNAUD SCHNEIDER\"\n\tdata-bio=\"Aquaculteur, horticulteur, paysagiste de formations, et Passionn\u00e9, depuis mon enfance, par le Patrimoine b\u00e2ti, curieux des techniques ancestrales, et enrichi des t\u00e9moignages et du Savoir-faire des Hommes de terrain.Ma D\u00e9marche Artistique est la suivante : Cr\u00e9er un dialogue entre l\u2019Art et le Patrimoine en m&#039;impr\u00e9gnant d&#039;une muse, d&#039;une Architecture , de l\u2019Histoire, d\u2019une \u0152uvre, d\u2019un Patrimoine V\u00e9g\u00e9tal...bref Vivre le Lieu. Ma m\u00e9thode est simple : Prendre une Courbe qui m&#039;inspire, la retravailler et en faire une Sculpture Contemporaine. Mes \u0152uvres laissent libre court \u00e0 l\u2019Imagination du Promeneur ; elles invitent au R\u00eave et \u00e0 l\u2019Emotion. Mes Sculptures donnent une Nouvelle Dimension au Lieu, interagissent avec le Public ,rassemblent , ou bien m\u00eame, interpellent. Elles parlent \u00e0 tout le Monde, sans avoir besoin de faire de grands discours.Mes Sculptures jouent avec la Lumi\u00e8re et les Pigments Naturels de mes diff\u00e9rentes Patines d&#039;Oxydation.\"\n\tdata-web=\"https:\/\/www.lartaujardin.com\/\"\n\tdata-photo1=\"https:\/\/salonsmart-aix.com\/intranet\/wp-content\/uploads\/2026\/04\/1000048614-768x1024.jpg\"\n\tdata-photo2=\"https:\/\/salonsmart-aix.com\/intranet\/wp-content\/uploads\/2026\/04\/20220430_1747282-EDIT-2-1024x904.jpg\"\n\tdata-photo3=\"https:\/\/salonsmart-aix.com\/intranet\/wp-content\/uploads\/2026\/04\/20240829_195032-1024x768.jpg\"><img decoding=\"async\" loading=\"lazy\" src=\"https:\/\/salonsmart-aix.com\/intranet\/wp-content\/uploads\/2026\/04\/1000048614-225x300.jpg\" alt=\"ARNAUD SCHNEIDER\"><\/div><div class=\"exposant-item\"\n\tdata-name=\"ARPE ONE\"\n\tdata-bio=\"ARPE ONE a d\u00e9couvert le monde du graffiti \u00e0 l\u2019\u00e2ge de 15 ans. C\u2019est aux c\u00f4t\u00e9s d\u2019autres graffeurs qu\u2019il commence \u00e0 s\u2019exprimer librement et sauvagement sur les murs. Taguer, peindre, laisser sa trace partout o\u00f9 son regard se pose devient vite une obsession qui influera profond\u00e9ment le reste de sa vie. Quatre mois avant de passer son baccalaur\u00e9at, ARPE prend la d\u00e9cision d\u2019abandonner les \u00e9tudes et de se consacrer pleinement \u00e0 la peinture, passant de la rue \u00e0 la toile. Habitu\u00e9 aux murs et \u00e0 la mont\u00e9e d\u2019adr\u00e9naline, la transition est difficile. Il transforme sa chambre en atelier et exp\u00e9rimente diff\u00e9rents styles et mat\u00e9riaux tout en conservant les \u00e9l\u00e9ments fondamentaux du graffiti. Ces multiples s\u00e9ries attirent rapidement l\u2019attention des professionnels de la sc\u00e8ne aixoise.En 2019, il participe \u00e0 plusieurs salons d\u2019art et \u00e0 22 ans, il s\u00e9duit sa premi\u00e8re galerie \u00e0 Paris. Son style \u00e9volue, notamment avec l\u2019utilisation de pochoirs qu\u2019il fabrique lui-m\u00eame et qu\u2019il applique sur des fonds color\u00e9s avec des lettrages graffitis. Instinctivement, il choisit le th\u00e8me de l\u2019enfance. Ses silhouettes enfantines d\u00e9livrent des messages qui r\u00e9sonnent en lui comme les symboles d\u2019un d\u00e9sir de retour \u00e0 l\u2019innocence..\"\n\tdata-web=\"https:\/\/www.instagram.com\/arpeoner\/\"\n\tdata-photo1=\"https:\/\/salonsmart-aix.com\/intranet\/wp-content\/uploads\/2026\/03\/catalogue-1.jpg\"\n\tdata-photo2=\"https:\/\/salonsmart-aix.com\/intranet\/wp-content\/uploads\/2026\/03\/CATALOGUE-2-683x1024.jpg\"\n\tdata-photo3=\"\"><img decoding=\"async\" loading=\"lazy\" src=\"https:\/\/salonsmart-aix.com\/intranet\/wp-content\/uploads\/2026\/03\/catalogue-1-300x285.jpg\" alt=\"ARPE ONE\"><\/div><div class=\"exposant-item\"\n\tdata-name=\"ART &amp; DESIGN\"\n\tdata-bio=\"Pour sa premi\u00e8re participation, la Galerie Art &amp; Design rejoint  la 20\u1d49 \u00e9dition du Sm\u2019art Life d\u2019Aix-en-Provence, s\u2019inscrivant dans une c\u00e9l\u00e9bration d\u2019exception d\u00e9di\u00e9e \u00e0 la cr\u00e9ation contemporaine.Art &amp; Design d\u00e9voilera une s\u00e9lection d\u2019artistes \u00e9clectique, allant de la peinture \u00e0 la sculpture, sans oublier la photographie, qui revient en force dans nos salons.Plus qu\u2019une simple galerie, Art &amp; Design est \u00e9galement un magazine international bilingue d\u00e9di\u00e9 \u00e0 la diffusion de l\u2019art contemporain, ainsi qu\u2019un acteur engag\u00e9 \u00e0 travers ses expositions \u00abArt Show \u00bb.\"\n\tdata-web=\"https:\/\/artetdesigngroup.my.canva.site\/\"\n\tdata-photo1=\"https:\/\/salonsmart-aix.com\/intranet\/wp-content\/uploads\/2026\/04\/Sans-titre-1-1024x1024.png\"\n\tdata-photo2=\"https:\/\/salonsmart-aix.com\/intranet\/wp-content\/uploads\/2026\/04\/f41c1f3b-f951-4644-8de9-78e87a5f9f84-1024x682.jpg\"\n\tdata-photo3=\"https:\/\/salonsmart-aix.com\/intranet\/wp-content\/uploads\/2026\/04\/ART-ET-DESIGN-GALERIE-1024x427.jpg\"><img decoding=\"async\" loading=\"lazy\" src=\"https:\/\/salonsmart-aix.com\/intranet\/wp-content\/uploads\/2026\/04\/Sans-titre-1-300x300.png\" alt=\"ART &amp; DESIGN\"><\/div><div class=\"exposant-item\"\n\tdata-name=\"ART ATTACK GALERIE\"\n\tdata-bio=\"Bas\u00e9e \u00e0 Menton, ART ATTACK GALERIE est bien plus qu&#039;une galerie d&#039;art... Hugo et Fabien, ses 2 cr\u00e9ateurs, forment avec les artistes repr\u00e9sent\u00e9s une v\u00e9ritable famille itin\u00e9rante, de la french riviera aux m\u00e9galopoles chinoises, en passant par les capitales europ\u00e9ennes et autres places fortes du march\u00e9 de l&#039;art contemporain...ART ATTACK GALERIE pr\u00e9sente sur le Sm&#039;art Life 2026  A\u00cfSSA JOUD - THIERRY CLAMENS - MARIE KVK - ANTOINE GRAFF\"\n\tdata-web=\"https:\/\/www.artattackgalerie.fr\/\"\n\tdata-photo1=\"https:\/\/salonsmart-aix.com\/intranet\/wp-content\/uploads\/2026\/03\/PHOTO-1024x979.jpeg\"\n\tdata-photo2=\"https:\/\/salonsmart-aix.com\/intranet\/wp-content\/uploads\/2026\/03\/AISSA-JOUD-PHOTO-1024x657.jpeg\"\n\tdata-photo3=\"https:\/\/salonsmart-aix.com\/intranet\/wp-content\/uploads\/2026\/03\/la-joconde-cadre.jpg\"><img decoding=\"async\" loading=\"lazy\" src=\"https:\/\/salonsmart-aix.com\/intranet\/wp-content\/uploads\/2026\/03\/PHOTO-300x287.jpeg\" alt=\"ART ATTACK GALERIE\"><\/div><div class=\"exposant-item\"\n\tdata-name=\"ART FIVE Gallery\"\n\tdata-bio=\"ART FIVE Gallery a \u00e9t\u00e9 cr\u00e9\u00e9e voici plus de 15 ans par Christophe RIOLI, un ex-financier passionn\u00e9 d\u2019art, collectionneur et militant de la reconnaissance du mouvement urbain de la premi\u00e8re heure. Initialement acteur historique de l\u2019art urbain, la galerie met \u00e9galement en avant depuis 5 ans maintenant plusieurs artistes contemporains issus du continent asiatique (Chine, Cor\u00e9e du Sud, Japon).Notre activit\u00e9 est double\u00a0:GALERIE D\u2019ART\u00a0: soutenant un ensemble d\u2019artistes internationaux et d\u2019artistes \u00e9mergents. Nous sommes sp\u00e9cialiste du leasing d\u2019\u0153uvres d\u2019art puisque nous avons \u00e9t\u00e9 les premiers \u00e0 le proposer en France d\u00e8s 2010.\u00a0AGENCE D&#039;ING\u00c9NIERIE CULTURELLE\u00a0: r\u00e9alisant pour les institutionnels (villes, centre d\u2019art, r\u00e9gions etc) des festivals d\u2019art urbain, biennales d&#039;art contemporain, fresques monumentales in situ et manifestations artistiques dans l\u2019espace public.ART FIVE GALLERY pr\u00e9sentera au SM&#039;ART LIFE les artistes INSANE51 -\u00a0SPEEDY GRAPHITO\u00a0 et PHILIPPE ECHAROUX.\"\n\tdata-web=\"https:\/\/artfive.fr\/\"\n\tdata-photo1=\"https:\/\/salonsmart-aix.com\/intranet\/wp-content\/uploads\/2026\/03\/SPEEDY-GRAPHITO_Mysterious-Lover-oeuvre-unique-100-x-70-cm-700x1024.png\"\n\tdata-photo2=\"https:\/\/salonsmart-aix.com\/intranet\/wp-content\/uploads\/2026\/03\/ECHAROUX_BaaaaaOBab-Madagascar-Oeuvre-unique-120x90-1-868x1024.png\"\n\tdata-photo3=\"https:\/\/salonsmart-aix.com\/intranet\/wp-content\/uploads\/2026\/04\/Plumes-1024x1024.jpeg\"><img decoding=\"async\" loading=\"lazy\" src=\"https:\/\/salonsmart-aix.com\/intranet\/wp-content\/uploads\/2026\/03\/SPEEDY-GRAPHITO_Mysterious-Lover-oeuvre-unique-100-x-70-cm-205x300.png\" alt=\"ART FIVE Gallery\"><\/div><div class=\"exposant-item\"\n\tdata-name=\"ART THEMA GALLERY\"\n\tdata-bio=\"Fond\u00e9e il y a plus de quarante ans \u00e0 Bruxelles, Art Thema s\u2019est construite autour d\u2019un regard exigeant et sensible sur la cr\u00e9ation contemporaine, avec une affinit\u00e9 particuli\u00e8re pour la sculpture, et plus sp\u00e9cifiquement pour le bronze. D\u00e8s ses origines, Art Thema r\u00e9v\u00e8le des \u0153uvres o\u00f9 se conjuguent ma\u00eetrise technique, profondeur et \u00e9criture artistique singuli\u00e8re. Apr\u00e8s avoir dirig\u00e9 pendant de nombreuses ann\u00e9es un espace de plus de 1000 m\u00b2 \u00e0 Bruxelles, la galerie a aujourd\u2019hui fait \u00e9voluer son mod\u00e8le vers une pr\u00e9sence plus nomade et \u00e9v\u00e9nementielle. D\u00e9sormais bas\u00e9e dans le Sud de la France, \u00e0 Carry-le-Rouet, Art Thema privil\u00e9gie les salons d\u2019art, les expositions hors les murs et les rendez-vous sur mesure.Art Thema d\u00e9veloppe \u00e9galement des collaborations avec des institutions, des entreprises et des collectionneurs priv\u00e9s, investissant ponctuellement des lieux d\u2019exception afin de cr\u00e9er des rencontres singuli\u00e8res entre les \u0153uvres, les artistes et les amateurs d\u2019art.\"\n\tdata-web=\"https:\/\/www.artthema.com\/\"\n\tdata-photo1=\"https:\/\/salonsmart-aix.com\/intranet\/wp-content\/uploads\/2026\/03\/primavera-isabel-miramontes-sculpture-bronze-art-thema-web-683x1024.jpeg\"\n\tdata-photo2=\"https:\/\/salonsmart-aix.com\/intranet\/wp-content\/uploads\/2026\/03\/la-jongleuse-beatrice-cols-art-thema-sculpture-bronze-web-682x1024.jpeg\"\n\tdata-photo3=\"https:\/\/salonsmart-aix.com\/intranet\/wp-content\/uploads\/2026\/03\/ours-jonglant-avec-ses-poissons-verger-art-thema-1.jpeg\"><img decoding=\"async\" loading=\"lazy\" src=\"https:\/\/salonsmart-aix.com\/intranet\/wp-content\/uploads\/2026\/03\/primavera-isabel-miramontes-sculpture-bronze-art-thema-web-200x300.jpeg\" alt=\"ART THEMA GALLERY\"><\/div><div class=\"exposant-item\"\n\tdata-name=\"ATELIER DE LA BOISERIE\"\n\tdata-bio=\"L\u2019Atelier est pour nous le c\u0153ur de l\u2019entreprise. Les ouvrages y sont r\u00e9alis\u00e9s en son sein, le savoir y progresse et sa transmission s\u2019y perp\u00e9tue. Quant aux techniques, elles sont partag\u00e9es ou questionn\u00e9es sous le joug de la tradition et de l\u2019innovation. En outre, les compagnons que nous employons y d\u00e9ploient l\u2019\u00e9ventail de leurs connaissances, en les mettant au service de notre client\u00e8le.Que ce soit \u00e0 Paris ou \u00e0 Gargas, nous employons des techniques \u00e0 la fois traditionnelles et \u00e0 la pointe de la technologie. Ainsi, pendant que certains de nos compagnons seront en train de travailler \u00e0 la restauration de lambris en cherchant \u00e0 reproduire les teintes d\u2019origines sans que cela ne puisse se remarquer, d\u2019autres seront en charge des machines \u00e0 commande num\u00e9rique utilis\u00e9es sur des ouvrages aux formes les plus complexes.\"\n\tdata-web=\"https:\/\/www.atelierdelaboiserie.fr\/\"\n\tdata-photo1=\"https:\/\/salonsmart-aix.com\/intranet\/wp-content\/uploads\/2026\/04\/1-5.jpg\"\n\tdata-photo2=\"https:\/\/salonsmart-aix.com\/intranet\/wp-content\/uploads\/2026\/04\/Capture-decran-2026-04-16-181120.jpg\"\n\tdata-photo3=\"https:\/\/salonsmart-aix.com\/intranet\/wp-content\/uploads\/2026\/04\/Capture-decran-2026-04-29-070507.jpg\"><img decoding=\"async\" loading=\"lazy\" src=\"https:\/\/salonsmart-aix.com\/intranet\/wp-content\/uploads\/2026\/04\/1-5-300x276.jpg\" alt=\"ATELIER DE LA BOISERIE\"><\/div><div class=\"exposant-item\"\n\tdata-name=\"BERNARD GALERA\"\n\tdata-bio=\"\"\n\tdata-web=\"\"\n\tdata-photo1=\"\"\n\tdata-photo2=\"\"\n\tdata-photo3=\"\"><img decoding=\"async\" loading=\"lazy\" src=\"\" alt=\"BERNARD GALERA\"><\/div><div class=\"exposant-item\"\n\tdata-name=\"BUENO HOME GALLERY\"\n\tdata-bio=\"BHG \u2013 Bueno Home Gallery \u2013 est une maison galerie fond\u00e9e en 2003 \u00e0 N\u00eemes par C\u00e9cile et G\u00e9rald Bueno, un couple de passionn\u00e9s qui consacrent leur vie \u00e0 l\u2019Art depuis plus de 20 ans.Install\u00e9e dans une maison d\u2019architecte des ann\u00e9es 60, BHG propose une exp\u00e9rience unique\u00a0: d\u00e9couvrir l\u2019Art contemporain dans un cadre de vie authentique, o\u00f9 l\u2019intime et le pr\u00e9cieux se rencontrent.La maison galerie est un espace chaleureux, propice \u00e0 l\u2019\u00e9change et \u00e0 la d\u00e9couverte, sur rendez-vous ou lors d\u2019\u00e9v\u00e8nements, vernissages et brunchs r\u00e9guli\u00e8rement organis\u00e9s.BUENO HOME GALLERY pr\u00e9sente sur le Sm&#039;art Life les artistes HUGUES AMBLARD - LAURENT ARPINON -  DAVID PELAT\"\n\tdata-web=\"https:\/\/bueno-art.com\/\"\n\tdata-photo1=\"https:\/\/salonsmart-aix.com\/intranet\/wp-content\/uploads\/2026\/04\/HUGES-AMBLARD-1.jpg\"\n\tdata-photo2=\"https:\/\/salonsmart-aix.com\/intranet\/wp-content\/uploads\/2026\/04\/DAVID-PELAT.jpg\"\n\tdata-photo3=\"https:\/\/salonsmart-aix.com\/intranet\/wp-content\/uploads\/2026\/04\/LAURENT-ARPINON.jpg\"><img decoding=\"async\" loading=\"lazy\" src=\"https:\/\/salonsmart-aix.com\/intranet\/wp-content\/uploads\/2026\/04\/HUGES-AMBLARD-1-217x300.jpg\" alt=\"BUENO HOME GALLERY\"><\/div><div class=\"exposant-item\"\n\tdata-name=\"C.SONIA\"\n\tdata-bio=\"Sonia Chr\u00e9tien, est une artiste peintre autodidacte qui s\u2019exprime \u00e0 travers l\u2019art abstrait. Passionn\u00e9e par les couleurs et leur pouvoir \u00e9vocateur, elle explore la mati\u00e8re, les contrastes et les harmonies color\u00e9es de ses \u0153uvres. Travaillant essentiellement sur toile, elle laisse libre cours \u00e0 son intuition, cr\u00e9ant sans croquis pr\u00e9liminaires. Chez elle, tout commence par la couleur : c\u2019est l\u2019\u00e9quilibre chromatique qui guide chacun de ses gestes et structure ses compositions. Sonia int\u00e8gre \u00e9galement l\u2019upcycling dans son travail. Elle donne une nouvelle vie \u00e0 des mat\u00e9riaux tels que des f\u00fbts m\u00e9talliques et autres supports, qu\u2019elle transforme en objets d\u2019art uniques. Cette pratique refl\u00e8te son d\u00e9sir de lier esth\u00e9tisme et conscience \u00e9cologique. Ses cr\u00e9ations, empreintes de spontan\u00e9it\u00e9 et de sensibilit\u00e9 captivent par leur \u00e9nergie vibrante et leur texture riche. Sonia invite le spectateur \u00e0 se perdre dans un univers o\u00f9 la couleur devient langage.\"\n\tdata-web=\"https:\/\/www.csonia.fr\/\"\n\tdata-photo1=\"https:\/\/salonsmart-aix.com\/intranet\/wp-content\/uploads\/2026\/03\/Sonia-Chretien-3-1024x1024.jpg\"\n\tdata-photo2=\"https:\/\/salonsmart-aix.com\/intranet\/wp-content\/uploads\/2026\/03\/Photoroom_20260211_194808-576x1024.png\"\n\tdata-photo3=\"https:\/\/salonsmart-aix.com\/intranet\/wp-content\/uploads\/2026\/03\/Photoroom_20260205_162013-576x1024.jpg\"><img decoding=\"async\" loading=\"lazy\" src=\"https:\/\/salonsmart-aix.com\/intranet\/wp-content\/uploads\/2026\/03\/Sonia-Chretien-3-300x300.jpg\" alt=\"C.SONIA\"><\/div><div class=\"exposant-item\"\n\tdata-name=\"CC.GALERIES\"\n\tdata-bio=\"CC.GALERIES  Fond\u00e9e par C\u00e9cile Chiorino, cette aventure s\u2019inscrit dans une histoire personnelle profond\u00e9ment li\u00e9e \u00e0 la d\u00e9couverte artistique, transmise d\u00e8s l\u2019enfance \u00e0 travers les galeries, ateliers et mus\u00e9es, en France comme \u00e0 l\u2019international. Cette passion prend forme en 2016 avec l\u2019ouverture d\u2019une premi\u00e8re galerie \u00e0 Aigues-Mortes.  Puis, en 2020, l\u2019ouverture d\u2019un jardin de sculptures marque un tournant : l\u2019art s\u2019invite \u00e0 l\u2019ext\u00e9rieur\u00a0. Cette dynamique se renforce en 2021 avec l\u2019arriv\u00e9e de Coralie et l\u2019ouverture d\u2019une seconde galerie \u00e0 L\u2019Isle-sur-la-Sorgue.CC GALERIES pr\u00e9sente sur le Sm\u2019art Life 2026 YANN PERRIER \u2013 DANIEL CASTAN - OLIVIER BERTRAND \u2013 YANN VICENTE \u2013 BEATRICE TERRA\"\n\tdata-web=\"https:\/\/www.ccgaleries.fr\/\"\n\tdata-photo1=\"https:\/\/salonsmart-aix.com\/intranet\/wp-content\/uploads\/2026\/03\/castan.jpg\"\n\tdata-photo2=\"https:\/\/salonsmart-aix.com\/intranet\/wp-content\/uploads\/2026\/03\/image_eclaircie_2.jpg\"\n\tdata-photo3=\"https:\/\/salonsmart-aix.com\/intranet\/wp-content\/uploads\/2026\/03\/olivier-bertrand.jpg\"><img decoding=\"async\" loading=\"lazy\" src=\"https:\/\/salonsmart-aix.com\/intranet\/wp-content\/uploads\/2026\/03\/castan.jpg\" alt=\"CC.GALERIES\"><\/div><div class=\"exposant-item\"\n\tdata-name=\"CHRISTIAN DUBREUIL\"\n\tdata-bio=\"Christian Dubreuil est un artiste plasticien fran\u00e7ais dont le travail explore l\u2019expression brute des \u00e9motions \u00e0 travers la figure et le geste.Sa pratique picturale se d\u00e9veloppe de mani\u00e8re instinctive, guid\u00e9e par la recherche d\u2019un langage visuel capable de traduire tensions int\u00e9rieures et mouvements psychologiques. \u00c0 la fronti\u00e8re entre figuration et abstraction, il construit un univers marqu\u00e9 par des visages alt\u00e9r\u00e9s, des lignes vibrantes et des contrastes chromatiques puissants.Ses \u0153uvres donnent \u00e0 voir une \u00e9nergie nerveuse o\u00f9 le trait devient respiration et la couleur, pulsation. La mati\u00e8re y joue un r\u00f4le central : superpositions, traces et accidents participent pleinement \u00e0 l\u2019intensit\u00e9 expressive de chaque composition.Il poursuit aujourd\u2019hui une recherche centr\u00e9e sur la d\u00e9formation expressive et la vibration du geste, affirmant progressivement une identit\u00e9 artistique singuli\u00e8re.\"\n\tdata-web=\"https:\/\/www.instagram.com\/dubreuil_christian\/\"\n\tdata-photo1=\"https:\/\/salonsmart-aix.com\/intranet\/wp-content\/uploads\/2026\/03\/IMG_1963-850x1024.jpeg\"\n\tdata-photo2=\"https:\/\/salonsmart-aix.com\/intranet\/wp-content\/uploads\/2026\/03\/IMG_2289-737x1024.jpeg\"\n\tdata-photo3=\"https:\/\/salonsmart-aix.com\/intranet\/wp-content\/uploads\/2026\/03\/IMG_1960-790x1024.jpeg\"><img decoding=\"async\" loading=\"lazy\" src=\"https:\/\/salonsmart-aix.com\/intranet\/wp-content\/uploads\/2026\/03\/IMG_1963-249x300.jpeg\" alt=\"CHRISTIAN DUBREUIL\"><\/div><div class=\"exposant-item\"\n\tdata-name=\"CITADELLES ET MAZENOD\"\n\tdata-bio=\"Citadelles &amp; Mazenod, 80 ans d\u2019\u00e9dition ! Leader du livre d\u2019art.Cr\u00e9\u00e9es en 1936, les \u00e9ditions Citadelles &amp; Mazenod demeurent l\u2019une des r\u00e9f\u00e9rences incontournables enhistoire de l\u2019art. La maison d\u2019\u00e9dition continue depuis, avec le m\u00eame souci de qualit\u00e9 et d\u2019exigence, \u00e0 publier un nombrerelativement restreint de livres, environ une vingtaine par an, dont chacun doit faire date dans le monde del\u2019\u00e9dition et de l\u2019histoire de l\u2019art. Avec des collections iconiques comme \u00abl\u2019art et lesgrandes civilisations\u00bb, les \u00abphares\u00bb ou encore \u00ables anthologies illustr\u00e9es\u00bb, les \u00e9ditions Citadelles &amp; Mazenod invitent le lecteur \u00e0 voyager dans l\u2019histoire de l\u2019art avec une iconographie toujours plus recherch\u00e9e etune qualit\u00e9 de reproduction toujours plus aboutie.\"\n\tdata-web=\"https:\/\/citadelles-mazenod.com\/\"\n\tdata-photo1=\"https:\/\/salonsmart-aix.com\/intranet\/wp-content\/uploads\/2026\/03\/Capture-decran-2026-02-22-082537.jpg\"\n\tdata-photo2=\"\"\n\tdata-photo3=\"\"><img decoding=\"async\" loading=\"lazy\" src=\"https:\/\/salonsmart-aix.com\/intranet\/wp-content\/uploads\/2026\/03\/Capture-decran-2026-02-22-082537-255x300.jpg\" alt=\"CITADELLES ET MAZENOD\"><\/div><div class=\"exposant-item\"\n\tdata-name=\"CLARA TISSOT\"\n\tdata-bio=\"Artiste autodidacte n\u00e9e en 1993 \u00e0 Paris, Clara Tissot grandit tout pr\u00e8s de l&#039;ancien atelier de Paul C\u00e9zanne. Entour\u00e9e de grandes peintures et de sculptures mobiles, son enfance est aventureusement berc\u00e9e par le rythme des expositions et des collections de haute-couture. Ces ann\u00e9es de d\u00e9couvertes \u00e9veillent sa sensibilit\u00e9 et son regard. Son identit\u00e9 visuelle s\u2019est formul\u00e9e en alliant les deux passions de ses parents : la peinture et le bijou. Elle applique diff\u00e9rentes techniques inspir\u00e9es \u00e0 la fois de la mosa\u00efque, de la broderie et des enluminures. Ses \u0153uvres picturales sont constitu\u00e9es de pierres semi pr\u00e9cieuses, p\u00e2tes de verre, cristaux Swarovski, mosa\u00efques, perles fantaisies, \u00e9l\u00e9ments Haute couture des ann\u00e9es 1990. Cela donne lieu \u00e0 des \u0153uvres picturales uniques, vivantes, mariant le noble et le pr\u00e9cieux pour donner de l\u2019\u00e9clat et du relief \u00e0 chacune de ses \u0153uvres r\u00e9alis\u00e9es.\"\n\tdata-web=\"https:\/\/www.clara-tissot.com\/\"\n\tdata-photo1=\"https:\/\/salonsmart-aix.com\/intranet\/wp-content\/uploads\/2026\/04\/IMG_1190-1-768x1024.jpeg\"\n\tdata-photo2=\"https:\/\/salonsmart-aix.com\/intranet\/wp-content\/uploads\/2026\/04\/IMG_1169-768x1024.jpeg\"\n\tdata-photo3=\"https:\/\/salonsmart-aix.com\/intranet\/wp-content\/uploads\/2026\/04\/IMG_0859-734x1024.jpeg\"><img decoding=\"async\" loading=\"lazy\" src=\"https:\/\/salonsmart-aix.com\/intranet\/wp-content\/uploads\/2026\/04\/IMG_1190-1-225x300.jpeg\" alt=\"CLARA TISSOT\"><\/div><div class=\"exposant-item\"\n\tdata-name=\"CLASSIC LEGEND MOTORS\"\n\tdata-bio=\"D\u00e8s les ann\u00e9es 1950, Hollywood, s\u2019empare du mythe du \u00ab rider \u00bb, rebelle et exalt\u00e9, et de son code vestimentaire : le blouson de cuir noir. De Marlon Brando et Lee Marvin dans L\u2019\u00c9quip\u00e9e Sauvage, \u00e0 Peter Fonda et Dennis Hooper dans l\u2019inoubliable Easy Rider, sans oublier Clint Eastwood, Mickey Rourke\u2026 on ne compte plus les stars du 7e Art \u00e0 avoir enfil\u00e9 le costume du motard \u2013 et transcend\u00e9 la vie qui va avec ! Figure intemporelle du XXe si\u00e8cle, ivre de libert\u00e9, avide de grands espaces et parfois redresseur de torts, le motard n\u2019en finit pas de fasciner les amateurs du genre. Un v\u00e9ritable art de vivre que Classic Legend Motors vous permet de red\u00e9couvrir au travers de sa ligne de v\u00eatements sp\u00e9cifiques d\u00e9di\u00e9e \u00e0 tous les passionn\u00e9s, mariant le design d\u2019hier aux exigences de s\u00e9curit\u00e9 actuelles\u2026 Apr\u00e8s avoir exploit\u00e9 les marques \u00ab Mac Douglas, Avirex, Bombers, Norton \u00bb, et fait l\u2019acquisition de la marque Segura 70 dans les ann\u00e9es 2000, Jean-Pierre Dumay transforme les plus belles peaux, revisite les formes avec une parfaite ma\u00eetrise du m\u00e9tier pour offrir des collections \u00e0 la fois modernes et intemporelles. Mais Jean-Pierre est un homme de projets et d\u2019id\u00e9es, qui vit dans son \u00e9poque, \u00e0 100 \u00e0 l\u2019heure. Passionn\u00e9 de mode, de vitesse, de cuir, la suite semblait in\u00e9luctable : explorer les territoires m\u00e9caniques.\"\n\tdata-web=\"https:\/\/www.classiclegendmotors.com\/\"\n\tdata-photo1=\"https:\/\/salonsmart-aix.com\/intranet\/wp-content\/uploads\/2026\/03\/A75I7235-1024x542.jpg\"\n\tdata-photo2=\"https:\/\/salonsmart-aix.com\/intranet\/wp-content\/uploads\/2026\/03\/A28I1519-1-683x1024.jpg\"\n\tdata-photo3=\"https:\/\/salonsmart-aix.com\/intranet\/wp-content\/uploads\/2026\/03\/A75I7690-683x1024.jpg\"><img decoding=\"async\" loading=\"lazy\" src=\"https:\/\/salonsmart-aix.com\/intranet\/wp-content\/uploads\/2026\/03\/A75I7235-300x159.jpg\" alt=\"CLASSIC LEGEND MOTORS\"><\/div><div class=\"exposant-item\"\n\tdata-name=\"CLAUDE BAUMAS\"\n\tdata-bio=\"Claude Baumas propose des \u0153uvres vibrantes et color\u00e9es o\u00f9 se croisent Pop Art, r\u00e9alisme et figuration narrative.Elle explore la nature humaine avec des touches d\u2019extravagance et d\u2019humour, ainsi qu\u2019avec une \u00e9motion et une libert\u00e9 de ton tr\u00e8s personnelles.Sa d\u00e9marche artistique se nourrit de sa curiosit\u00e9 in\u00e9puisable, de ses voyages, et du regard qu\u2019elle porte sur le monde actuel et sur le pass\u00e9 ; cette dynamique se traduit par la r\u00e9alisation de diff\u00e9rentes s\u00e9ries qui continuent de s\u2019\u00e9toffer. Ses compositions, riches et g\u00e9n\u00e9reuses, allient \u00e9critures, r\u00e9f\u00e9rences diverses et  motifs r\u00e9currents, offrant un v\u00e9ritable terrain de jeu visuel au spectateur. Elle y m\u00eale diff\u00e9rents styles picturaux et m\u00e9diums, au gr\u00e9 de ses envies et des effets recherch\u00e9s, ce qui vient naturellement nourrir le r\u00e9cit de l\u2019\u0153uvre. Son travail s\u2019articule autour de l\u2019huile, de l\u2019acrylique et des marqueurs, auxquels s\u2019ajoutent la feuille d\u2019or et diverses inclusions qui viennent sculpter la mati\u00e8re.\"\n\tdata-web=\"http:\/\/www.claudebaumas.com\"\n\tdata-photo1=\"https:\/\/salonsmart-aix.com\/intranet\/wp-content\/uploads\/2026\/03\/Matin-Nicois-3000PX-784x1024.jpg\"\n\tdata-photo2=\"https:\/\/salonsmart-aix.com\/intranet\/wp-content\/uploads\/2026\/03\/the-guardian-of-Laamu-3500px-841x1024.jpg\"\n\tdata-photo3=\"https:\/\/salonsmart-aix.com\/intranet\/wp-content\/uploads\/2026\/03\/jimi-3500px-1024x1024.jpg\"><img decoding=\"async\" loading=\"lazy\" src=\"https:\/\/salonsmart-aix.com\/intranet\/wp-content\/uploads\/2026\/03\/Matin-Nicois-3000PX-230x300.jpg\" alt=\"CLAUDE BAUMAS\"><\/div><div class=\"exposant-item\"\n\tdata-name=\"CL\u00c9MENCE CARUANA\"\n\tdata-bio=\"Peintre toulousaine professionnelle depuis 13 ans, je r\u00e9alise mes tableaux \u00e0 la peinture acrylique sur toiles de lin. Par le jeu des textures et des contrastes, mes regards, f\u00e9lins et humains, se m\u00ealent \u00e0 une structure tr\u00e8s graphique et moderne. En qu\u00eate constante de lumi\u00e8re, le Clair-obscur s&#039;est impos\u00e9 \u00e0 moi comme un langage essentiel. Rester dans la suggestion, laisser vivre l\u2019obscurit\u00e9...Fragile \u00e9quilibre entre l&#039;Ombre et la Lumi\u00e8re ; c\u2019est dans ce dialogue entre le vide et le plein, que mes \u0153uvres puisent leur essence.\"\n\tdata-web=\"https:\/\/clemence-caruana.com\/\"\n\tdata-photo1=\"https:\/\/salonsmart-aix.com\/intranet\/wp-content\/uploads\/2026\/03\/2026-02-14-Traces-felines-100x81cm-822x1024.jpg\"\n\tdata-photo2=\"https:\/\/salonsmart-aix.com\/intranet\/wp-content\/uploads\/2026\/03\/2025-01-Intime-Evidence-92x73cm-810x1024.jpg\"\n\tdata-photo3=\"https:\/\/salonsmart-aix.com\/intranet\/wp-content\/uploads\/2026\/03\/2025-01-Heritage-bleu-92x73cm-805x1024.jpg\"><img decoding=\"async\" loading=\"lazy\" src=\"https:\/\/salonsmart-aix.com\/intranet\/wp-content\/uploads\/2026\/03\/2026-02-14-Traces-felines-100x81cm-241x300.jpg\" alt=\"CL\u00c9MENCE CARUANA\"><\/div><div class=\"exposant-item\"\n\tdata-name=\"DAVID DRIOTON\"\n\tdata-bio=\"Une explosion vibrante de couleurs et d\u2019\u00e9nergie, o\u00f9 la technique mixte et l\u2019esprit Pop Art fusionnent pour cr\u00e9er une \u0153uvre \u00e9clatante.\"\n\tdata-web=\"https:\/\/www.tiktok.com\/@david.drioton\"\n\tdata-photo1=\"https:\/\/salonsmart-aix.com\/intranet\/wp-content\/uploads\/2026\/03\/101-1024x1024.jpg\"\n\tdata-photo2=\"https:\/\/salonsmart-aix.com\/intranet\/wp-content\/uploads\/2026\/03\/96-1024x1024.jpg\"\n\tdata-photo3=\"\"><img decoding=\"async\" loading=\"lazy\" src=\"https:\/\/salonsmart-aix.com\/intranet\/wp-content\/uploads\/2026\/03\/101-300x300.jpg\" alt=\"DAVID DRIOTON\"><\/div><div class=\"exposant-item\"\n\tdata-name=\"DAVID LAW\"\n\tdata-bio=\"Artiste photographe pluridisciplinaire, auteur et musicien, David Law d\u00e9veloppe une \u0153uvre centr\u00e9e sur le regard, la pr\u00e9sence et la perception de l\u2019image dans l\u2019espace urbain. R\u00e9v\u00e9l\u00e9 par une s\u00e9rie sur les mannequins de vitrine, ayant donn\u00e9 lieu \u00e0 un livre d\u2019art publi\u00e9 en 2021, il poursuit sa recherche en mettant en sc\u00e8ne poup\u00e9es et figurines dans les rues europ\u00e9ennes, questionnant l\u2019illusion et la projection.Depuis 2022, il cr\u00e9e des photomosa\u00efques contemporaines, compositions num\u00e9riques \u00e9labor\u00e9es \u00e0 partir de milliers de microfragments visuels, explorant la tension entre fragmentation et unit\u00e9.Il expose depuis 2014 dans une vingtaine de salons d\u2019art contemporain par an en France et en Europe. Ses \u0153uvres sont propos\u00e9es en \u00e9ditions limit\u00e9es, r\u00e9alis\u00e9es sur aluminium, sign\u00e9es et accompagn\u00e9es d\u2019un certificat d\u2019authenticit\u00e9.Parall\u00e8lement \u00e0 sa production artistique, David Law met son expertise au service du monde de l\u2019art en tant que photographe et\/ou vid\u00e9aste attitr\u00e9 d\u2019organisateurs de salons d\u2019art contemporain. Il r\u00e9alise reportages, captations d\u2019\u00e9v\u00e9nements, portraits d\u2019artistes et contenus visuels professionnels, contribuant \u00e0 la valorisation des exposants et des manifestations culturelles.En parall\u00e8le, il m\u00e8ne un travail d\u2019auteur (3 romans, 1 recueil de nouvelles, 1 bande dessin\u00e9e, 1 livre photo) et de musicien (5 CD autoproduits). Chanteur-guitariste, il se produit actuellement avec le groupe FRENZY.\"\n\tdata-web=\"http:\/\/www.davidlawphoto.com\"\n\tdata-photo1=\"https:\/\/salonsmart-aix.com\/intranet\/wp-content\/uploads\/2026\/03\/David20Law20-20Poker-1024x683.jpg\"\n\tdata-photo2=\"https:\/\/salonsmart-aix.com\/intranet\/wp-content\/uploads\/2026\/04\/Elvis-III-60x60-1-1024x1024.jpg\"\n\tdata-photo3=\"https:\/\/salonsmart-aix.com\/intranet\/wp-content\/uploads\/2026\/04\/Ice-Tutus-20X30-2.0-2-2-1024x680.jpg\"><img decoding=\"async\" loading=\"lazy\" src=\"https:\/\/salonsmart-aix.com\/intranet\/wp-content\/uploads\/2026\/03\/David20Law20-20Poker-300x200.jpg\" alt=\"DAVID LAW\"><\/div><div class=\"exposant-item\"\n\tdata-name=\"DENIS RIBAS\"\n\tdata-bio=\"Catalan d\u2019origine, Denis Ribas d\u00e9couvre la peinture au d\u00e9but des ann\u00e9es 2000. Apr\u00e8s des \u00e9tudes de m\u00e9decine, une pratique sportive de haut niveau et des responsabilit\u00e9s professionnelles, il s\u2019impose naturellement \u00e0 lui de peindre, presque comme une n\u00e9cessit\u00e9.Il retrouve alors cette nature que son p\u00e8re, \u00e9crivain et chroniqueur, lui a appris \u00e0 observer et \u00e0 aimer d\u00e8s son plus jeune \u00e2ge. Peintre de terrain, travaillant sur le motif \u00e0 la brosse, Denis Ribas privil\u00e9gie le contact direct : avec les lieux, mais aussi avec les regards pos\u00e9s sur son travail.\"\n\tdata-web=\"https:\/\/www.denisribas.fr\/\"\n\tdata-photo1=\"https:\/\/salonsmart-aix.com\/intranet\/wp-content\/uploads\/2026\/04\/3-722x1024.png\"\n\tdata-photo2=\"https:\/\/salonsmart-aix.com\/intranet\/wp-content\/uploads\/2026\/04\/4-1024x826.png\"\n\tdata-photo3=\"\"><img decoding=\"async\" loading=\"lazy\" src=\"https:\/\/salonsmart-aix.com\/intranet\/wp-content\/uploads\/2026\/04\/3-211x300.png\" alt=\"DENIS RIBAS\"><\/div><div class=\"exposant-item\"\n\tdata-name=\"ECWartist\"\n\tdata-bio=\"Apr\u00e8s des \u00e9tudes de dessin et de stylisme, elle se sp\u00e9cialise dans les techniques mixtes : collage, peinture, patine sur panneaux de bois et toile.Son travail inclassable, entre art surr\u00e9aliste et contemporain, proposent souvent une vision d\u00e9cal\u00e9e du masculin et du f\u00e9minin en perp\u00e9tuel dialogue entre r\u00e9alit\u00e9 crue et onirisme.Solitaire pour cr\u00e9er, l\u2019artiste expose peu. Son \u0153il exacerb\u00e9 de photographe lui fournit les mat\u00e9riaux dont elle a besoin, ses clich\u00e9s sont comme autant de lettres d\u2019un alphabet dont elle seule a l\u2019usage. Ses alliances improbables fabriquent du neuf. Des voies in\u00e9dites s&#039;inventent alors au regard de chacun. Elle compose, m\u00e9tamorphose, b\u00e2tit des passerelles. Inspirer, bousculer les codes. Hybrider. L&#039;hybridation dans son travail n&#039;est plus une image, mais une m\u00e9thode de transformation et une mani\u00e8re de r\u00e9apprendre la nuance, dans un monde domin\u00e9 par la tentation du binaire.\"\n\tdata-web=\"https:\/\/www.facebook.com\/elsaclaire.warot\/\"\n\tdata-photo1=\"https:\/\/salonsmart-aix.com\/intranet\/wp-content\/uploads\/2026\/03\/1.jpg\"\n\tdata-photo2=\"https:\/\/salonsmart-aix.com\/intranet\/wp-content\/uploads\/2026\/03\/Mannequin-1-1024x832.jpg\"\n\tdata-photo3=\"https:\/\/salonsmart-aix.com\/intranet\/wp-content\/uploads\/2026\/03\/3-1.jpg\"><img decoding=\"async\" loading=\"lazy\" src=\"https:\/\/salonsmart-aix.com\/intranet\/wp-content\/uploads\/2026\/03\/1-300x300.jpg\" alt=\"ECWartist\"><\/div><div class=\"exposant-item\"\n\tdata-name=\"EDWIGE MOREL\"\n\tdata-bio=\"Passionn\u00e9e par le dessin et la peinture depuis son plus jeune \u00e2ge, c\u2019est  naturellement qu\u2019elle a entrepris des \u00e9tudes \u00e0 l\u2019institut Saint Luc \u00e0 Tournai, en Belgique, dont elle est dipl\u00f4m\u00e9e en option arts graphiques.Elle est Inspir\u00e9e par le travail de Basquiat, le pop Art de Warhol....Le spectateur d\u00e9ambule entre oubli et souvenir, chacun trouvera chez l\u2019artiste, SA madeleine de Proust.\"\n\tdata-web=\"https:\/\/www.welcometothewhitecube.com\/ed\/\"\n\tdata-photo1=\"https:\/\/salonsmart-aix.com\/intranet\/wp-content\/uploads\/2026\/03\/1-6.jpg\"\n\tdata-photo2=\"https:\/\/salonsmart-aix.com\/intranet\/wp-content\/uploads\/2026\/03\/2-1.jpg\"\n\tdata-photo3=\"https:\/\/salonsmart-aix.com\/intranet\/wp-content\/uploads\/2026\/03\/Capture-decran-2026-02-22-115104.jpg\"><img decoding=\"async\" loading=\"lazy\" src=\"https:\/\/salonsmart-aix.com\/intranet\/wp-content\/uploads\/2026\/03\/1-6-300x300.jpg\" alt=\"EDWIGE MOREL\"><\/div><div class=\"exposant-item\"\n\tdata-name=\"Elis&#039;ART GALLERY\"\n\tdata-bio=\"Elis\u2019Art GALLERY, une nouvelle adresse aixoise d\u00e9di\u00e9e \u00e0 l\u2019art contemporain !Un Peintre et des sculpteurs r\u00e9unis autour d\u2019une m\u00eame passion : l\u2019\u00e9motion \u00e0 l\u2019\u00e9tat pur.Artistes confirm\u00e9s ou \u00e9mergents, tous partagent ici une m\u00eame exigence : la sinc\u00e9rit\u00e9 du geste.N\u00e9e d\u2019une passion et d\u2019une envie de partage, la galerie c\u00e9l\u00e8bre la mati\u00e8re, l\u2019\u00e9motion et le geste.\"\n\tdata-web=\"https:\/\/www.instagram.com\/elisart_gallery_aix\/\"\n\tdata-photo1=\"https:\/\/salonsmart-aix.com\/intranet\/wp-content\/uploads\/2026\/03\/SEBASTIEN-ALLART-PHOTO-2-820x1024.jpg\"\n\tdata-photo2=\"https:\/\/salonsmart-aix.com\/intranet\/wp-content\/uploads\/2026\/03\/Cesaire-scaled-1-790x1024.jpg\"\n\tdata-photo3=\"https:\/\/salonsmart-aix.com\/intranet\/wp-content\/uploads\/2026\/04\/Helia-684x1024.jpg\"><img decoding=\"async\" loading=\"lazy\" src=\"https:\/\/salonsmart-aix.com\/intranet\/wp-content\/uploads\/2026\/03\/SEBASTIEN-ALLART-PHOTO-2-240x300.jpg\" alt=\"Elis&#039;ART GALLERY\"><\/div><div class=\"exposant-item\"\n\tdata-name=\"ELISE EIFLER\"\n\tdata-bio=\"C\u00e9ramiste, cr\u00e9atrice plasticienne autodidacte, je sculpte des Femmes qui rayonnent les vibrations du F\u00e9minin Sacr\u00e9. Je cr\u00e9e dans un \u00e9tat m\u00e9ditatif, complice de la terre. Chaque \u0153uvre na\u00eet d&#039;une \u00e9coute profonde, porte des vibrations de gu\u00e9rison et cr\u00e9e un espace sacr\u00e9.Ma mission : partager ce qui me fait vibrer et vous rappeler dans ce monde qui valorise la performance, le contr\u00f4le et la production constante, qu&#039;il existe une autre voie\u00a0: celle de la valeur de l&#039;\u00eatre plut\u00f4t que du faire, la sagesse de l&#039;intuition et la force de la r\u00e9ceptivit\u00e9. Bienvenu dans cet univers artistique et soyez attentif \u00e0 vos \u00e9motions\u00a0! Elles ont un message \u00e0 vous faire passer.\"\n\tdata-web=\"https:\/\/www.elise-eifler.com\/\"\n\tdata-photo1=\"https:\/\/salonsmart-aix.com\/intranet\/wp-content\/uploads\/2026\/03\/Hina-SMART-2026-768x1024.jpg\"\n\tdata-photo2=\"https:\/\/salonsmart-aix.com\/intranet\/wp-content\/uploads\/2026\/03\/Aponi-SMART-2026-768x1024.jpg\"\n\tdata-photo3=\"https:\/\/salonsmart-aix.com\/intranet\/wp-content\/uploads\/2026\/03\/Nevaeh-1024x683.jpg\"><img decoding=\"async\" loading=\"lazy\" src=\"https:\/\/salonsmart-aix.com\/intranet\/wp-content\/uploads\/2026\/03\/Hina-SMART-2026-225x300.jpg\" alt=\"ELISE EIFLER\"><\/div><div class=\"exposant-item\"\n\tdata-name=\"ELMAGO\"\n\tdata-bio=\"Pr\u00e9sent sur la sc\u00e8ne artistique depuis pr\u00e8s de 12 ans, en France comme \u00e0 l\u2019international, l\u2019artiste expose aujourd\u2019hui dans plus de 78 galeries et salles de vente. Son travail, largement salu\u00e9 par les collectionneurs, a \u00e9t\u00e9 pr\u00e9sent\u00e9 dans de nombreuses villes telles que Miami, Duba\u00ef, Sydney, Paris, Rome, Milan, Ibiza, Amsterdam ou encore Monaco.Originaire de Marseille, il d\u00e9bute dans les quartiers nord \u00e0 travers le tag et le graffiti, avant d\u2019\u00e9largir progressivement son champ d\u2019expression vers l\u2019abstrait, le figuratif, le collage et l\u2019assemblage. Au fil de la derni\u00e8re d\u00e9cennie, il s\u2019impose avec une signature singuli\u00e8re, m\u00ealant techniques et disciplines de l\u2019art moderne.Son univers revisite les codes de la culture populaire et des grandes marques, qu\u2019il d\u00e9construit, lac\u00e8re et recompose dans des \u0153uvres dynamiques, color\u00e9es et profond\u00e9ment narratives, offrant au regard du spectateur une lecture \u00e0 la fois imm\u00e9diate et \u00e9motionnelle.\"\n\tdata-web=\"http:\/\/www.instagram.com\/Elmago1978\/\"\n\tdata-photo1=\"https:\/\/salonsmart-aix.com\/intranet\/wp-content\/uploads\/2026\/04\/1000190870-993x1024.jpg\"\n\tdata-photo2=\"\"\n\tdata-photo3=\"\"><img decoding=\"async\" loading=\"lazy\" src=\"https:\/\/salonsmart-aix.com\/intranet\/wp-content\/uploads\/2026\/04\/1000190870-291x300.jpg\" alt=\"ELMAGO\"><\/div><div class=\"exposant-item\"\n\tdata-name=\"EMILIANA GUTIERREZ\"\n\tdata-bio=\"Emi Guti\u00e9rrez est une artiste contemporaine franco-argentine. N\u00e9e en Argentine, elle vit et travaille aujourd\u2019hui en Guyane fran\u00e7aise, un territoire qui influence fortement sa pratique artistique.Son travail explore la condition humaine et les relations entre monde r\u00e9el et monde virtuel, \u00e0 travers une approche transdisciplinaire m\u00ealant peinture, dessin, sculpture et performance. Inspir\u00e9e par l\u2019abstraction g\u00e9om\u00e9trique, le surr\u00e9alisme pop et les nouvelles technologies, elle d\u00e9veloppe un langage visuel fond\u00e9 sur la r\u00e9p\u00e9tition, la couleur et la fragmentation des formes.Emi Guti\u00e9rrez expose r\u00e9guli\u00e8rement en France et \u00e0 l\u2019international, notamment \u00e0 Art Revolution Taipei, aux \u00c9tats-Unis, en Europe et dans les Cara\u00efbes. Laur\u00e9ate de concours nationaux, elle a \u00e9galement r\u00e9alis\u00e9 une \u0153uvre monumentale dans le cadre du programme du 1 % artistique en Guyane.\"\n\tdata-web=\"https:\/\/emigutierrez.com\/\"\n\tdata-photo1=\"https:\/\/salonsmart-aix.com\/intranet\/wp-content\/uploads\/2026\/03\/espaces-obsessionel-2026-Emi-Gutierrez-1024x706.jpg\"\n\tdata-photo2=\"\"\n\tdata-photo3=\"\"><img decoding=\"async\" loading=\"lazy\" src=\"https:\/\/salonsmart-aix.com\/intranet\/wp-content\/uploads\/2026\/03\/espaces-obsessionel-2026-Emi-Gutierrez-300x207.jpg\" alt=\"EMILIANA GUTIERREZ\"><\/div><div class=\"exposant-item\"\n\tdata-name=\"ESPI\"\n\tdata-bio=\"Jak puise son \u00e9nergie dans une passion profonde pour l\u2019art, nourrie d\u00e8s son plus jeune \u00e2ge par de fr\u00e9quentes visites \u00e0 Paris, o\u00f9 il d\u00e9couvre mus\u00e9es, expositions et univers cr\u00e9atifs. Son passage au coll\u00e8ge Joseph d\u2019Arbaud marque un tournant d\u00e9cisif : seuls les cours d\u2019arts plastiques retiennent alors son attention. Encourag\u00e9 par son professeur, il se pr\u00e9sente au concours de l\u2019\u00e9cole d\u2019arts appliqu\u00e9s de Marseille \u00e0 l\u2019issue de la troisi\u00e8me.Apr\u00e8s avoir dirig\u00e9 pendant dix ans une entreprise de cr\u00e9ation d\u2019enseignes, Jak voit ressurgir son \u00e9lan artistique \u00e0 la naissance de sa fille. Ce moment fondateur agit comme un r\u00e9v\u00e9lateur. \u00ab L\u2019appel de l\u2019art a toujours \u00e9t\u00e9 pr\u00e9sent en moi ; la paternit\u00e9 l\u2019a lib\u00e9r\u00e9, et la maternit\u00e9 l\u2019a inspir\u00e9 \u00bb, confie-t-il.\"\n\tdata-web=\"https:\/\/www.espi.art\"\n\tdata-photo1=\"https:\/\/salonsmart-aix.com\/intranet\/wp-content\/uploads\/2026\/04\/20160617_184219_IMG_4547-681x1024.jpg\"\n\tdata-photo2=\"https:\/\/salonsmart-aix.com\/intranet\/wp-content\/uploads\/2026\/03\/visuel-espi-epo-1024x683.jpg\"\n\tdata-photo3=\"https:\/\/salonsmart-aix.com\/intranet\/wp-content\/uploads\/2026\/03\/JE-25001cadre.jpg\"><img decoding=\"async\" loading=\"lazy\" src=\"https:\/\/salonsmart-aix.com\/intranet\/wp-content\/uploads\/2026\/04\/20160617_184219_IMG_4547-200x300.jpg\" alt=\"ESPI\"><\/div><div class=\"exposant-item\"\n\tdata-name=\"exposantintranet\"\n\tdata-bio=\"\"\n\tdata-web=\"\"\n\tdata-photo1=\"\"\n\tdata-photo2=\"\"\n\tdata-photo3=\"\"><img decoding=\"async\" loading=\"lazy\" src=\"\" alt=\"exposantintranet\"><\/div><div class=\"exposant-item\"\n\tdata-name=\"FLO HOMBECQ\"\n\tdata-bio=\"C\u2019est un message color\u00e9 que Flo H. nous envoie \u00e0 travers ses sculptures et ses peintures, un monde imaginaire issu de l\u2019inconscient collectif, elle r\u00e9interpr\u00e8te la joie de l\u2019enfance en int\u00e9grant un message d\u2019humour issu d\u2019un regard soci\u00e9tal. L\u2019\u00e9volution de son travail retranscrit son imagination sans cesse renouvel\u00e9e. En transformant des mat\u00e9riaux bruts en \u0153uvres modernes, l\u2019artiste nous envoie un message positif sur la vie, le seul qu\u2019elle retiendra au quotidien pour cr\u00e9er.\"\n\tdata-web=\"https:\/\/flo-hombecq.odexpo.com\/\"\n\tdata-photo1=\"https:\/\/salonsmart-aix.com\/intranet\/wp-content\/uploads\/2026\/03\/1-9.jpg\"\n\tdata-photo2=\"https:\/\/salonsmart-aix.com\/intranet\/wp-content\/uploads\/2026\/03\/2-2.jpg\"\n\tdata-photo3=\"https:\/\/salonsmart-aix.com\/intranet\/wp-content\/uploads\/2026\/04\/la-naissance-741x1024.jpg\"><img decoding=\"async\" loading=\"lazy\" src=\"https:\/\/salonsmart-aix.com\/intranet\/wp-content\/uploads\/2026\/03\/1-9-172x300.jpg\" alt=\"FLO HOMBECQ\"><\/div><div class=\"exposant-item\"\n\tdata-name=\"GABAN\"\n\tdata-bio=\"Issu d\u2019une lign\u00e9e d\u2019artistes GABAN porte en elle la m\u00e9moire des gestes et la rigueur du regard et la libert\u00e9 des pigments. Pourtant, c\u2019est en marge des acad\u00e9mies qu\u2019elle forge son langage : elle se laisse guider par l\u2019intuition, la mati\u00e8re et le geste. L\u2019acrylique s\u2019impose \u00e0 elle comme m\u00e9dium privil\u00e9gi\u00e9, pour sa capacit\u00e9 \u00e0 conjuguer fluidit\u00e9, \u00e9clats et \u00e9paisseur.En 2013, une fracture intime ouvre la voie \u00e0 la cr\u00e9ation.Na\u00eet alors la p\u00e9riode EMERGENCE (2013\u20132017)faite de toiles denses, min\u00e9rales et telluriques.En 2025, s\u2019ouvre la p\u00e9riode CONVERGENCE.Chaque \u0153uvre devient un champ de tension entre le chaos et l\u2019ordre, la lumi\u00e8re et l\u2019ombre, l\u2019exc\u00e8s et l\u2019effacement.Pour r\u00e9v\u00e9ler cette pluralit\u00e9 de voix, la p\u00e9riode Convergence s\u2019articule autour de six s\u00e9ries conceptuelles.Femme dans la vie, GABAN choisit un nom d\u2019homme pour signer ses toiles. Par conviction : l\u2019ambition artistique n\u2019a pas de sexe. Son travail est une exploration et chaque toile est un manifeste d\u2019humanit\u00e9.\"\n\tdata-web=\"https:\/\/gaban-art.com\/\"\n\tdata-photo1=\"https:\/\/salonsmart-aix.com\/intranet\/wp-content\/uploads\/2026\/03\/REINE-DE-LA-NUIT-1.jpg\"\n\tdata-photo2=\"https:\/\/salonsmart-aix.com\/intranet\/wp-content\/uploads\/2026\/03\/SOLSTICE-ARDENT--1018x1024.jpg\"\n\tdata-photo3=\"https:\/\/salonsmart-aix.com\/intranet\/wp-content\/uploads\/2026\/03\/EFFLORESCENCE-CREPUSCULAIRE--1017x1024.jpeg\"><img decoding=\"async\" loading=\"lazy\" src=\"https:\/\/salonsmart-aix.com\/intranet\/wp-content\/uploads\/2026\/03\/REINE-DE-LA-NUIT-1-206x300.jpg\" alt=\"GABAN\"><\/div><div class=\"exposant-item\"\n\tdata-name=\"GALERIE BEL-AIR FINE ART\"\n\tdata-bio=\"Fonde\u0301 en 2004, Bel-Air Fine Art est maintenant reconnu comme l\u2019un des groupes de galeries d\u2019art contemporain leader en Europe.Depuis l&#039;ouverture d&#039;une premie\u0300re galerie \u00e0 Gen\u00e8ve en 2004, le groupe s&#039;est implant\u00e9 dans les lieux les plus prestigieux de Suisse (Crans-Montana, Verbier, Lausanne, Zurich, St Moritz). Le groupe a ensuite poursuivi son d\u00e9veloppement avec des \u00e9tablissements permanents en Europe : Paris (Place des Vosges, Rue de Rivoli, Montmartre et Le Royal Monceau), Saint-Tropez, Cannes, Aix-en-Provence, Meg\u00e8ve, Annecy, Honfleur, Venise, Bruxelles, Luxembourg et Florence...Le groupe poss\u00e8de \u00e9galement une galerie \u00e9ph\u00e9m\u00e8re en Am\u00e9rique du Nord, \u00e0 Miami Beach.A\u0300 la t\u00eate du groupe, Fran\u00e7ois et Gr\u00e9gory Chabanian, p\u00e8re et fils, attachent une grande importance \u00e0 pr\u00e9senter une s\u00e9lection riche d\u2019artistes contemporains de renomm\u00e9e internationale et \u00e9mergents issus de diff\u00e9rents mouvements artistiques. Bel-Air Fine Art est suivi par plus de 60.000 amateurs d&#039;art a\u0300 travers le monde.La GALERIE BEL-AIR FINE ART pr\u00e9sente au Sm&#039;art Life  les artistes : MIHOUB - PEPPONE - ANTOINE DUFILHO - BOB TONIC - LAURENCE JENKELL - PATRICK HUGHES - MAX STEVEN GROSSMAN - ISABELLE SCHELTJENS - JISBAR - PHILIPPE SHANGTI\"\n\tdata-web=\"https:\/\/www.belairfineart.com\/\"\n\tdata-photo1=\"https:\/\/salonsmart-aix.com\/intranet\/wp-content\/uploads\/2026\/04\/PHOTO-2026-03-18-14-43-51-768x1024.jpg\"\n\tdata-photo2=\"https:\/\/salonsmart-aix.com\/intranet\/wp-content\/uploads\/2026\/04\/11-768x1024.jpeg\"\n\tdata-photo3=\"https:\/\/salonsmart-aix.com\/intranet\/wp-content\/uploads\/2026\/04\/3-1024x768.jpeg\"><img decoding=\"async\" loading=\"lazy\" src=\"https:\/\/salonsmart-aix.com\/intranet\/wp-content\/uploads\/2026\/04\/PHOTO-2026-03-18-14-43-51-225x300.jpg\" alt=\"GALERIE BEL-AIR FINE ART\"><\/div><div class=\"exposant-item\"\n\tdata-name=\"GALERIE LERNON\"\n\tdata-bio=\"Situ\u00e9e au c\u0153ur de Rouen, la Galerie Lernon est un lieu vivant d\u00e9di\u00e9 \u00e0 l\u2019art contemporain. Elle met en lumi\u00e8re artistes \u00e9mergents et confirm\u00e9s \u00e0 travers une s\u00e9lection vari\u00e9e, entre abstraction et figuration.Plus qu\u2019une galerie, c\u2019est un espace d\u2019\u00e9changes o\u00f9 vernissages, ateliers et conf\u00e9rences rythment la d\u00e9couverte. Facilement accessible, elle accueille tous les visiteurs dans une ambiance chaleureuse. En valorisant la diversit\u00e9 artistique et la cr\u00e9ativit\u00e9, la Galerie Lernon cr\u00e9e un dialogue entre cultures et sensibilit\u00e9s. Un lieu inspirant, id\u00e9al pour fl\u00e2ner, s\u2019\u00e9merveiller et \u00e9changer autour de l\u2019art.Cette ann\u00e9e, la Galerie Lernon vous pr\u00e9sente les oeuvres des artistes Fred Meurice, C\u00e9dric Poupel, Karine Br\u00fcger et Marc Clauzade.\"\n\tdata-web=\"https:\/\/www.instagram.com\/galerie_lernon\"\n\tdata-photo1=\"https:\/\/salonsmart-aix.com\/intranet\/wp-content\/uploads\/2026\/03\/Capture-decran-2026-03-02-114939.jpg\"\n\tdata-photo2=\"https:\/\/salonsmart-aix.com\/intranet\/wp-content\/uploads\/2026\/03\/622118250_18307361542271955_5776351852745408008_n-1024x928.jpg\"\n\tdata-photo3=\"https:\/\/salonsmart-aix.com\/intranet\/wp-content\/uploads\/2026\/03\/626188514_18308836189271955_5102335452327076010_n-918x1024.jpg\"><img decoding=\"async\" loading=\"lazy\" src=\"https:\/\/salonsmart-aix.com\/intranet\/wp-content\/uploads\/2026\/03\/Capture-decran-2026-03-02-114939-300x182.jpg\" alt=\"GALERIE LERNON\"><\/div><div class=\"exposant-item\"\n\tdata-name=\"GALERIE MARCEAU\"\n\tdata-bio=\"Situ\u00e9e \u00e0 Sanary-sur-Mer, la Galerie Marceau s\u2019impose comme un lieu de r\u00e9f\u00e9rence pour les amateurs et collectionneurs d\u2019art. Elle pr\u00e9sente une s\u00e9lection exigeante d\u2019\u0153uvres modernes, contemporaines et anciennes, mettant en lumi\u00e8re la richesse et la diversit\u00e9 de la cr\u00e9ation artistique. \u00c0 travers des expositions soigneusement s\u00e9lectionn\u00e9es, la galerie offre une exp\u00e9rience immersive o\u00f9 dialoguent les \u00e9poques, les styles et les sensibilit\u00e9s. Chaque visite devient une invitation \u00e0 la d\u00e9couverte, \u00e0 l\u2019\u00e9motion et \u00e0 la contemplation de l\u2019art.\"\n\tdata-web=\"\"\n\tdata-photo1=\"https:\/\/salonsmart-aix.com\/intranet\/wp-content\/uploads\/2026\/03\/Capture-decran-2026-03-01-191916.jpg\"\n\tdata-photo2=\"https:\/\/salonsmart-aix.com\/intranet\/wp-content\/uploads\/2026\/03\/Capture-decran-2026-03-01-190947-1024x744.jpg\"\n\tdata-photo3=\"\"><img decoding=\"async\" loading=\"lazy\" src=\"https:\/\/salonsmart-aix.com\/intranet\/wp-content\/uploads\/2026\/03\/Capture-decran-2026-03-01-191916-300x271.jpg\" alt=\"GALERIE MARCEAU\"><\/div><div class=\"exposant-item\"\n\tdata-name=\"GALERIE SCHANEWALD\"\n\tdata-bio=\"William Schanewald propose au sein de la galerie, une s\u00e9lection forte et  sp\u00e9cialis\u00e9e dans l\u2019art Moderne, l\u2019art Contemporain et abstrait et s\u2019adresse tant \u00e0 des acheteurs occasionnels qu\u2019aux collectionneurs avertis. Imagin\u00e9e comme un lieu accessible et ouvert \u00e0 tous, la galerie pr\u00e9sente un programme d\u2019expositions \u00e9clectique et r\u00e9serve une place toute particuli\u00e8re aux dialogues.La relation de confiance qu\u2019elle construit \u00e0 long-terme avec ses clients est b\u00e2tie gr\u00e2ce au respect de valeurs fondamentales telles que la rigueur et l\u2019exigence de qualit\u00e9 dans l\u2019acquisition d\u2019\u0153uvres de collection.La galerie vous accompagne, et vous conseille dans la constitution de votre collection.\"\n\tdata-web=\"https:\/\/www.galerie-schanewald.com\/\"\n\tdata-photo1=\"https:\/\/salonsmart-aix.com\/intranet\/wp-content\/uploads\/2026\/03\/vitrine-galerie-1024x920.jpg\"\n\tdata-photo2=\"https:\/\/salonsmart-aix.com\/intranet\/wp-content\/uploads\/2026\/03\/1-12.jpg\"\n\tdata-photo3=\"https:\/\/salonsmart-aix.com\/intranet\/wp-content\/uploads\/2026\/03\/Capture-decran-2026-02-28-142734.jpg\"><img decoding=\"async\" loading=\"lazy\" src=\"https:\/\/salonsmart-aix.com\/intranet\/wp-content\/uploads\/2026\/03\/vitrine-galerie-300x269.jpg\" alt=\"GALERIE SCHANEWALD\"><\/div><div class=\"exposant-item\"\n\tdata-name=\"GALLERY QUINZE\"\n\tdata-bio=\"Fond\u00e9 en 2017, Gallery Quinze repr\u00e9sente des artistes aux univers uniques et aux parcours \u00e9tonnants. Elle a pour vocation de promouvoir des artistes \u00e9mergents ou d\u00e9j\u00e0 \u00e9tablis sur le march\u00e9 de l&#039;art contemporain.\u00a0\u200bLa galerie pr\u00e9sente une ligne artistique r\u00e9solument tourn\u00e9e vers le sensitif. Couleurs vibrantes, et techniques parfaitement maitris\u00e9es transmettent de vives \u00e9motions. Chaque collaboration avec un artiste est le fruit d&#039;une rencontre, de moments partag\u00e9s, et d&#039;une passion commune.\u00a0\u00a0La galerie se situe dans la ville de Juran\u00e7on, \u00e0 cot\u00e9 de Pau dans le Sud Ouest de la France, au sein d&#039;un espace de 150m2, qui accueille \u00e9galement l&#039;atelier de l&#039;un de nos artistes, David Ferreira.\u00a0 Une irr\u00e9sistible envie de toucher, de go\u00fbter et de ... sourire vous submerge . Vous venez alors , d&#039;entrer dans l&#039;univers artistique et chaotique de David Ferreira !Cette cacophonie, organis\u00e9e et r\u00e9fl\u00e9chie, est aujourd&#039;hui expos\u00e9 dans le monde entier : Bruxelles, Isra\u00ebl, Londres, Hong Kong , Milan, New York, Miami, Paris, ou encore Toronto et Stockholm !\"\n\tdata-web=\"https:\/\/www.galleryquinze.com\/\"\n\tdata-photo1=\"https:\/\/salonsmart-aix.com\/intranet\/wp-content\/uploads\/2026\/03\/2-4.jpg\"\n\tdata-photo2=\"https:\/\/salonsmart-aix.com\/intranet\/wp-content\/uploads\/2026\/03\/Capture-decran-2026-02-24-081232.jpg\"\n\tdata-photo3=\"https:\/\/salonsmart-aix.com\/intranet\/wp-content\/uploads\/2026\/03\/DAVID-FERREIRA-GALERIE-QUINZE-2.jpg\"><img decoding=\"async\" loading=\"lazy\" src=\"https:\/\/salonsmart-aix.com\/intranet\/wp-content\/uploads\/2026\/03\/2-4-300x300.jpg\" alt=\"GALLERY QUINZE\"><\/div><div class=\"exposant-item\"\n\tdata-name=\"GE75\"\n\tdata-bio=\"Couleurs. Mati\u00e8res. Mouvements.                               Rien \u00e0 comprendre.                                              Tout \u00e0 ressentir.                                                            Chaque regard cr\u00e9e sa propre \u0153uvre...                                                                                                                      Ge75\"\n\tdata-web=\"https:\/\/www.ge75.fr\/contact-bio\"\n\tdata-photo1=\"https:\/\/salonsmart-aix.com\/intranet\/wp-content\/uploads\/2026\/03\/1-ge75-841x1024.jpeg\"\n\tdata-photo2=\"https:\/\/salonsmart-aix.com\/intranet\/wp-content\/uploads\/2026\/03\/2-ge75-818x1024.jpeg\"\n\tdata-photo3=\"https:\/\/salonsmart-aix.com\/intranet\/wp-content\/uploads\/2026\/03\/3-ge75-763x1024.jpeg\"><img decoding=\"async\" loading=\"lazy\" src=\"https:\/\/salonsmart-aix.com\/intranet\/wp-content\/uploads\/2026\/03\/1-ge75-246x300.jpeg\" alt=\"GE75\"><\/div><div class=\"exposant-item\"\n\tdata-name=\"G\u00c9RALDINE PONTIER\"\n\tdata-bio=\"Je cherche la simplicit\u00e9 dans l\u2019attitude pour incarner l\u2019humanit\u00e9.Hi\u00e9ratiques ,mes personnages sont les gardiens d\u2019une humanit\u00e9 fragile et pr\u00e9cieuse .Les sculptures sont en mat\u00e9riaux composites sur des armatures et socles m\u00e9talliques et en bronze .Je cr\u00e9e des tableaux en \u00e9cho \u00e0 mes sculptures . Ils cr\u00e9ent un univers onirique et figuratif.\"\n\tdata-web=\"https:\/\/geraldinepontier.com\/\"\n\tdata-photo1=\"https:\/\/salonsmart-aix.com\/intranet\/wp-content\/uploads\/2026\/03\/IMG_5171-774x1024.jpeg\"\n\tdata-photo2=\"https:\/\/salonsmart-aix.com\/intranet\/wp-content\/uploads\/2026\/03\/tableau-1.jpg\"\n\tdata-photo3=\"https:\/\/salonsmart-aix.com\/intranet\/wp-content\/uploads\/2026\/03\/IMG_5168-772x1024.jpeg\"><img decoding=\"async\" loading=\"lazy\" src=\"https:\/\/salonsmart-aix.com\/intranet\/wp-content\/uploads\/2026\/03\/IMG_5171-227x300.jpeg\" alt=\"G\u00c9RALDINE PONTIER\"><\/div><div class=\"exposant-item\"\n\tdata-name=\"GISELE ZANELLATO\"\n\tdata-bio=\"Ces \u0153uvres ne se regardent pas seulement. Elles racontent quelque chose.L\u2019artiste belge Gisele Zanellato part d\u2019un pliage simple et universel, un geste que beaucoup reconnaissent de l\u2019enfance.Chaque pliage devient un module : une petite forme autonome, capable d\u2019\u00eatre r\u00e9p\u00e9t\u00e9e, assembl\u00e9e et d\u00e9plac\u00e9e pour construire une composition plus grande.R\u00e9p\u00e9t\u00e9s, color\u00e9s, organis\u00e9s, ces modules composent une image en relief qui traverse l\u2019histoire de l\u2019art occidental, des primitifs flamands jusqu\u2019aux chefs-d\u2019\u0153uvre contemporains. Chaque tableau devient alors un mini-mus\u00e9e en bo\u00eete. Une collection condens\u00e9e. Une histoire fragment\u00e9e puis reconstruite en volume.Chaque \u00e9l\u00e9ment peut se regarder seul. Ensemble, ils cr\u00e9ent une architecture visuelle structur\u00e9e, rythm\u00e9e, vibrante - o\u00f9 ordre et mouvement coexistent. Un geste simple. Une construction pr\u00e9cise. Une vision contemporaine.Pli\u00e9, r\u00e9p\u00e9t\u00e9, assembl\u00e9 : l\u2019histoire prend forme.\"\n\tdata-web=\"https:\/\/www.giselezanellato.com\/\"\n\tdata-photo1=\"https:\/\/salonsmart-aix.com\/intranet\/wp-content\/uploads\/2026\/03\/Klimts-garden-Origami-Mosaic-1024x1024.jpg\"\n\tdata-photo2=\"https:\/\/salonsmart-aix.com\/intranet\/wp-content\/uploads\/2026\/03\/Art-Collection-Focus-A.Calder-1020x1024.jpg\"\n\tdata-photo3=\"\"><img decoding=\"async\" loading=\"lazy\" src=\"https:\/\/salonsmart-aix.com\/intranet\/wp-content\/uploads\/2026\/03\/Klimts-garden-Origami-Mosaic-300x300.jpg\" alt=\"GISELE ZANELLATO\"><\/div><div class=\"exposant-item\"\n\tdata-name=\"GWENDOLINE AUBERT\"\n\tdata-bio=\"Gwendoline Aubert est une sculptrice fran\u00e7aise install\u00e9e pr\u00e8s de Lille\u00a0qui travaille la terre depuis 2017 et le bronze en partenariat avec des fonderies renom\u00e9es. L\u2019harmonie des corps, la magie des voyages, la richesse des \u00e9changes inspirent son travail. Au del\u00e0 du formel, ses sculptures c\u00e9l\u00e8brent la pl\u00e9nitude zen des Yoginis et r\u00e9v\u00e8lent la sagesse des visages asiatiques sans pour autant effacer leurs f\u00ealures pass\u00e9es. Le modelage de la terre  lui permet de concr\u00e9tiser sa perception de l\u2019autre dans toute son humanit\u00e9. Au travers de ses cr\u00e9ations, elle exprime ce qui fait le sel et l&#039;\u00e9quilibre d&#039;une existence : bonheur, sagesse, r\u00e9flexion, compl\u00e9tude, \u00e9volution, stabilit\u00e9\u2026L\u2019ajourage caract\u00e9ristique qui signe les \u0153uvres de Gwendoline est une invitation au voyage int\u00e9rieur et \u00e0 l\u2019ouverture sur le monde.\"\n\tdata-web=\"https:\/\/gwendolineaubertsculptures.com\/\"\n\tdata-photo1=\"https:\/\/salonsmart-aix.com\/intranet\/wp-content\/uploads\/2026\/04\/le-bronze-EA3-683x1024.jpg\"\n\tdata-photo2=\"https:\/\/salonsmart-aix.com\/intranet\/wp-content\/uploads\/2026\/04\/Sararati-et-Rieur-bronzes-n\u00b01-576x1024.jpg\"\n\tdata-photo3=\"https:\/\/salonsmart-aix.com\/intranet\/wp-content\/uploads\/2026\/03\/Capture-decran-2026-03-16-173759.jpg\"><img decoding=\"async\" loading=\"lazy\" src=\"https:\/\/salonsmart-aix.com\/intranet\/wp-content\/uploads\/2026\/04\/le-bronze-EA3-200x300.jpg\" alt=\"GWENDOLINE AUBERT\"><\/div><div class=\"exposant-item\"\n\tdata-name=\"ICIA\"\n\tdata-bio=\"Icia d\u00e9veloppe une \u0153uvre centr\u00e9e sur la posture et la force du contraste.Le noir et blanc, socle de sa recherche, est sublim\u00e9 par l\u2019introduction ma\u00eetris\u00e9e de la couleur, qui vient accentuer la tension entre ombre et lumi\u00e8re et renforcer l\u2019impact visuel des compositions.Les corps, souvent saisis dans des attitudes suspendues, deviennent des vecteurs d\u2019\u00e9motion et de pr\u00e9sence. Son travail est nourri par le dessin, la photographie, le street art et l\u2019esth\u00e9tique des tatouages japonais, dont elle retient la puissance du trait et l\u2019impact imm\u00e9diat.Icia travaille sur toile comme sur plaques de m\u00e9tal, m\u00ealant encres, bombes a\u00e9rosols, acrylique, huile, marqueurs Poscas et stylo Bic.Cette diversit\u00e9 de techniques lui permet de faire dialoguer pr\u00e9cision graphique et spontan\u00e9it\u00e9 du geste.\"\n\tdata-web=\"http:\/\/www.instagram.com\/icia.artistepeintre\"\n\tdata-photo1=\"https:\/\/salonsmart-aix.com\/intranet\/wp-content\/uploads\/2026\/03\/ICIA-PHOTO-2-1-721x1024.jpg\"\n\tdata-photo2=\"https:\/\/salonsmart-aix.com\/intranet\/wp-content\/uploads\/2026\/03\/ICIA-PHOTO-1-744x1024.jpg\"\n\tdata-photo3=\"\"><img decoding=\"async\" loading=\"lazy\" src=\"https:\/\/salonsmart-aix.com\/intranet\/wp-content\/uploads\/2026\/03\/ICIA-PHOTO-2-1-211x300.jpg\" alt=\"ICIA\"><\/div><div class=\"exposant-item\"\n\tdata-name=\"INVESTIS&#039;ART\"\n\tdata-bio=\"FINANCEZ L\u2019ART AVEC INVESTIS\u2019ART, ACTEUR HISTORIQUE DU LEASING ET DU M\u00c9C\u00c9NAT D\u2019ART. Pour vous, particuliers:Vous avez l\u2019Art de la Passion ou la Passion de l\u2019Art ! Vous \u00eates n\u00e9ophyte ou collectionneur, nous vous conseillons. De tous temps, l\u2019Art a \u00e9t\u00e9 consid\u00e9r\u00e9 comme un placement exceptionnel, un outil de transmission recommand\u00e9 par les grandes banques priv\u00e9es et des notaires. C\u2019est une valeur refuge qui permet de r\u00e9duire de fa\u00e7on importante les droits de succession. Que ce soit la curiosit\u00e9 ou la passion, nous vous guiderons dans vos choix.Pour vous professionnels:En toute s\u00e9curit\u00e9 vous souhaitez d\u00e9fiscaliser, constituer une collection ou d\u00e9corer vos locaux professionnels. Nous sommes pr\u00e9sents pour vous conseiller sur le plan artistique et financier. Gr\u00e2ce \u00e0 nos 15 ans d\u2019exp\u00e9rience et des centaines d\u2019\u0153uvres financ\u00e9es, nous vous proposons une s\u00e9lection exigeante avec des grands noms comme: Fernand LEGER, Francis PICABIA, Andr\u00e9 DERAIN, Robert COMBAS, Keith HARING \u2026 et bien d\u2019autres, mais toujours exclusivement des \u0153uvres d\u2019artistes de renomm\u00e9e et de cotation internationale.\"\n\tdata-web=\"https:\/\/www.investisart.com\/\"\n\tdata-photo1=\"https:\/\/salonsmart-aix.com\/intranet\/wp-content\/uploads\/2026\/04\/logo.png\"\n\tdata-photo2=\"https:\/\/salonsmart-aix.com\/intranet\/wp-content\/uploads\/2026\/04\/2-1.jpg\"\n\tdata-photo3=\"https:\/\/salonsmart-aix.com\/intranet\/wp-content\/uploads\/2026\/04\/1-1.jpg\"><img decoding=\"async\" loading=\"lazy\" src=\"https:\/\/salonsmart-aix.com\/intranet\/wp-content\/uploads\/2026\/04\/logo-287x300.png\" alt=\"INVESTIS&#039;ART\"><\/div><div class=\"exposant-item\"\n\tdata-name=\"JB PELLERIN\"\n\tdata-bio=\"Photographe et street artist, passionn\u00e9 par la rue, la couleur et les gens, Jean-Baptiste Pellerin compose ses images comme un peintre compose sa toile avec sa palette de couleurs. Pas \u00e9tonnant pour un petit-fils, arri\u00e8re petits-fils et neveu d&#039;une lign\u00e9e de peintres et sculpteurs\u2026 Il est connu depuis 2014 pour ses portraits de rue, que vous avez peut-\u00eatre d\u00e9j\u00e0 vus, scell\u00e9s sous verre, estampill\u00e9s du hashtag BACKTOTHESTREET ou @JBPELLERIN et coll\u00e9s sur les murs de Paris et des grandes villes de France mais aussi Londres, New York, Lisbonne, Bombay, Tokyo, Abidjan\u2026\"\n\tdata-web=\"https:\/\/www.backtothestreet.com\/\"\n\tdata-photo1=\"https:\/\/salonsmart-aix.com\/intranet\/wp-content\/uploads\/2026\/04\/smart3-686x1024.jpg\"\n\tdata-photo2=\"https:\/\/salonsmart-aix.com\/intranet\/wp-content\/uploads\/2026\/04\/invitation-1-1024x757.jpg\"\n\tdata-photo3=\"https:\/\/salonsmart-aix.com\/intranet\/wp-content\/uploads\/2026\/04\/invitation2-796x1024.jpg\"><img decoding=\"async\" loading=\"lazy\" src=\"https:\/\/salonsmart-aix.com\/intranet\/wp-content\/uploads\/2026\/04\/smart3-201x300.jpg\" alt=\"JB PELLERIN\"><\/div><div class=\"exposant-item\"\n\tdata-name=\"JEROEN DERCKSEN\"\n\tdata-bio=\"L\u2019artiste d\u00e9veloppe un travail \u00e0 la fois figuratif et abstrait. Ces deux approches coexistent depuis plus de trente ans, tout en s\u2019enrichissant mutuellement. De cette dynamique naissent plusieurs collections, chacune imm\u00e9diatement identifiable par la main de l\u2019artiste : un savoir-faire ma\u00eetris\u00e9, une profonde implication et une attention constante \u00e0 la force visuelle du moindre d\u00e9tail. Une part importante de son \u0153uvre est constitu\u00e9e d\u2019une s\u00e9rie de portraits autonomes. Ces peintures et dessins repr\u00e9sentent des figures qui incarnent des exp\u00e9riences universelles de l\u2019existence \u2013 de la naissance \u00e0 la mort \u2013 et abordent des th\u00e8mes profond\u00e9ment humains tels que la sexualit\u00e9, la solitude, l\u2019amour, la fid\u00e9lit\u00e9 ou encore la violence. Dans ce travail, Jeroen s\u2019inscrit dans la continuit\u00e9 de la grande tradition du portrait hollandais.\"\n\tdata-web=\"https:\/\/www.jeroendercksen.nl\/\"\n\tdata-photo1=\"https:\/\/salonsmart-aix.com\/intranet\/wp-content\/uploads\/2026\/03\/JEROEN-PHOTO-2-1024x1024.jpg\"\n\tdata-photo2=\"https:\/\/salonsmart-aix.com\/intranet\/wp-content\/uploads\/2026\/03\/JEROEN-PHOTO-1-1024x855.jpg\"\n\tdata-photo3=\"\"><img decoding=\"async\" loading=\"lazy\" src=\"https:\/\/salonsmart-aix.com\/intranet\/wp-content\/uploads\/2026\/03\/JEROEN-PHOTO-2-300x300.jpg\" alt=\"JEROEN DERCKSEN\"><\/div><div class=\"exposant-item\"\n\tdata-name=\"JO\u00cbLLE BOISMERY\"\n\tdata-bio=\"Jo\u00eblle Boismery est une artiste-photographe dont le travail s\u2019inspire de courbes et de lignes.  En photographie, elle utilise la couleur plut\u00f4t que le noir et blanc &quot;J\u2019appr\u00e9cie beaucoup les photos en noir et blanc de certains artistes, en particulier\u00a0 les portraitistes. Mais en ce qui me concerne, j\u2019aime composer avec les couleurs, qu\u2019elles soient en cama\u00efeux ou tr\u00e8s tranch\u00e9es&quot;.Photographe de paysages, mais \u00e9galement fascin\u00e9e par les voitures d&#039;exception, elle a entam\u00e9, il y a plus de 7 ans, un travail &quot;R\u00eaves d\u2019\u00e9l\u00e9gance&quot; qui lui permet d\u2019allier courbes et couleurs, lignes et harmonies, design et esth\u00e9tisme, abstrait et concret.\"\n\tdata-web=\"http:\/\/joelleb.photography@gmail.com\"\n\tdata-photo1=\"https:\/\/salonsmart-aix.com\/intranet\/wp-content\/uploads\/2026\/04\/Reve-delegance-n2-1024x683.jpeg\"\n\tdata-photo2=\"https:\/\/salonsmart-aix.com\/intranet\/wp-content\/uploads\/2026\/03\/4-2-1024x692.jpg\"\n\tdata-photo3=\"https:\/\/salonsmart-aix.com\/intranet\/wp-content\/uploads\/2026\/03\/Reflets-deleganceCatalogue-1.jpg\"><img decoding=\"async\" loading=\"lazy\" src=\"https:\/\/salonsmart-aix.com\/intranet\/wp-content\/uploads\/2026\/04\/Reve-delegance-n2-300x200.jpeg\" alt=\"JO\u00cbLLE BOISMERY\"><\/div><div class=\"exposant-item\"\n\tdata-name=\"JULIEN CORTADE\"\n\tdata-bio=\"Julien Cortade, n\u00e9 en 1990 \u00e0 Marseille, est un artiste peintre sp\u00e9cialis\u00e9 dans le figuratif et le surr\u00e9alisme. Il d\u00e9couvre le graffiti \u00e0 l\u2019adolescence, puis la toile au cours de ses \u00e9tudes, tr\u00e8s t\u00f4t il associe sa passion pour l\u2019art au design. Apr\u00e8s dix ann\u00e9es pass\u00e9es dans l\u2019architecture d\u2019int\u00e9rieur menant en parall\u00e8le une pratique nocturne de la peinture, il choisit de quitter sa carri\u00e8re pour se consacrer enti\u00e8rement \u00e0 l\u2019art.Bas\u00e9 \u00e0 Bouc-Bel-Air, il m\u00eale onirisme et r\u00e9alit\u00e9 pour donner vie \u00e0 des \u0153uvres sensibles, o\u00f9 la lumi\u00e8re et le mouvement jouent un r\u00f4le central. Travaillant par s\u00e9ries de 3 \u00e0 7 toiles, chaque cycle forme un ensemble coh\u00e9rent tout en portant un message propre, offrant le spectateur un univers en constante \u00e9volution o\u00f9 chaque tableau dialogue avec les autres.Expositions : Smart 2024 \/ 2025, Luxembourg Art fair, Art3f Bruxelles Toulouse Strasbourg, Lausanne Art fair.\"\n\tdata-web=\"https:\/\/www.juliencortade.com\/\"\n\tdata-photo1=\"https:\/\/salonsmart-aix.com\/intranet\/wp-content\/uploads\/2026\/03\/3-3-758x1024.jpg\"\n\tdata-photo2=\"https:\/\/salonsmart-aix.com\/intranet\/wp-content\/uploads\/2026\/03\/4-1-815x1024.jpg\"\n\tdata-photo3=\"https:\/\/salonsmart-aix.com\/intranet\/wp-content\/uploads\/2026\/03\/2-6-746x1024.jpg\"><img decoding=\"async\" loading=\"lazy\" src=\"https:\/\/salonsmart-aix.com\/intranet\/wp-content\/uploads\/2026\/03\/3-3-222x300.jpg\" alt=\"JULIEN CORTADE\"><\/div><div class=\"exposant-item\"\n\tdata-name=\"KRYSTEL MARQUES\"\n\tdata-bio=\"Je mets en sc\u00e8ne des femmes fortes, libres, parfois caboss\u00e9es, toujours debout. \u00c0 travers mes \u0153uvres, je cherche \u00e0 r\u00e9v\u00e9ler leur puissance, leur fragilit\u00e9 et ce qu\u2019elles racontent de notre \u00e9poque. Chaque image est pens\u00e9e comme un symbole, un instant suspendu o\u00f9 le corps f\u00e9minin devient langage, r\u00e9sistance ou renaissance.Mon travail m\u00eale photographie, sculpture et d\u00e9tournement d\u2019objets. J\u2019aime transformer ce que l\u2019on croit oubli\u00e9 ou ab\u00eem\u00e9 pour lui offrir une nouvelle vie. Les monstres que je cr\u00e9e \u00e0 partir de canettes ou d\u2019objets recycl\u00e9s ne sont jamais vraiment effrayants : ils sont les t\u00e9moins d\u2019un monde que l\u2019on peut r\u00e9parer.Entre po\u00e9sie, humour et irr\u00e9v\u00e9rence, mes \u0153uvres cherchent \u00e0 provoquer un regard, une \u00e9motion, parfois un l\u00e9ger trouble. Parce que l\u2019art, pour moi, doit autant toucher que questionner.\"\n\tdata-web=\"https:\/\/www.krystelmarques.com\/\"\n\tdata-photo1=\"https:\/\/salonsmart-aix.com\/intranet\/wp-content\/uploads\/2026\/03\/Krystel-Marques-3-578x1024.jpg\"\n\tdata-photo2=\"https:\/\/salonsmart-aix.com\/intranet\/wp-content\/uploads\/2026\/03\/Krystel-Marques-5.jpg\"\n\tdata-photo3=\"https:\/\/salonsmart-aix.com\/intranet\/wp-content\/uploads\/2026\/03\/Krystel-Marques-2-778x1024.jpg\"><img decoding=\"async\" loading=\"lazy\" src=\"https:\/\/salonsmart-aix.com\/intranet\/wp-content\/uploads\/2026\/03\/Krystel-Marques-3-169x300.jpg\" alt=\"KRYSTEL MARQUES\"><\/div><div class=\"exposant-item\"\n\tdata-name=\"LAURELINE\"\n\tdata-bio=\"Laureline d\u00e9veloppe une \u0153uvre picturale m\u00ealant portraits et paysages, r\u00e9alis\u00e9e \u00e0 l\u2019acrylique et \u00e0 l\u2019huile. Son travail explore la pr\u00e9sence, l\u2019intensit\u00e9 du regard et les r\u00e9sonances \u00e9motionnelles qui traversent l\u2019image. Les figures f\u00e9minines occupent une place centrale dans cet univers sensible, o\u00f9 couleurs et atmosph\u00e8res cr\u00e9ent une narration silencieuse. L\u2019int\u00e9gration de strass dans la mati\u00e8re picturale constitue aujourd\u2019hui la signature distinctive de son travail, apportant une dimension pr\u00e9cieuse et singuli\u00e8re \u00e0 ses compositions.\"\n\tdata-web=\"https:\/\/laureline-artiste.com\/\"\n\tdata-photo1=\"https:\/\/salonsmart-aix.com\/intranet\/wp-content\/uploads\/2026\/03\/01-laureline-web.jpeg\"\n\tdata-photo2=\"https:\/\/salonsmart-aix.com\/intranet\/wp-content\/uploads\/2026\/03\/04-laureline-web-755x1024.jpg\"\n\tdata-photo3=\"https:\/\/salonsmart-aix.com\/intranet\/wp-content\/uploads\/2026\/03\/01_portrait-771x1024.jpg\"><img decoding=\"async\" loading=\"lazy\" src=\"https:\/\/salonsmart-aix.com\/intranet\/wp-content\/uploads\/2026\/03\/01-laureline-web-203x300.jpeg\" alt=\"LAURELINE\"><\/div><div class=\"exposant-item\"\n\tdata-name=\"LIONEL CHEVALIER\"\n\tdata-bio=\"Breton ayant v\u00e9cu plusieurs ann\u00e9es en Normandie avant de revenir s&#039;\u00e9tablir dans la ville portuaire de Saint-Malo, Lionel se passionne pour les arts plastiques d\u00e8s son plus jeune \u00e2ge.Totalement autodidacte dans sa pratique, il commence \u00e0 exposer et vendre ses aquarelles \u00e0 seulement seize ans. Par la suite il se tournera vers d&#039;autres formats et techniques pour parvenir aujourd&#039;hui au d\u00e9veloppement d&#039;un style pictural qui lui est propre, naviguant entre figuration et abstraction, entre saturation et \u00e9quilibre. Au souci du d\u00e9tail l&#039;artiste pr\u00e9f\u00e8re la synth\u00e8se, choisissant d&#039;offrir au public une composition profonde et sensible qui convoque l&#039;imaginaire plut\u00f4t que le regard.\"\n\tdata-web=\"https:\/\/www.lionelchevalier.com\/\"\n\tdata-photo1=\"https:\/\/salonsmart-aix.com\/intranet\/wp-content\/uploads\/2026\/03\/PHOTO-2.jpg\"\n\tdata-photo2=\"https:\/\/salonsmart-aix.com\/intranet\/wp-content\/uploads\/2026\/03\/PHOTO-1-1.jpg\"\n\tdata-photo3=\"https:\/\/salonsmart-aix.com\/intranet\/wp-content\/uploads\/2026\/03\/PHOTO-3.jpg\"><img decoding=\"async\" loading=\"lazy\" src=\"https:\/\/salonsmart-aix.com\/intranet\/wp-content\/uploads\/2026\/03\/PHOTO-2-295x300.jpg\" alt=\"LIONEL CHEVALIER\"><\/div><div class=\"exposant-item\"\n\tdata-name=\"LISON GANGLOFF\"\n\tdata-bio=\"Lison Gangloff est une \u00ab paper artist \u00bb dont le travail explore la beaut\u00e9, l\u2019harmonie et le vivant \u00e0 travers la figure du papillon, symbole de transformation et de libert\u00e9. Elle cr\u00e9e des \u0153uvres d\u00e9licates et graphiques en papier, inspir\u00e9es par la nature, la sym\u00e9trie et le sacr\u00e9, m\u00ealant pr\u00e9cision du geste et po\u00e9sie visuelle. Refusant l\u2019usage de sp\u00e9cimens r\u00e9els, elle r\u00e9alise des compositions enti\u00e8rement fa\u00e7onn\u00e9es \u00e0 la main, respectueuses du vivant, invitant \u00e0 la contemplation et au recueillement.\"\n\tdata-web=\"https:\/\/latelierdelison.com\/\"\n\tdata-photo1=\"https:\/\/salonsmart-aix.com\/intranet\/wp-content\/uploads\/2026\/03\/Liberte-Menander.jpg\"\n\tdata-photo2=\"https:\/\/salonsmart-aix.com\/intranet\/wp-content\/uploads\/2026\/03\/Paonpillons.jpeg\"\n\tdata-photo3=\"https:\/\/salonsmart-aix.com\/intranet\/wp-content\/uploads\/2026\/03\/Liberte-is-on-fire.jpeg\"><img decoding=\"async\" loading=\"lazy\" src=\"https:\/\/salonsmart-aix.com\/intranet\/wp-content\/uploads\/2026\/03\/Liberte-Menander-300x298.jpg\" alt=\"LISON GANGLOFF\"><\/div><div class=\"exposant-item\"\n\tdata-name=\"LOLA MOROY\"\n\tdata-bio=\"Lola Moroy, artiste autodidacte et passionn\u00e9e, explore depuis toujours les arts visuels.Le dessin d\u00e8s l\u2019enfance, puis l\u2019aquarelle en 2016, et l\u2019acrylique en 2024.Son style c\u00e9l\u00e8bre la po\u00e9sie de la nature, l\u2019intensit\u00e9 des \u00e9motions humaines et la beaut\u00e9 de la figure f\u00e9minine.Au fil des ann\u00e9es, l\u2019artiste a r\u00e9alis\u00e9 de nombreuses commandes personnalis\u00e9es, explorant diff\u00e9rents univers pour r\u00e9pondre au mieux aux attentes de sa client\u00e8le, tout en restant fid\u00e8le \u00e0 son style.\"\n\tdata-web=\"https:\/\/www.lolamoroy.com\/\"\n\tdata-photo1=\"https:\/\/salonsmart-aix.com\/intranet\/wp-content\/uploads\/2026\/03\/IMG_0354-1024x990.jpeg\"\n\tdata-photo2=\"\"\n\tdata-photo3=\"\"><img decoding=\"async\" loading=\"lazy\" src=\"https:\/\/salonsmart-aix.com\/intranet\/wp-content\/uploads\/2026\/03\/IMG_0354-300x290.jpeg\" alt=\"LOLA MOROY\"><\/div><div class=\"exposant-item\"\n\tdata-name=\"LOUISE BRESSANGE\"\n\tdata-bio=\"Apr\u00e8s des ann\u00e9es dans le secteur de la mode, la peinture est devenue le moyen d\u2019exprimer ma sensibilit\u00e9, avec une grande libert\u00e9 de cr\u00e9ation, tant stylistique que th\u00e9matique. Si la couleur est un peu la signature de mes tableaux , elle traduit un besoin imp\u00e9rieux et profond de projeter sur la toile des \u00ab ressentis \u00bb, et ce sur toute la gamme du figuratif \u00e0 l\u2019abstraction , en s\u2019affranchissant de tout \u00e9tiquetage. Une peinture dynamique et positive qui unit libert\u00e9 et cr\u00e9ativit\u00e9, poursuivant la recherche d\u2019harmonie et d\u2019esth\u00e9tisme, au travers de techniques vari\u00e9es ( pastels secs, huile, pinceaux, couteaux\u2026). J\u2019invite celui qui regarde mes toiles \u00e0 un voyage dans la couleur, je l\u2019invite \u00e0 r\u00eaver au gr\u00e9 de sensations , avec une perception originale et sans cesse renouvel\u00e9e. L\u2019art doit demeurer un territoire de libert\u00e9.\"\n\tdata-web=\"https:\/\/www.instagram.com\/louisebressange\/\"\n\tdata-photo1=\"https:\/\/salonsmart-aix.com\/intranet\/wp-content\/uploads\/2026\/03\/photo-1-812x1024.jpg\"\n\tdata-photo2=\"https:\/\/salonsmart-aix.com\/intranet\/wp-content\/uploads\/2026\/03\/La-flamboyante-733x1024.jpg\"\n\tdata-photo3=\"\"><img decoding=\"async\" loading=\"lazy\" src=\"https:\/\/salonsmart-aix.com\/intranet\/wp-content\/uploads\/2026\/03\/photo-1-238x300.jpg\" alt=\"LOUISE BRESSANGE\"><\/div><div class=\"exposant-item\"\n\tdata-name=\"MANCARDI\u00b2\"\n\tdata-bio=\"Mancardi au carr\u00e9, Jean-Jacques et Christine, r\u00e9alisent des sculptures en bronze et des graffs \u00e0 quatre mains.Le monde des Workers, des Graffeurs et tout derni\u00e8rement celui des musiciens de rue alimente notre inspiration.Les workers, dans la continuit\u00e9 des grands b\u00e2tisseurs de cath\u00e9drale et pour mettre \u00e0 l\u2019honneur ces hommes qui construisent nos lieux de vie et de travail.Les graffeurs, qui s\u2019expriment sur tous les supports, qui colorent nos vies, leurs peintures murales, descendent tout droit des peintures pr\u00e9historiques et plus r\u00e9cemment des fresques pour devenir de l\u2019art urbain.Les musiciens, les derniers n\u00e9s, un art suppl\u00e9mentaire \u00e0 mettre en valeur. Des  passionn\u00e9s qui embellissent un moment de vie dans la rue.\"\n\tdata-web=\"http:\/\/www.mancardisculpture.com\/\"\n\tdata-photo1=\"https:\/\/salonsmart-aix.com\/intranet\/wp-content\/uploads\/2026\/03\/Image-catalogue-966x1024.jpeg\"\n\tdata-photo2=\"https:\/\/salonsmart-aix.com\/intranet\/wp-content\/uploads\/2026\/03\/MANCARDI\u00b2-PHOTO-2-684x1024.jpg\"\n\tdata-photo3=\"https:\/\/salonsmart-aix.com\/intranet\/wp-content\/uploads\/2026\/03\/MANCARDI\u00b2-PHOTO-1-1-1024x700.jpg\"><img decoding=\"async\" loading=\"lazy\" src=\"https:\/\/salonsmart-aix.com\/intranet\/wp-content\/uploads\/2026\/03\/Image-catalogue-283x300.jpeg\" alt=\"MANCARDI\u00b2\"><\/div><div class=\"exposant-item\"\n\tdata-name=\"MARC BOYER\"\n\tdata-bio=\"M.BOYER, peintre Fran\u00e7ais, Beaux-arts de Bordeaux mais aussi largement autodidacte, Peintre professionnel certifi\u00e9 ICAC il expose depuis de nombreuses ann\u00e9es en France et \u00e0 l&#039;\u00e9tranger. Ses influences sont multiples et diverses, quelquefois antagonistes mais toujours essentiellement figuratives : HOOPER, VEERMER, REMBRANDT ou plus pr\u00e8s de nous des dessinateurs de BD comme BILAL ont toujours \u00e9t\u00e9 des sources d\u2019\u00e9merveillement et d\u2019inspiration.\u00ab Actuellement mon travail est \u00e0 la crois\u00e9e de plusieurs influences frisant l&#039;hyperr\u00e9alisme par moment, volontiers influenc\u00e9 par le Pop Art et ne reniant pas quelques clins d\u2019\u0153il \u00e0 la BD.Si actuellement mes peintures se veulent plus modernes et color\u00e9es, je reviens r\u00e9guli\u00e8rement \u00e0 des factures plus classiques \u00bb\"\n\tdata-web=\"https:\/\/www.marcboyer.fr\/\"\n\tdata-photo1=\"https:\/\/salonsmart-aix.com\/intranet\/wp-content\/uploads\/2026\/03\/2026-1020x1024.jpg\"\n\tdata-photo2=\"https:\/\/salonsmart-aix.com\/intranet\/wp-content\/uploads\/2026\/03\/80X80-LA-NUIT-ETOILEE-1010x1024.jpg\"\n\tdata-photo3=\"https:\/\/salonsmart-aix.com\/intranet\/wp-content\/uploads\/2026\/03\/marc-Boyer-2-872x1024.jpg\"><img decoding=\"async\" loading=\"lazy\" src=\"https:\/\/salonsmart-aix.com\/intranet\/wp-content\/uploads\/2026\/03\/2026-300x300.jpg\" alt=\"MARC BOYER\"><\/div><div class=\"exposant-item\"\n\tdata-name=\"MARC LANGENSTRASS\"\n\tdata-bio=\"PGART est un artiste dont le parcours cr\u00e9atif a \u00e9t\u00e9 impr\u00e9gn\u00e9 d\u00e8s son plus jeune \u00e2ge par une passion pour le dessin et le graphisme. Au fil du temps, PGART a explor\u00e9 divers horizons professionnels tout en maintenant sa curiosit\u00e9 artistique intacte. Malgr\u00e9 un \u00e9loignement temporaire des pinceaux, sa passion pour l\u2019art n\u2019a jamais cess\u00e9 de l\u2019animer.C\u2019est \u00e0 l\u2019aube de ses 50 ans que PGART a ressenti un puissant appel \u00e0 renouer avec son talent cr\u00e9atif. Ce retour \u00e0 la peinture a \u00e9t\u00e9 marqu\u00e9 par la red\u00e9couverte des sensations et du plaisir profond\u00e9ment enracin\u00e9s dans son \u00eatre. Aujourd\u2019hui, le travail de PGART incarne une fusion unique entre l\u2019univers du graffiti et de l\u2019abstrait. Ses \u0153uvres captivent par leur utilisation audacieuse de la couleur et du geste, transportant le spectateur dans un monde vibrant de d\u00e9couvertes visuelles.\"\n\tdata-web=\"https:\/\/pgart-artiste.com\/\"\n\tdata-photo1=\"https:\/\/salonsmart-aix.com\/intranet\/wp-content\/uploads\/2026\/04\/2-1000x1024.jpeg\"\n\tdata-photo2=\"https:\/\/salonsmart-aix.com\/intranet\/wp-content\/uploads\/2026\/04\/1-992x1024.jpeg\"\n\tdata-photo3=\"https:\/\/salonsmart-aix.com\/intranet\/wp-content\/uploads\/2026\/04\/3-1-1024x973.jpeg\"><img decoding=\"async\" loading=\"lazy\" src=\"https:\/\/salonsmart-aix.com\/intranet\/wp-content\/uploads\/2026\/04\/2-293x300.jpeg\" alt=\"MARC LANGENSTRASS\"><\/div><div class=\"exposant-item\"\n\tdata-name=\"MARIE BEHIER\"\n\tdata-bio=\"Mon p\u00e8re et mon grand p\u00e8re peignaient. Ils m\u2019 ont transmis l\u2019amour de la peinture. Je travaille la mati\u00e8re avec du marbre, des pigments, des encres et de la peinture \u00e0 l&#039;huile. Apr\u00e8s un passage dans l abstraction, je reviens vers le figuratif. J aime utiliser des mati\u00e8res naturelles o\u00f9 la nature est pr\u00e9sente. Chaque tableau invite le spectateur \u00e0 un voyage.\"\n\tdata-web=\"https:\/\/behier.odexpo.com\/\"\n\tdata-photo1=\"https:\/\/salonsmart-aix.com\/intranet\/wp-content\/uploads\/2026\/03\/marie-behier-photo-catalogue.jpg\"\n\tdata-photo2=\"\"\n\tdata-photo3=\"\"><img decoding=\"async\" loading=\"lazy\" src=\"https:\/\/salonsmart-aix.com\/intranet\/wp-content\/uploads\/2026\/03\/marie-behier-photo-catalogue-300x293.jpg\" alt=\"MARIE BEHIER\"><\/div><div class=\"exposant-item\"\n\tdata-name=\"MARYLINE LECOURTIER\"\n\tdata-bio=\"Artiste autodidacte sp\u00e9cialis\u00e9e dans le cuir sculpt\u00e9 et peint \u00e0 la main, je cr\u00e9e des \u0153uvres uniques enti\u00e8rement r\u00e9alis\u00e9es \u00e0 la demande. Chaque pi\u00e8ce est imagin\u00e9e sur mesure, fa\u00e7onn\u00e9e avec pr\u00e9cision et sublim\u00e9e par un travail minutieux de sculpture et de mise en couleur. Mon univers artistique allie savoir-faire traditionnel et sensibilit\u00e9 contemporaine, donnant naissance \u00e0 des cr\u00e9ations originales, authentiques et profond\u00e9ment personnelles\"\n\tdata-web=\"https:\/\/www.mlecourtier.com\/\"\n\tdata-photo1=\"https:\/\/salonsmart-aix.com\/intranet\/wp-content\/uploads\/2026\/03\/FLP_2176-cb-1.jpg\"\n\tdata-photo2=\"https:\/\/salonsmart-aix.com\/intranet\/wp-content\/uploads\/2026\/04\/FLP_3936-cb.jpg\"\n\tdata-photo3=\"https:\/\/salonsmart-aix.com\/intranet\/wp-content\/uploads\/2026\/04\/FLP_8053-cb.jpg\"><img decoding=\"async\" loading=\"lazy\" src=\"https:\/\/salonsmart-aix.com\/intranet\/wp-content\/uploads\/2026\/03\/FLP_2176-cb-1-245x300.jpg\" alt=\"MARYLINE LECOURTIER\"><\/div><div class=\"exposant-item\"\n\tdata-name=\"MATHIEU MARIE\"\n\tdata-bio=\"Mathieu Marie d\u00e9voile son univers pop et po\u00e9tique.Artiste aux multiples facettes, Mathieu Marie est un touche-\u00e0-tout qui navigue avec aisance entre la peinture, la sculpture, le design et les installations immersives et interactives. Au sein du collectif qu\u2019il forme avec ses deux associ\u00e9s, Matthieu Tondeur et Thibault Paquin, il con\u00e7oit des sculptures et des d\u00e9cors o\u00f9 la technique dialogue avec l\u2019imaginaire.Aujourd\u2019hui, Mathieu Marie franchit une nouvelle \u00e9tape en pr\u00e9sentant, pour la premi\u00e8re fois officiellement, un travail plus personnel. C\u2019est la d\u00e9couverte d\u2019un univers acidul\u00e9, foisonnant de vie, r\u00e9solument ancr\u00e9 dans une esth\u00e9tique pop. Son approche artistique repose sur une vision \u00e0 la fois simple et profonde de son art. Comme il l\u2019explique lui-m\u00eame :\u00ab Je cherche, \u00e0 travers un style que j\u2019ai d\u00e9velopp\u00e9, \u00e0 repr\u00e9senter de petites po\u00e9sies modestes qui font partie de la vie de tous les jours. \u00c7a peut \u00eatre le silence de la neige, un oiseau qui se pose sur la pipe d\u2019un marin, ou encore un enfant qui fait l\u2019enfant.\u00a0\u00bb\"\n\tdata-web=\"\"\n\tdata-photo1=\"https:\/\/salonsmart-aix.com\/intranet\/wp-content\/uploads\/2026\/04\/Lindienne-779x1024.jpg\"\n\tdata-photo2=\"https:\/\/salonsmart-aix.com\/intranet\/wp-content\/uploads\/2026\/04\/Joconde-836x1024.jpg\"\n\tdata-photo3=\"https:\/\/salonsmart-aix.com\/intranet\/wp-content\/uploads\/2026\/04\/seCC81ance20de20cineCC81ma-1024x1024.jpg\"><img decoding=\"async\" loading=\"lazy\" src=\"https:\/\/salonsmart-aix.com\/intranet\/wp-content\/uploads\/2026\/04\/Lindienne-228x300.jpg\" alt=\"MATHIEU MARIE\"><\/div><div class=\"exposant-item\"\n\tdata-name=\"MAXIME MACCHI\"\n\tdata-bio=\"Je suis Maxime Macchi, cr\u00e9ateur de la marque \u201cNous Sommes Des H\u00e9ros\u201d. Mon parcours a \u00e9t\u00e9 marqu\u00e9 par la passion, l\u2019artisanat et la qu\u00eate de l\u2019extraordinaire. Chaque pi\u00e8ce que je forge est un hommage \u00e0 la force int\u00e9rieure qui sommeille en chacun de nous. Les casques des personnages mythiques, les armes l\u00e9gendaires\u2026 tout cela prend vie dans mes cr\u00e9ations. Les h\u00e9ros, ces ic\u00f4nes inspirantes, ont pris forme dans le bronze. J\u2019ai choisi de les utiliser autrement. J\u2019ai supprim\u00e9 le plastique pour les ancrer dans une mati\u00e8re plus noble, afin de r\u00e9v\u00e9ler l\u2019essence m\u00eame de ces h\u00e9ros. Nous sommes dans l\u2019\u00e8re des nouveaux mythes.Chaque statue est num\u00e9rot\u00e9e, sign\u00e9e et livr\u00e9e dans un \u00e9crin de bois pr\u00e9cieux, fa\u00e7onn\u00e9 avec amour et pr\u00e9cision. Elle tr\u00f4ne d\u00e9sormais chez des passionn\u00e9s et des collectionneurs.\"\n\tdata-web=\"https:\/\/mac-max.art\/\"\n\tdata-photo1=\"https:\/\/salonsmart-aix.com\/intranet\/wp-content\/uploads\/2026\/03\/Goldorak-009-819x1024.jpg\"\n\tdata-photo2=\"https:\/\/salonsmart-aix.com\/intranet\/wp-content\/uploads\/2026\/03\/20240606-MV-005-819x1024.jpeg\"\n\tdata-photo3=\"https:\/\/salonsmart-aix.com\/intranet\/wp-content\/uploads\/2026\/03\/PHOTO-5-1.jpeg\"><img decoding=\"async\" loading=\"lazy\" src=\"https:\/\/salonsmart-aix.com\/intranet\/wp-content\/uploads\/2026\/03\/Goldorak-009-240x300.jpg\" alt=\"MAXIME MACCHI\"><\/div><div class=\"exposant-item\"\n\tdata-name=\"MIHOUB\"\n\tdata-bio=\"ART BRUT CONSCIENTLe travail de Mihoub \u00e9merge d\u2019un \u00e9tat de conscience acc\u00e9l\u00e9r\u00e9e, o\u00f9 instinct et conscience se heurtent.Enracin\u00e9es dans un processus de cr\u00e9ation \u00e0 grande vitesse, ses peintures ne sont pas compos\u00e9es, elles se r\u00e9v\u00e8lent. Chaque marque, mot et figure appara\u00eet dans un flux cognitif continu, contournant le contr\u00f4le et l\u2019intention traditionnels.S\u2019appuyant sur l\u2019h\u00e9ritage de l\u2019automatisme surr\u00e9aliste d\u2019Andr\u00e9 Breton et de l\u2019expressionnisme abstrait de Jackson Pollock, Mihoub va plus loin : il introduit le langage comme une structure vivante au sein du chaos. Mots, symboles et figures hybrides deviennent des fragments de pens\u00e9e, capturant l\u2019architecture brute de l\u2019esprit en mouvement.Il d\u00e9finit sa pratique comme un \u00ab art brut conscient \u00bb, un espace o\u00f9 l\u2019artiste ne dirige plus, mais canalise.Ses oeuvres fonctionnent comme des mantras visuels : intenses, spontan\u00e9es, mais profond\u00e9ment coh\u00e9rentes.Elles refl\u00e8tent notre condition contemporaine \u2013 un monde satur\u00e9 d\u2019informations, d\u2019\u00e9motions et de bruits int\u00e9rieurs \u2013 tout en offrant une forme de lib\u00e9ration, de clart\u00e9 et de reconnexion.Mihoub ne cherche pas \u00e0 repr\u00e9senter la r\u00e9alit\u00e9.Il r\u00e9v\u00e8le les m\u00e9canismes invisibles de la conscience elle-m\u00eame.\"\n\tdata-web=\"\"\n\tdata-photo1=\"\"\n\tdata-photo2=\"\"\n\tdata-photo3=\"\"><img decoding=\"async\" loading=\"lazy\" src=\"\" alt=\"MIHOUB\"><\/div><div class=\"exposant-item\"\n\tdata-name=\"MULIARDO FQD\"\n\tdata-bio=\"Connue pour ses sculptures atypiques et hautes en couleur,\u00a0Flo Muliardo\u00a0surprend une nouvelle fois. Artiste plasticienne autodidacte, elle bouscule les codes depuis toujours, transformant l\u2019objet en symbole et le r\u00e9el en \u00e9motion.Aujourd\u2019hui,\u00a0Flo\u00a0d\u00e9voile une nouvelle facette de son talent : la peinture. Ses toiles, puissantes et expressives, prolongent l\u2019\u00e9nergie de ses sculptures tout en ouvrant un nouveau chapitre artistique.Cette nouvelle expression marque un tournant dans son parcours : une rencontre entre deux langages, deux gestes cr\u00e9atifs, un seul univers.Flo Muliardo\u00a0ne se limite pas, elle explore, elle invente, elle lib\u00e8re la couleur. Au-del\u00e0 de son art,\u00a0Flo Muliardo\u00a0s\u2019investit dans de nombreux projets solidaires. Marraine de l\u2019orphelinat Namast\u00e9 au N\u00e9pal et soutien actif de l\u2019association Nos Petites \u00c9toiles \u00e0 Annecy, elle croit en un art qui relie et qui r\u00e9pare.\"\n\tdata-web=\"https:\/\/www.muliardo-fqd.com\/\"\n\tdata-photo1=\"https:\/\/salonsmart-aix.com\/intranet\/wp-content\/uploads\/2026\/03\/Muliardo-Flo-09_25-008-\u00a9-2025_Gilles-Piel-744x1024.jpeg\"\n\tdata-photo2=\"https:\/\/salonsmart-aix.com\/intranet\/wp-content\/uploads\/2026\/03\/TATOO-2.jpg\"\n\tdata-photo3=\"https:\/\/salonsmart-aix.com\/intranet\/wp-content\/uploads\/2026\/03\/Muliardo-Flo-09_25-035-\u00a9-2025_Gilles-Piel-686x1024.jpg\"><img decoding=\"async\" loading=\"lazy\" src=\"https:\/\/salonsmart-aix.com\/intranet\/wp-content\/uploads\/2026\/03\/Muliardo-Flo-09_25-008-\u00a9-2025_Gilles-Piel-218x300.jpeg\" alt=\"MULIARDO FQD\"><\/div><div class=\"exposant-item\"\n\tdata-name=\"MURIEL MATT\"\n\tdata-bio=\"L&#039;artiste nous invite \u00e0 cultiver notre enfant int\u00e9rieur, celui qui accueille l&#039;existence, les yeux \u00e9carquill\u00e9s, pour mieux s&#039;\u00e9merveiller et se laisser surprendre.Ainsi regarder ses \u0153uvres est un jeu de miroir avec la part d\u2019enfant qui vibre en chacun, afin de capter la splendeur du monde avec une candeur et une simplicit\u00e9 retrouv\u00e9e, car, elle en est s\u00fbre, le merveilleux se niche dans l\u2019ordinaire : un chat qui ronronne, une fleur \u00e0 humer, le soleil qui brille, un sourire contagieux, des yeux rieurs, des couleurs chatoyantes et des c\u0153urs qui battent\u2026chaque toile lui offre une nouvelle occasion d\u2019insuffler ce message, une ode \u00e0 une vie sans artifices. A la pr\u00e9sence de graphismes na\u00effs, anim\u00e9s par une explosion de couleurs, s&#039;ajoute le relief qui vient donner vie aux personnages en venant souligner leurs expressions.\"\n\tdata-web=\"https:\/\/www.murielmatt.com\/\"\n\tdata-photo1=\"https:\/\/salonsmart-aix.com\/intranet\/wp-content\/uploads\/2026\/03\/PXL_20251203_111220071-1-773x1024.jpg\"\n\tdata-photo2=\"https:\/\/salonsmart-aix.com\/intranet\/wp-content\/uploads\/2026\/03\/PXL_20251008_132917818-1-773x1024.jpg\"\n\tdata-photo3=\"\"><img decoding=\"async\" loading=\"lazy\" src=\"https:\/\/salonsmart-aix.com\/intranet\/wp-content\/uploads\/2026\/03\/PXL_20251203_111220071-1-226x300.jpg\" alt=\"MURIEL MATT\"><\/div><div class=\"exposant-item\"\n\tdata-name=\"NATALIA VILLANUEVA\"\n\tdata-bio=\"D\u00e8s son enfance, Natalia d\u00e9couvre l\u2019art aux c\u00f4t\u00e9s de ses voisins, un c\u00e9ramiste et un peintre, qui \u00e9veillent en elle le plaisir de cr\u00e9er, aussi bien avec ses mains qu\u2019avec son pinceau.Ayant grandi sur la c\u00f4te catalane, elle s\u2019impr\u00e8gne profond\u00e9ment de l\u2019atmosph\u00e8re marine, une source d\u2019inspiration qu\u2019elle poursuit au fil de ses voyages au Maroc, au S\u00e9n\u00e9gal, en Italie et en Espagne. Au contact des ports de p\u00eache, des marins et des phares solitaires, elle puise la force et l\u2019\u00e2me de sa peinture.Passionn\u00e9e par l\u2019univers marin, elle admire particuli\u00e8rement l\u2019\u0153uvre de Juan Abello, qu\u2019elle a eu la chance de rencontrer.\u00c0 travers ses \u0153uvres, Natalia explore la mer comme un symbole de libert\u00e9, de puissance et d\u2019\u00e9lan vital, invitant le spectateur \u00e0 s\u2019y plonger avec elle.\"\n\tdata-web=\"https:\/\/nataliavillanueva-art.com\/\"\n\tdata-photo1=\"https:\/\/salonsmart-aix.com\/intranet\/wp-content\/uploads\/2026\/04\/FullSizeRender-1001x1024.jpeg\"\n\tdata-photo2=\"https:\/\/salonsmart-aix.com\/intranet\/wp-content\/uploads\/2026\/04\/FullSizeRender-1-800x1024.jpeg\"\n\tdata-photo3=\"https:\/\/salonsmart-aix.com\/intranet\/wp-content\/uploads\/2026\/04\/IMG_0116-1008x1024.jpeg\"><img decoding=\"async\" loading=\"lazy\" src=\"https:\/\/salonsmart-aix.com\/intranet\/wp-content\/uploads\/2026\/04\/FullSizeRender-293x300.jpeg\" alt=\"NATALIA VILLANUEVA\"><\/div><div class=\"exposant-item\"\n\tdata-name=\"NHICO\"\n\tdata-bio=\"Apr\u00e8s une carri\u00e8re scientifique d\u2019ing\u00e9nieur dans  l\u2019industrie,  Nhico  se passionne pour le design et l\u2019art \u00e0 travers les nouvelles technologies. Pendant cette premi\u00e8re p\u00e9riode, en tant  qu\u2019artisan  d\u2019art,  il confectionne des  moules  et  des  cr\u00e9ations  3D  pour les  artistes  sculpteurs  et  les galeries d\u2019art.  Toujours  \u00e0  la  recherche  de la perfection de l\u2019image, il finit par cr\u00e9er ses propres  conceptions  num\u00e9riques. Aujourd\u2019hui, l\u2019artiste se r\u00e9v\u00e8le \u00e0 travers des constructions artistiques num\u00e9riques, o\u00f9 il joue avec  le contraste de l\u2019hyper r\u00e9alisme et l\u2019onirisme du sujet, laissant libre court \u00e0 l\u2019imagination de celui qui regarde. Il r\u00e9invente l\u2019histoire en se projetant vers le futur avec humour.\"\n\tdata-web=\"https:\/\/nhico.odexpo.com\/\"\n\tdata-photo1=\"https:\/\/salonsmart-aix.com\/intranet\/wp-content\/uploads\/2026\/03\/BAISER-BLEU.jpg\"\n\tdata-photo2=\"https:\/\/salonsmart-aix.com\/intranet\/wp-content\/uploads\/2026\/03\/1-NHICO.jpg\"\n\tdata-photo3=\"https:\/\/salonsmart-aix.com\/intranet\/wp-content\/uploads\/2026\/03\/2-NHICO.jpg\"><img decoding=\"async\" loading=\"lazy\" src=\"https:\/\/salonsmart-aix.com\/intranet\/wp-content\/uploads\/2026\/03\/BAISER-BLEU-300x297.jpg\" alt=\"NHICO\"><\/div><div class=\"exposant-item\"\n\tdata-name=\"NICOLAS HERBE\"\n\tdata-bio=\"Dans l\u2019univers de Nicolas Herb\u00e9, la peinture devient un passage. Dans son atelier, entre hip-hop, silence et concentration, la mati\u00e8re se transforme en langage.Entre ses mains, la couleur, le geste et l\u2019\u00e9nergie dialoguent pour donner naissance \u00e0 une \u00e9criture instinctive o\u00f9 la rue rencontre une dimension presque spirituelle.Son travail s\u2019inscrit dans une exploration contemporaine de l\u2019art urbain, nourrie par ses voyages, ses rencontres et l\u2019influence de cultures comme celle de New York ou l\u2019imaginaire Shaolin.En 2025 Nicolas franchit une nouvelle \u00e9tape avec Ligne 36, une exposition immersive inspir\u00e9e de l\u2019univers du m\u00e9tro. Pens\u00e9e comme un passage artistique, cette exp\u00e9rience invite le visiteur \u00e0 circuler dans un espace o\u00f9 peinture, narration et atmosph\u00e8re urbaine se rencontrent.Tr\u00e8s actif sur de nombreux projets,  expositions et galeries, Nicolas poursuit aujourd\u2019hui une recherche artistique qui relie la rue, l\u2019exp\u00e9rience et la transmission, avec l\u2019ambition de faire voyager son univers bien au-del\u00e0 des murs de l\u2019atelier.\"\n\tdata-web=\"https:\/\/www.instagram.com\/herbe_nicolas\"\n\tdata-photo1=\"https:\/\/salonsmart-aix.com\/intranet\/wp-content\/uploads\/2026\/03\/IMG_6626-1024x932.png\"\n\tdata-photo2=\"https:\/\/salonsmart-aix.com\/intranet\/wp-content\/uploads\/2026\/03\/IMG_5399-683x1024.jpeg\"\n\tdata-photo3=\"https:\/\/salonsmart-aix.com\/intranet\/wp-content\/uploads\/2026\/03\/2.png\"><img decoding=\"async\" loading=\"lazy\" src=\"https:\/\/salonsmart-aix.com\/intranet\/wp-content\/uploads\/2026\/03\/IMG_6626-300x273.png\" alt=\"NICOLAS HERBE\"><\/div><div class=\"exposant-item\"\n\tdata-name=\"NICOLAS NATHAN\"\n\tdata-bio=\"SOCIETY ART GALLERY est d\u00e9di\u00e9e \u00e0 l&#039;art contemporain et au pop street art. Nous mettons en lumi\u00e8re des artistes \u00e9mergents et \u00e9tablis qui repoussent les limites de la cr\u00e9ativit\u00e9. Notre s\u00e9lection rigoureuse garantit une exp\u00e9rience artistique enrichissante et stimulante pour tous les visiteurs. Notre passion r\u00e9side dans la cr\u00e9ation d&#039;espaces uniques et inspirants o\u00f9 l&#039;art peut s&#039;\u00e9panouir. Nous concevons nos expositions avec soin pour mettre en valeur les \u0153uvres et cr\u00e9er une exp\u00e9rience immersive pour les visiteurs. Chaque d\u00e9tail est pens\u00e9 pour sublimer l&#039;art et encourager la d\u00e9couverte.\"\n\tdata-web=\"https:\/\/www.societyartgallery.fr\/\"\n\tdata-photo1=\"https:\/\/salonsmart-aix.com\/intranet\/wp-content\/uploads\/2026\/03\/Capture-decran-2026-02-22-133607-1.jpg\"\n\tdata-photo2=\"https:\/\/salonsmart-aix.com\/intranet\/wp-content\/uploads\/2026\/03\/capture-d-cran-2025-11-06-17-16-59-high-1.png\"\n\tdata-photo3=\"https:\/\/salonsmart-aix.com\/intranet\/wp-content\/uploads\/2026\/03\/capture-d-cran-2025-11-06-17-17-33-high.jpg\"><img decoding=\"async\" loading=\"lazy\" src=\"https:\/\/salonsmart-aix.com\/intranet\/wp-content\/uploads\/2026\/03\/Capture-decran-2026-02-22-133607-1-282x300.jpg\" alt=\"NICOLAS NATHAN\"><\/div><div class=\"exposant-item\"\n\tdata-name=\"OLIV&#039;INE\"\n\tdata-bio=\"N\u00e9 au c\u0153ur des C\u00e9vennes, je d\u00e9veloppe d\u00e8s l\u2019enfance une profonde connexion avec la nature et le bois, nourrissant mon imaginaire.Mon parcours professionnel m\u2019oriente d\u2019abord vers la p\u00e2tisserie, puis vers le sport de haut niveau comme pr\u00e9parateur physique pendant de nombreuses ann\u00e9es.Cependant, ma passion initiale pour le bois refait surface et s\u2019impose progressivement.Trois rencontres marquent un tournant d\u00e9cisif, notamment celle avec Guy Villeret, artiste lui aussi autodidacte, qui m\u2019aide \u00e0 donner forme \u00e0 mes inspirations.L\u2019influence de Pierre Rabhi renforce mon engagement vers une vie plus en accord avec mes valeurs.Enfin, le soutien de ma complice de vie joue un r\u00f4le essentiel dans la concr\u00e9tisation de mon projet artistique.De notre union na\u00eet \u00ab Oliv\u2019ine \u00bb, symbole de notre collaboration et de cette nouvelle voie cr\u00e9ative.\"\n\tdata-web=\"https:\/\/olivinesculpteur.com\/\"\n\tdata-photo1=\"https:\/\/salonsmart-aix.com\/intranet\/wp-content\/uploads\/2026\/03\/Chrysalide-683x1024.jpg\"\n\tdata-photo2=\"\"\n\tdata-photo3=\"https:\/\/salonsmart-aix.com\/intranet\/wp-content\/uploads\/2026\/03\/Face_a_face-1-1024x955.jpg\"><img decoding=\"async\" loading=\"lazy\" src=\"https:\/\/salonsmart-aix.com\/intranet\/wp-content\/uploads\/2026\/03\/Chrysalide-200x300.jpg\" alt=\"OLIV&#039;INE\"><\/div><div class=\"exposant-item\"\n\tdata-name=\"PATRICE GOUX\"\n\tdata-bio=\"Patrice Goux est issu d\u2019une lign\u00e9e artistique et artisanale. Son arri\u00e8re-grand-p\u00e8re \u00e9tait musicien et son grand-p\u00e8re luthier, sp\u00e9cialis\u00e9 dans la fabrication et la restauration d\u2019instruments \u00e0 cordes comme les violons, violoncelles et guitares. Celui-ci fut \u00e9galement photographe au Moulin Rouge. Son p\u00e8re a \u00e9tudi\u00e9 \u00e0 l\u2019\u00c9cole Boulle, c\u00e9l\u00e8bre institution parisienne d\u00e9di\u00e9e aux arts appliqu\u00e9s et aux m\u00e9tiers d\u2019art. Patrice Goux a suivi des \u00e9tudes \u00e0 Metz et Nancy avant de travailler dans plusieurs bureaux d\u2019\u00e9tudes et d\u2019exposer dans des ateliers d\u2019art \u00e0 Paris. Il a collabor\u00e9 avec de grandes enseignes et a v\u00e9cu pendant 25 ans \u00e0 Saint-Tropez. Aujourd\u2019hui, il se distingue comme plasticien, sculpteur et peintre, sp\u00e9cialis\u00e9 dans le design \u00e9cologique. Son travail s\u2019inscrit dans une d\u00e9marche de bio-design ou upcycling, inspir\u00e9e des solutions de la nature et du r\u00e9emploi des mat\u00e9riaux, un mouvement initi\u00e9 dans les ann\u00e9es 1960 par Luigi Colani.\"\n\tdata-web=\"https:\/\/www.instagram.com\/gouxpatrice\/\"\n\tdata-photo1=\"https:\/\/salonsmart-aix.com\/intranet\/wp-content\/uploads\/2026\/03\/1-2-1024x768.jpg\"\n\tdata-photo2=\"https:\/\/salonsmart-aix.com\/intranet\/wp-content\/uploads\/2026\/03\/4-819x1024.jpg\"\n\tdata-photo3=\"https:\/\/salonsmart-aix.com\/intranet\/wp-content\/uploads\/2026\/03\/469830005_18253799263272040_2603200929371088682_n-819x1024.jpg\"><img decoding=\"async\" loading=\"lazy\" src=\"https:\/\/salonsmart-aix.com\/intranet\/wp-content\/uploads\/2026\/03\/1-2-300x225.jpg\" alt=\"PATRICE GOUX\"><\/div><div class=\"exposant-item\"\n\tdata-name=\"PATRICIA TIMMERMANS\"\n\tdata-bio=\"Issue d\u2019une famille d\u2019artiste, Patricia Timmermans est une artiste peintre Belge ayant \u00e9volu\u00e9 dans le monde de l\u2019art depuis son plus jeune \u00e2ge. En qu\u00eate de lignes \u00e9pur\u00e9es et de mouvements, c\u2019est sur le corps f\u00e9minin qu\u2019elle a jet\u00e9 son d\u00e9volu. Elle aime mettre en valeur la femme. Gr\u00e2ce, l\u00e9g\u00e8ret\u00e9 et sensualit\u00e9 sont ses ma\u00eetres mot. Son art, \u00e0 la fois r\u00e9aliste et expressionniste, s\u2019apparente \u00e0 l\u2019art nouveau par son utilisation savante des courbes et des m\u00e9andres.Ses tableaux r\u00e9alis\u00e9s en 3D sont r\u00e9solument abstraits et architecturaux et associent sculpture et peinture.  Ses \u0153uvres contemporaines suscitent de l\u2019\u00e9motion et un savoir-faire qui dure depuis 25 ans.\"\n\tdata-web=\"https:\/\/patriciatimmermans.be\/\"\n\tdata-photo1=\"https:\/\/salonsmart-aix.com\/intranet\/wp-content\/uploads\/2026\/03\/La-Balancoire-Bronze-H39-x-L41-x-l19-cm-1024x1000.png\"\n\tdata-photo2=\"https:\/\/salonsmart-aix.com\/intranet\/wp-content\/uploads\/2026\/03\/Desinvolture-Bronze-H54-x-L24-x-l11-cm-1024x1024.png\"\n\tdata-photo3=\"https:\/\/salonsmart-aix.com\/intranet\/wp-content\/uploads\/2026\/03\/Angel-Bronze-H51-x-L28-x-l38-cm-1-1024x1024.png\"><img decoding=\"async\" loading=\"lazy\" src=\"https:\/\/salonsmart-aix.com\/intranet\/wp-content\/uploads\/2026\/03\/La-Balancoire-Bronze-H39-x-L41-x-l19-cm-300x293.png\" alt=\"PATRICIA TIMMERMANS\"><\/div><div class=\"exposant-item\"\n\tdata-name=\"PERROTTE\"\n\tdata-bio=\"Catalan d\u2019origine, je suis tr\u00e8s inspir\u00e9 par l\u2019\u00e9cole de Barcelone, dont j\u2019appr\u00e9cie l\u2019\u00e9clat et la puissance expressive des couleurs vives.Mon admiration pour les \u0153uvres de Miro ou Picasso se retrouve dans mes \u00e9lans de peinture ! Les formes et les couleurs de l\u2019un, les visages d\u00e9structur\u00e9s de l\u2019autre.La figure humaine est tr\u00e8s pr\u00e9sente dans mon travail, autour des visages ou personnages d\u00e9structur\u00e9s.Mais quel que soit le sujet, le v\u00e9ritable propos de chaque pi\u00e8ce r\u00e9side dans la balance entre les lignes et les couleurs. Chaque trait et couleur r\u00e9v\u00e8le un monde int\u00e9rieur, l\u2019expression d\u2019un monde inconscient et imaginaire.\"\n\tdata-web=\"https:\/\/perrotte.fr\/\"\n\tdata-photo1=\"https:\/\/salonsmart-aix.com\/intranet\/wp-content\/uploads\/2026\/03\/TONIK-80X80-perrotte-peintre-1007x1024.jpg\"\n\tdata-photo2=\"https:\/\/salonsmart-aix.com\/intranet\/wp-content\/uploads\/2026\/03\/Capture-decran-2026-02-24-105556.jpg\"\n\tdata-photo3=\"https:\/\/salonsmart-aix.com\/intranet\/wp-content\/uploads\/2026\/03\/BOY-80X80-inox-perrotte-peintre-1024x1013.jpg\"><img decoding=\"async\" loading=\"lazy\" src=\"https:\/\/salonsmart-aix.com\/intranet\/wp-content\/uploads\/2026\/03\/TONIK-80X80-perrotte-peintre-295x300.jpg\" alt=\"PERROTTE\"><\/div><div class=\"exposant-item\"\n\tdata-name=\"PICOT D&#039;ART...PICOT D&#039;\u00c2ME\"\n\tdata-bio=\"Deux s\u0153urs, un m\u00eame regard. Nous recueillons des cr\u00e9ations fragiles menac\u00e9es par le temps, et plus rarement, des \u0153uvres connues qui offrent un point d\u2019ancrage, et r\u00e9v\u00e8lent, par contraste, des pi\u00e8ces plus discr\u00e8tes. Ensemble, elles composent un langage\u00a0: le familier rassure, l\u2019inattendu \u00e9veille. Par la restauration et la photographie d\u2019art, ces tr\u00e9sors retrouvent une pr\u00e9sence nouvelle avant de se transformer en objets, \u00e0 la crois\u00e9e de l\u2019art, du design et de l\u2019artisanat. Chaque pi\u00e8ce conte une histoire\u00a0: une m\u00e9moire pr\u00e9serv\u00e9e, une \u00e9motion \u00e0 partager, un fragment du pass\u00e9 \u00e0 transmettre. Nos cr\u00e9ations s\u2019adressent \u00e0 celles et ceux qui aiment la beaut\u00e9 rare et le geste artisanal, \u00e0 celles et ceux sur qui l\u2019art op\u00e8re chaque jour comme un refuge o\u00f9 la mati\u00e8re s\u2019anime et le sensible s\u2019invite. R\u00e9v\u00e9ler l\u2019invisible,Pr\u00e9server l\u2019essentiel, Penser l\u2019art comme un h\u00e9ritage vivant. Tel est notre engagement.\"\n\tdata-web=\"https:\/\/picotdart.com\/\"\n\tdata-photo1=\"https:\/\/salonsmart-aix.com\/intranet\/wp-content\/uploads\/2026\/03\/Coussin-Cacatoes-1-768x1024.jpg\"\n\tdata-photo2=\"https:\/\/salonsmart-aix.com\/intranet\/wp-content\/uploads\/2026\/03\/Coussins-AC-768x1024.jpg\"\n\tdata-photo3=\"https:\/\/salonsmart-aix.com\/intranet\/wp-content\/uploads\/2026\/04\/Pins_100222-806x1024.jpg\"><img decoding=\"async\" loading=\"lazy\" src=\"https:\/\/salonsmart-aix.com\/intranet\/wp-content\/uploads\/2026\/03\/Coussin-Cacatoes-1-225x300.jpg\" alt=\"PICOT D&#039;ART...PICOT D&#039;\u00c2ME\"><\/div><div class=\"exposant-item\"\n\tdata-name=\"PIERRE COLMAIN\"\n\tdata-bio=\"Les oeuvres de Pierre nous plongent dans un univers familier et pourtant r\u00e9invent\u00e9, o\u00f9 les personnages cultes et r\u00e9f\u00e9rences subtiles se c\u00f4toient dans des compositions dynamiques et pleines de vie.Chaque toile est une invitation \u00e0 la d\u00e9couverte, un clin d\u2019oeil aux passions qui ont fa\u00e7onn\u00e9 l\u2019artiste et qui r\u00e9sonnent chez tous ceux qui ont grandi avec les m\u00eames r\u00e9f\u00e9rences.  Pierre COLMAIN ne cesse d\u2019explorer de nouvelles techniques et de nouveaux sujets en repoussant toujours les limites de son art.Plus qu\u2019un simple artiste, Pierre COLMAIN est un v\u00e9ritable storyteller, un passeur de m\u00e9moire qui nous invite \u00e0 revisiter nos souvenirs et \u00e0 c\u00e9l\u00e9brer la culture populaire qui nous rassemble.\"\n\tdata-web=\"https:\/\/www.pierrecolmain.com\/\"\n\tdata-photo1=\"https:\/\/salonsmart-aix.com\/intranet\/wp-content\/uploads\/2026\/03\/Capture-decran-2026-02-28-162152.jpg\"\n\tdata-photo2=\"https:\/\/salonsmart-aix.com\/intranet\/wp-content\/uploads\/2026\/03\/Capture-decran-2026-02-28-162723.jpg\"\n\tdata-photo3=\"https:\/\/salonsmart-aix.com\/intranet\/wp-content\/uploads\/2026\/04\/IMG_8219-788x1024.jpeg\"><img decoding=\"async\" loading=\"lazy\" src=\"https:\/\/salonsmart-aix.com\/intranet\/wp-content\/uploads\/2026\/03\/Capture-decran-2026-02-28-162152-253x300.jpg\" alt=\"PIERRE COLMAIN\"><\/div><div class=\"exposant-item\"\n\tdata-name=\"PIERRICK MATHON\"\n\tdata-bio=\"D\u00e9sormais tout est possible ! L&#039;imagination n&#039;a plus de limites, peu d&#039;obstacles de r\u00e9alisation vont r\u00e9sister : la force de Photoshop, plus la puissance infinie de l&#039;IA ouvrent un champ immense \u00e0 la cr\u00e9ation. A l&#039;avenir, il va falloir garder les yeux ouverts, pour r\u00e9sister au d\u00e9ferlement d&#039;images, s\u00e9parer le faux du vrai, le choc du chic, le toc du too much.Pierrick Mathon r\u00e9ussit le tour de force de cr\u00e9er des images impossibles, fortes et glamour, douces et belles. Il est pass\u00e9 ma\u00eetre dans l&#039;art de ma\u00eetriser la technique, la d\u00e9passant pour proposer des images au del\u00e0 du r\u00e9alisme, des images r\u00eav\u00e9es, des images qui devraient exister, faites pour enchanter. Il fabrique des sc\u00e8nes o\u00f9 les lions sont c\u00e2lins et les ca\u00efmans doux comme des b\u00e9b\u00e9s, o\u00f9 les requins sont tenus en laisse. les gorilles sentimentaux et les rhinoc\u00e9ros d&#039;adorables compagnons. Qu&#039;importe les coulisses de fabrication, pourvu que reste le pouvoir d&#039;admirer ces images. L\u2019affiche du salon SM&#039;ART Life porte la signature de Pierrick Mathon, dont la cr\u00e9ativit\u00e9 et le talent en font l\u2019 artisan de cette r\u00e9alisation remarquable.\"\n\tdata-web=\"https:\/\/pierrickmathon.com\/\"\n\tdata-photo1=\"https:\/\/salonsmart-aix.com\/intranet\/wp-content\/uploads\/2026\/04\/1-fotor-enhance-20260411195011-1-826x1024.jpg\"\n\tdata-photo2=\"https:\/\/salonsmart-aix.com\/intranet\/wp-content\/uploads\/2026\/04\/CAPUCINO.jpg\"\n\tdata-photo3=\"https:\/\/salonsmart-aix.com\/intranet\/wp-content\/uploads\/2026\/04\/RINHO.jpg\"><img decoding=\"async\" loading=\"lazy\" src=\"https:\/\/salonsmart-aix.com\/intranet\/wp-content\/uploads\/2026\/04\/1-fotor-enhance-20260411195011-1-242x300.jpg\" alt=\"PIERRICK MATHON\"><\/div><div class=\"exposant-item\"\n\tdata-name=\"RAFFY\"\n\tdata-bio=\"Trois facettes d\u2019un univers personnel\u00a0: Artiste Peintre\u00a0maintenant - Designer en jeunesse - Architecte en maturit\u00e9 .  - N\u00e9 le 25 Octobre 1951 - \u00c9tudes Lyc\u00e9e Montaigne Bordeaux , Lyc\u00e9e de Talence - BAC math - Universit\u00e9 d\u2019Architecture de Bordeaux . Dipl\u00f4me\u00a0: Architecte DPLG\u00a0.Enseignant Design Penninghen .CARRI\u00c8RE\u00a0:  Son regard sur les formes s\u2019est affirm\u00e9 \u00e0 partir des travaux de Design Mobilier et objets; Les expositions au Grand Palais \u00e0 Paris et Le soutien du VIA de 1986 \u00e0 1996 ont marqu\u00e9 le d\u00e9but de parcours avec plusieurs encouragements : M\u00e9daille de bronze Salon des architectes d\u00e9corateurs - SAD Paris 1985; Bourse AGORA- Design mobilier- Paris 1986; Expositions au Japon 1987 Design .\u0152UVRES ET TRAVAUX\u00a0:Peinture\u00a0:Maintenant plus \u00e2g\u00e9, son regard se tourne vers notre Dualit\u00e9 femmes\/hommes et notre temporalit\u00e9 dans notre notre environnement avec Quatre th\u00e9matiques\u00a0: Les Transsexuels , les Femmes remarquables , les r\u00eaves qui s\u2019enfuient  et la mythologie invers\u00e9e .Salon d\u2019Automne 2023 , 2024 , 2025 Paris champs Elys\u00e9e Exposition 2023 Galerie Monaco, Paris Galerie Etienne de Caussan Artcurial et Drouot- h\u00f4tel des ventes 2024 \u2013 2025 Peintures et Mobiliers Smart AIX 2023-2024-2025Exposition personnelle Vallauris \u2013 Paris Le Marais.Design:  \u00c9ditions Soca; collections:  Shanga\u00ef, Cosmos, kangourou, B 52, Benchmobil; Miss paris  .\u00c9ditions Farjon; Tables Prao; Biblioth\u00e8que Triplan; Table basse Nautilus et r\u00e9alisation mobiliers Ch\u00e2teau Petrus.Carre diffusion; Tabourets et banquettes  Th\u00e8bes .\u00c9ditions Grange Passerelle ; Collection Atlantic: tables; bureaux; consoles; paravents; chaises; bridgesFermob; Carte blanche du VIA 1992: Chaises Demoiselles; Gu\u00e9ridon Damoiseau.\u00c9ditions Chevillotte; Collection Raffy 151 : Billards ; Bridges;   tables de jeux ; Jeux d\u2019\u00c9checs.\u00c9ditions Qui est Paul; Collection Raffy: Sofas d\u2019ext\u00e9rieur et tables basses en rotomoulage.\u00c9ditions Technilum ; Sets de table, Tire bouchons; Chenets.\u00c9ditions Laguiole et Nontron; Collections de couteaux -Gammes signatures: Couteaux pliants et Couteaux de table.Acquisitions FRAC Aquitaine MECA et Centre National d\u2019Art Plastique .Architecture \u00a0:Dans le domaine Religieux:Repr\u00e9sentation du sentiment Bouddhiste en Design pour le grand Temple Bouddhiste  de 120 m- Jodo Garden - au Japon.    Dans le domaine de la Mode:Il reprend l\u2019image de marque de la maison m\u00e8re lors de la r\u00e9alisation du Show-room du couturier -Paco Rabanne- \u00e0 Paris.Dans le domaine de la cuisine: 3 \u00e9toiles Michelin, il r\u00e9alise le B\u00e2timent de Michel Bras \u00e0 Laguiole de l\u2019Architecture au Design mobilier.Dans le domaine de l\u2019H\u00f4tellerie: Club Med de Tignes et Maldives. Sofitel de Salvador de Bahia Br\u00e9sil; Boutique h\u00f4tel Clinton \u00e0 Miami South Beach.H\u00f4tel des Lacs d\u2019Halco et H\u00f4tel \u00e0 Leucate falaise. Dans le domaine des Mus\u00e9s: Mus\u00e9e pr\u00e9historique de. La Dame \u00e0 la Capuche \u00e0 Brassempouy et Mus\u00e9e Fran\u00e7ois Mauriac \u00e0 Langon -CMH Tarascon . DISTINCTIONS Ce parcours en France, en Asie , aux Am\u00e9riques\u00a0; s\u2019est toujours accompli avec la complicit\u00e9 d\u2019Architectes, d\u2019\u00e9diteurs et de peintres qui ont permis de finaliser une esth\u00e9tique sensorielle de l\u2019objet \u00e0 l\u2019Architecture en passant par le dessin et maintenant la peinture . Ces aventures et r\u00e9alisations  ont re\u00e7u le soutien de la Biennale de Venise 1992 ; d\u2019un  Prix \u00e0 Miami en 2001 pour la r\u00e9novation de patrimoine ancien; de la M\u00e9daille de l\u2019Acad\u00e9mie d\u2019Architecture en 1995 et du 1\u00b0 Prix APIDA \u00e0 Hong Kong sur la zone Asie Pacifique.En 2004 le Mus\u00e9e des Arts D\u00e9coratifs du Louvre fait l\u2019acquisition de 7 cahiers  et de 60 dessins de design. Maintenant devenu \u00ab\u00a0vintage\u00a0\u00bb mes  Mobiliers sont dans des galeries sympas et font partis de ventes chez Artcurial 2024-2025 et Drouot 2025 .   ADRESSE MAIL\u00a0: raffydesign9@gmail.com  SITE\u00a0Eric Raffy  R\u00c9SEAUX SOCIAUX\u00a0: Instagram Facebook- 06 08 421 555\"\n\tdata-web=\"\"\n\tdata-photo1=\"https:\/\/salonsmart-aix.com\/intranet\/wp-content\/uploads\/2026\/03\/photo-pour-catalogue-1015x1024.jpg\"\n\tdata-photo2=\"https:\/\/salonsmart-aix.com\/intranet\/wp-content\/uploads\/2026\/03\/1-7.jpg\"\n\tdata-photo3=\"https:\/\/salonsmart-aix.com\/intranet\/wp-content\/uploads\/2026\/03\/PHOTOS-2-1024x716.jpg\"><img decoding=\"async\" loading=\"lazy\" src=\"https:\/\/salonsmart-aix.com\/intranet\/wp-content\/uploads\/2026\/03\/photo-pour-catalogue-297x300.jpg\" alt=\"RAFFY\"><\/div><div class=\"exposant-item\"\n\tdata-name=\"R\u00c9MI BENARD\"\n\tdata-bio=\"Je viens d\u2019un silence profond. Celui de la terre, du vin, de l\u2019enfance. Longtemps, j\u2019ai cherch\u00e9 \u00e0 comprendre la vie en la fa\u00e7onnant. Aujourd\u2019hui, je la laisse parler \u00e0 travers moi.Je suis un artiste de la vibration, sculpteur de mati\u00e8re et po\u00e8te de l\u2019invisible. Mon art est un acte de v\u00e9rit\u00e9, d\u2019amour et de libert\u00e9. Il na\u00eet d\u2019un geste libre, sans filtre, brut et sacr\u00e9. Il ne r\u00e9pond \u00e0 aucune m\u00e9thode, \u00e0 aucun style : il est une \u00e9coute. L\u2019\u00e9coute du vivant, du subtil, de ce qui vibre sous la surface.Chaque peinture, chaque sculpture, chaque po\u00e8me est une offrande, un souffle sans dogme, une passerelle entre les mondes, un \u00e9cho sensible. Mes cr\u00e9ations ne cherchent pas \u00e0 embellir un espace : Elles le traversent, l\u2019habitent, le transforment. Elles parlent \u00e0 l\u2019\u00e2me, effleurent la peau, \u00e9veillent des r\u00e9sonances intimes.\"\n\tdata-web=\"https:\/\/www.remibenard.com\/\"\n\tdata-photo1=\"https:\/\/salonsmart-aix.com\/intranet\/wp-content\/uploads\/2026\/03\/1-4-1024x1019.jpg\"\n\tdata-photo2=\"https:\/\/salonsmart-aix.com\/intranet\/wp-content\/uploads\/2026\/03\/2-1024x788.jpg\"\n\tdata-photo3=\"https:\/\/salonsmart-aix.com\/intranet\/wp-content\/uploads\/2026\/03\/Le-lutin-du-Pere-Noel-Face-822x1024.png\"><img decoding=\"async\" loading=\"lazy\" src=\"https:\/\/salonsmart-aix.com\/intranet\/wp-content\/uploads\/2026\/03\/1-4-300x300.jpg\" alt=\"R\u00c9MI BENARD\"><\/div><div class=\"exposant-item\"\n\tdata-name=\"RITCHIE KELLER\"\n\tdata-bio=\"Situ\u00e9e au c\u0153ur de Paris, la Galerie de l&#039;\u00e9toile est un espace d\u00e9di\u00e9 \u00e0 l&#039;art contemporain, o\u00f9 l&#039;expression artistique prend vie sous ses diff\u00e9rentes formes. Fond\u00e9e par l&#039;\u00e9minent collectionneur et passionn\u00e9 d&#039;art, Galerie de l&#039;\u00e9toile, notre galerie s&#039;engage \u00e0 pr\u00e9senter des \u0153uvres inspirantes et novatrices qui captivent l&#039;imagination et stimulent la r\u00e9flexion.\"\n\tdata-web=\"https:\/\/www.galerie-de-l-etoile.fr\/\"\n\tdata-photo1=\"https:\/\/salonsmart-aix.com\/intranet\/wp-content\/uploads\/2026\/03\/IMG_2527.jpeg\"\n\tdata-photo2=\"\"\n\tdata-photo3=\"\"><img decoding=\"async\" loading=\"lazy\" src=\"https:\/\/salonsmart-aix.com\/intranet\/wp-content\/uploads\/2026\/03\/IMG_2527-300x225.jpeg\" alt=\"RITCHIE KELLER\"><\/div><div class=\"exposant-item\"\n\tdata-name=\"ROBERTO ZIRANU\"\n\tdata-bio=\"L&#039;artiste Roberto Ziranu, issu de cinq g\u00e9n\u00e9rations de forgerons, est un sculpteur d&#039;art contemporain et, au cours de sa carri\u00e8re artistique, il a su cr\u00e9er une voie innovante gr\u00e2ce \u00e0 sa capacit\u00e9 \u00e0 donner de l&#039;\u00e2me au fer en le forgeant et en le fa\u00e7onnant.  Ses \u0153uvres sont l&#039;aboutissement d&#039;un travail m\u00e9ticuleux d&#039;\u00e9tude et d&#039;exp\u00e9rimentation avec la mati\u00e8re brute, le fer, et sa capacit\u00e9 inn\u00e9e \u00e0 le forger et \u00e0 le fa\u00e7onner, lui donnant \u00e2me, reflets et couleur. Du forgeron au fer, de l&#039;artisanat aux \u0153uvres d&#039;art, ses \u0153uvres sont appr\u00e9ci\u00e9es dans le monde entier pour l&#039;attention et l&#039;amour qui transparaissent de la culture et de l&#039;histoire de sa Terre Sarde qu&#039;il a d\u00e9cid\u00e9 de vivre pleinement.  Ziranu a lib\u00e9r\u00e9 les couleurs du fer, bleu cobalt, jaune paille et vert mousse, toutes les facettes de l&#039;identit\u00e9 d&#039;un mat\u00e9riau vivant, sanguin et t\u00eatu. Une livr\u00e9e de nuances qui, sans l&#039;aide d&#039;oxydes ou de m\u00e9langes, r\u00e9v\u00e8le le caract\u00e8re expansif d&#039;un m\u00e9tal injustement consid\u00e9r\u00e9 comme gris et pr\u00e9visible.\"\n\tdata-web=\"https:\/\/www.robertoziranu.com\/\"\n\tdata-photo1=\"https:\/\/salonsmart-aix.com\/intranet\/wp-content\/uploads\/2026\/04\/3-2-1024x937.jpg\"\n\tdata-photo2=\"https:\/\/salonsmart-aix.com\/intranet\/wp-content\/uploads\/2026\/04\/20250913_171634-1-1024x473.jpg\"\n\tdata-photo3=\"https:\/\/salonsmart-aix.com\/intranet\/wp-content\/uploads\/2026\/04\/Screenshot_20250927_110358_Instagram-1024x576.jpg\"><img decoding=\"async\" loading=\"lazy\" src=\"https:\/\/salonsmart-aix.com\/intranet\/wp-content\/uploads\/2026\/04\/3-2-300x274.jpg\" alt=\"ROBERTO ZIRANU\"><\/div><div class=\"exposant-item\"\n\tdata-name=\"ROCK&#039;ART\"\n\tdata-bio=\"Dominique Capocci, portraitiste d\u2019exception et v\u00e9ritable chroniqueur de son \u00e9poque, d\u00e9ploie son talent sur une multitude de supports, affirmant une libert\u00e9 d\u2019expression sans limites. Son univers, teint\u00e9 d\u2019influences pop art, vibre d\u2019une intensit\u00e9 chromatique saisissante, o\u00f9 la lumi\u00e8re devient langage et \u00e9motion. \u00c0 travers des sujets ancr\u00e9s dans l\u2019actualit\u00e9, il capture l\u2019essence d\u2019une soci\u00e9t\u00e9 en perp\u00e9tuel mouvement. Visages, d\u00e9cors et mati\u00e8res fusionnent dans des compositions puissantes, allant droit \u00e0 l\u2019essentiel. Il qualifie lui-m\u00eame son style de \u00ab Rock\u2019 Art \u00bb : une signature audacieuse, \u00e9lectrique, r\u00e9solument contemporaine.Artiste complet et passionn\u00e9, il s\u2019exprime \u00e9galement \u00e0 travers la sculpture, donnant naissance \u00e0 des pi\u00e8ces uniques fa\u00e7onn\u00e9es enti\u00e8rement \u00e0 la main. De la toile au volume, Dominique Capocci impose une vision artistique libre, vibrante d\u2019\u00e9nergie et subtilement teint\u00e9e d\u2019humour.Fid\u00e8le au rendez-vous, cette \u00e9dition du SM\u2019ART marque pour lui une \u00e9tape symbolique : sa 18\u1d49 participation \u00e0 ce salon incontournable.\"\n\tdata-web=\"https:\/\/rockartbycapocci.com\/\"\n\tdata-photo1=\"https:\/\/salonsmart-aix.com\/intranet\/wp-content\/uploads\/2026\/03\/Bombasse-Didier-GERARD-60-cm-2-1024x1024.jpeg\"\n\tdata-photo2=\"https:\/\/salonsmart-aix.com\/intranet\/wp-content\/uploads\/2026\/03\/LE-CHAT-AUX-POISSONS-MATISSE-817x1024.jpeg\"\n\tdata-photo3=\"https:\/\/salonsmart-aix.com\/intranet\/wp-content\/uploads\/2026\/03\/AngeLover-91-x-87-cm-1024x960.jpg\"><img decoding=\"async\" loading=\"lazy\" src=\"https:\/\/salonsmart-aix.com\/intranet\/wp-content\/uploads\/2026\/03\/Bombasse-Didier-GERARD-60-cm-2-300x300.jpeg\" alt=\"ROCK&#039;ART\"><\/div><div class=\"exposant-item\"\n\tdata-name=\"SACERD&#039;ART\"\n\tdata-bio=\"PARTAGEONS NOTRE PASSION POUR L&#039;ART ET REALISONS ENSEMBLE VOS PROJETS ! Vous g\u00e9rez une soci\u00e9t\u00e9 ou exercez en tant que profession lib\u00e9rale, faites de vos locaux une fen\u00eatre ouverte sur le monde de l\u2019Art et de la Culture.D\u00e9couvrez une solution innovante alliant plaisir et avantages, gr\u00e2ce \u00e0 la location d\u2019\u0153uvres d\u2019art !Depuis plus de 15 ans, sous la Direction et l\u2019impulsion de Samuel Lusseau,notre structure est devenue l\u2019une des principales r\u00e9f\u00e9rence en mati\u00e8re d\u2019accompagnement et de financement d\u2019\u0153uvres d\u2019art et de mobilier d\u2019exception.  Nous vous proposons une prestation compl\u00e8te,   un financement sur mesure et un accompagnement \u00e0 la r\u00e9alisation de votre projet gr\u00e2ce au r\u00e9seau d\u2019artistes, galeries et partenaires avec qui nouscollaborons en toute confiance et ind\u00e9pendance.  Notre rapidit\u00e9 d\u2019intervention, notre capacit\u00e9 d&#039;adaptation, nos choix judicieux et notre professionnalisme sont autant d\u2019atouts qui font de nous un acteur reconnu dans le domaine. La location financi\u00e8re permet de profiterd\u2019un investissement s\u00fbr, sans engager les fonds propres de votre soci\u00e9t\u00e9, et de d\u00e9duire les loyers int\u00e9gralement.\"\n\tdata-web=\"https:\/\/www.sacerdart.fr\/\"\n\tdata-photo1=\"https:\/\/salonsmart-aix.com\/intranet\/wp-content\/uploads\/2026\/04\/Capture-decran-2026-03-26-061115.jpg\"\n\tdata-photo2=\"\"\n\tdata-photo3=\"\"><img decoding=\"async\" loading=\"lazy\" src=\"https:\/\/salonsmart-aix.com\/intranet\/wp-content\/uploads\/2026\/04\/Capture-decran-2026-03-26-061115.jpg\" alt=\"SACERD&#039;ART\"><\/div><div class=\"exposant-item\"\n\tdata-name=\"SANARY ART GALERIE\"\n\tdata-bio=\"Situ\u00e9e au c\u0153ur de Sanary-sur-Mer, la galerie propose un espace d\u2019exposition o\u00f9 cohabitent des figures reconnues sur le march\u00e9 de l\u2019art ainsi que des talents \u00e9mergents.Le choix artistique de son fondateur, Jonathan BURET, se porte essentiellement vers l\u2019avant-garde des mouvements de l\u2019apr\u00e8s-guerre jusqu\u2019\u00e0 aujourd\u2019hui. Jonathan est toujours en qu\u00eate de \u00ab p\u00e9pites \u00bb afin de faire (re)d\u00e9couvrir des tr\u00e9sors qui ont \u00e9t\u00e9 parfois oubli\u00e9s.SANARY ART GALERIE r\u00e9pond aux exigences des collectionneurs, suscite des coups de c\u0153ur aupr\u00e8s des amateurs d\u2019art et propose d\u2019embellir les espace de travail de professionnels via la LOA (Location avec option d\u2019achat) gr\u00e2ce \u00e0 de collaborations durables et qualitatives.\"\n\tdata-web=\"https:\/\/www.sanaryartgalerie.com\/\"\n\tdata-photo1=\"https:\/\/salonsmart-aix.com\/intranet\/wp-content\/uploads\/2026\/03\/IMAGE-VITRINE-CATALOGUE-1024x757.jpeg\"\n\tdata-photo2=\"https:\/\/salonsmart-aix.com\/intranet\/wp-content\/uploads\/2026\/03\/sanary-art-galerie-3-1024x768.jpeg\"\n\tdata-photo3=\"https:\/\/salonsmart-aix.com\/intranet\/wp-content\/uploads\/2026\/03\/QRCODE2-1.jpeg\"><img decoding=\"async\" loading=\"lazy\" src=\"https:\/\/salonsmart-aix.com\/intranet\/wp-content\/uploads\/2026\/03\/IMAGE-VITRINE-CATALOGUE-300x222.jpeg\" alt=\"SANARY ART GALERIE\"><\/div><div class=\"exposant-item\"\n\tdata-name=\"SANDRA.R\"\n\tdata-bio=\"Apr\u00e8s un passage aux Beaux-Arts, je suis partie vivre en Australie,o\u00f9 j&#039;ai v\u00e9cu sept ann\u00e9es riches d\u2019une aventure humaine et artistique.L\u00e0-bas, mon coup de foudre pour l\u2019art aborig\u00e8ne a profond\u00e9ment marqu\u00e9 mon travail.De cette rencontre est n\u00e9e une fusion entre mesdeux cultures, donnant \u00e0 mes peintures un stylecontemporain, peupl\u00e9 de points color\u00e9s.Inspir\u00e9e par les r\u00e9cits ancestraux des tribusaborig\u00e8nes et le pointillisme fran\u00e7ais du XIX\u1d49si\u00e8cle, j&#039;ai choisi de me laisser guider par le point,devenu le fil conducteur de mon histoire.Mon travail oscille entre abstraction et figuration,port\u00e9 par une exploration libre de la couleur et duhasard, en hommage \u00e0 ce peuple qui nousmurmure encore aujourd&#039;hui les secrets du \u00abTemps du R\u00eave \u00bb.\"\n\tdata-web=\"https:\/\/www.facebook.com\/Sandra.art8\/\"\n\tdata-photo1=\"https:\/\/salonsmart-aix.com\/intranet\/wp-content\/uploads\/2026\/03\/1-5.jpg\"\n\tdata-photo2=\"https:\/\/salonsmart-aix.com\/intranet\/wp-content\/uploads\/2026\/04\/Magic-Wolf-60x60cm-944x1024.jpg\"\n\tdata-photo3=\"https:\/\/salonsmart-aix.com\/intranet\/wp-content\/uploads\/2026\/04\/DSC0023-684x1024.jpg\"><img decoding=\"async\" loading=\"lazy\" src=\"https:\/\/salonsmart-aix.com\/intranet\/wp-content\/uploads\/2026\/03\/1-5-300x278.jpg\" alt=\"SANDRA.R\"><\/div><div class=\"exposant-item\"\n\tdata-name=\"SARL HARO\"\n\tdata-bio=\"Soudeur de formation, j\u2019ai d\u00e9velopp\u00e9 une technique novatrice pour cr\u00e9er une \u0153uvre unique, entre le tableau et la sculpture.Dans mon atelier, les pastilles d\u2019acier brutes, r\u00e9cup\u00e9r\u00e9es en m\u00e9tallerie, sont model\u00e9es une par une pour leur donner la courbureparfaite. Soud\u00e9es minutieusement, elles donnent vie \u00e0 des cr\u00e9ations tout en relief.Ces \u00ab tableaux-sculptures \u00bb, comme je les appelle, subliment le mouvement de mes sujets qui disparaissent dans le cadre, qui en devient une fen\u00eatre ouverte \u00e0 l\u2019imagination.\"\n\tdata-web=\"https:\/\/www.haro-frederic.com\/\"\n\tdata-photo1=\"https:\/\/salonsmart-aix.com\/intranet\/wp-content\/uploads\/2026\/03\/ELIE-498x1024.jpg\"\n\tdata-photo2=\"\"\n\tdata-photo3=\"\"><img decoding=\"async\" loading=\"lazy\" src=\"https:\/\/salonsmart-aix.com\/intranet\/wp-content\/uploads\/2026\/03\/ELIE-146x300.jpg\" alt=\"SARL HARO\"><\/div><div class=\"exposant-item\"\n\tdata-name=\"SOPHIE FARCI\"\n\tdata-bio=\"Sophie Farci est une artiste peintre dont la recherche s\u2019articule autour de la perception des structures invisibles du r\u00e9el. Nourrie d\u00e8s l\u2019enfance par la po\u00e9sie, la musique et la peinture, elle d\u00e9veloppe une approche o\u00f9 intuition et construction dialoguent constamment.Son travail explore la tension entre spontan\u00e9it\u00e9 du geste et organisation de l\u2019espace pictural. Couleur, lignes et formes deviennent les \u00e9l\u00e9ments d\u2019un langage visuel \u00e0 travers lequel \u00e9mergent des architectures sensibles, r\u00e9v\u00e9lant ce qui se dissimule derri\u00e8re l\u2019apparence.\u00c0 la crois\u00e9e de l\u2019instinct et de la perception subtile, la peinture de Sophie Farci ouvre un espace o\u00f9 le regard est invit\u00e9 \u00e0 d\u00e9passer la r\u00e9alit\u00e9 visible pour acc\u00e9der \u00e0 une exp\u00e9rience plus profonde et int\u00e9rieure du monde.\u00a0\"\n\tdata-web=\"https:\/\/www.instagram.com\/le_trait_stellaire\/\"\n\tdata-photo1=\"https:\/\/salonsmart-aix.com\/intranet\/wp-content\/uploads\/2026\/03\/1-608x1024.jpeg\"\n\tdata-photo2=\"https:\/\/salonsmart-aix.com\/intranet\/wp-content\/uploads\/2026\/03\/2-630x1024.jpeg\"\n\tdata-photo3=\"\"><img decoding=\"async\" loading=\"lazy\" src=\"https:\/\/salonsmart-aix.com\/intranet\/wp-content\/uploads\/2026\/03\/1-178x300.jpeg\" alt=\"SOPHIE FARCI\"><\/div><div class=\"exposant-item\"\n\tdata-name=\"SOPHIE LEROOY\"\n\tdata-bio=\"Apr\u00e8s une carri\u00e8re dans le monde des affaires, Sophie Lerooy s&#039;engage progressivement dans la cr\u00e9ation artistique et approfondie son travail \u00e0 partir des ann\u00e9es 2010. Form\u00e9e au modelage et aux bases de l&#039;anatomie, elle travaille l&#039;argile comme une mati\u00e8re vivante. Le moulage prolonge ensuite ce dialogue permettant \u00e0 la sculpture de trouver sa juste incarnation.La mati\u00e8re devient ensuite un langage \u00e0 travers lequel elle cherche \u00e0 traduire des \u00e9tats int\u00e9rieurs, des passages, des transformations. Chaque \u0153uvres na\u00eet d&#039;un mouvement intime, d&#039;un \u00e9lan silencieux, et tente de rendre visible l&#039;\u00e9motion, la tension, la douceur, la fragilit\u00e9, la force. Son travail s&#039;inscrit dans une recherche de pr\u00e9sence au corps, \u00e0 l&#039;\u00e2me, \u00e0 soi.Elle s&#039;int\u00e9resse \u00e0 ces instants suspendus o\u00f9 quelque chose bascule, o\u00f9 une conscience s&#039;ouvre, o\u00f9 un \u00e9quilibre se transforme. Le geste devient alors un chemin vers l&#039;int\u00e9rieur, un espace de concentration et de pr\u00e9sence.Elle cherche \u00e0 cr\u00e9er un espace de r\u00e9sonnance, o\u00f9 le regard peut ralentir, o\u00f9 le corps peut ressentir, o\u00f9 l&#039;\u00e9motion peut circuler.Un lieu silencieux, entre mati\u00e8re et conscience.\"\n\tdata-web=\"https:\/\/sophielerooy.com\/\"\n\tdata-photo1=\"https:\/\/salonsmart-aix.com\/intranet\/wp-content\/uploads\/2026\/03\/SL-25004-AJNA.jpg\"\n\tdata-photo2=\"https:\/\/salonsmart-aix.com\/intranet\/wp-content\/uploads\/2026\/03\/SL-25009-Psyche.jpg\"\n\tdata-photo3=\"https:\/\/salonsmart-aix.com\/intranet\/wp-content\/uploads\/2026\/03\/SL-25008-MULADHARA.jpg\"><img decoding=\"async\" loading=\"lazy\" src=\"https:\/\/salonsmart-aix.com\/intranet\/wp-content\/uploads\/2026\/03\/SL-25004-AJNA-202x300.jpg\" alt=\"SOPHIE LEROOY\"><\/div><div class=\"exposant-item\"\n\tdata-name=\"STEPHANIE COURRIAS\"\n\tdata-bio=\"St\u00e9phanie COURRIAS, artiste peintre plasticienne autodidacte, s\u2019inspire du mouvement Pop Art\/Street Art. Les couleurs vives, les images qui ont berc\u00e9 notre enfance et toute l\u2019\u00e9nergie qu\u2019il en ressort, lui permettent d\u2019exprimer des \u00e9motions l\u00e9g\u00e8res qui r\u00e9confortent. Son univers se traduit par \u00ab Les ballons \u00bb qui sont sa signature, sur socle ou en tableau. Tout un symbole pour elle. Elle a cr\u00e9\u00e9 sa propre figurine, le Teddy Balloon, un nounours revisit\u00e9, ainsi que des c\u0153urs mod\u00e9lis\u00e9s en PETG, un mat\u00e9riau \u00e0 la fois robuste et durable, reprenant les codes du ballon.\u00c0 travers ses cr\u00e9ations, elle souhaite faire ressurgir instantan\u00e9ment des souvenirs et des \u00e9motions positives, d\u00e8s le premier regard pos\u00e9 sur un ballon, un papillon, un nounours ou une figurine de notre enfance \u2014 autant de symboles universels qui r\u00e9chauffent le c\u0153ur et font na\u00eetre le sourire.Aujourd\u2019hui, le TEDDY BALLOON est une \u0153uvre unique dont le mod\u00e8le et la marque ont \u00e9t\u00e9 d\u00e9pos\u00e9s et enregistr\u00e9s aupr\u00e8s de l\u2019INPI.\"\n\tdata-web=\"https:\/\/www.instagram.com\/popartbyscourrias\/\"\n\tdata-photo1=\"https:\/\/salonsmart-aix.com\/intranet\/wp-content\/uploads\/2026\/04\/4-837x1024.jpg\"\n\tdata-photo2=\"https:\/\/salonsmart-aix.com\/intranet\/wp-content\/uploads\/2026\/04\/1000034007-897x1024.jpg\"\n\tdata-photo3=\"https:\/\/salonsmart-aix.com\/intranet\/wp-content\/uploads\/2026\/04\/1000038943-561x1024.jpg\"><img decoding=\"async\" loading=\"lazy\" src=\"https:\/\/salonsmart-aix.com\/intranet\/wp-content\/uploads\/2026\/04\/4-245x300.jpg\" alt=\"STEPHANIE COURRIAS\"><\/div><div class=\"exposant-item\"\n\tdata-name=\"TARGETART\"\n\tdata-bio=\"TARGETART est une galerie digitale d\u2019art contemporain n\u00e9e d\u2019un d\u00e9sir simple : remettre l\u2019humain au c\u0153ur de l\u2019art. Nous croyons que chaque \u0153uvre porte une histoire, une voix et un engagement singulier. Avant d\u2019\u00eatre un march\u00e9, l\u2019art est pour nous une rencontre. Une rencontre entre des artistes, des regards et  des sensibilit\u00e9s multiples. TARGETART accompagne les artistes avec attention, \u00e9coute et respect. Nous d\u00e9fendons des parcours sinc\u00e8res, libres et assum\u00e9s. Notre galerie digitale est un espace ouvert \u00e0 tous  les univers cr\u00e9atifs. Peinture, photographie, sculpture, arts plastiques, arts num\u00e9riques ou formes hybrides s\u2019y c\u00f4toient. Nous c\u00e9l\u00e9brons la diversit\u00e9 des expressions et des d\u00e9marches contemporaines. La curiosit\u00e9 est notre moteur, la d\u00e9couverte notre engagement.\"\n\tdata-web=\"https:\/\/targetart.fr\/\"\n\tdata-photo1=\"https:\/\/salonsmart-aix.com\/intranet\/wp-content\/uploads\/2026\/03\/FRANCOISE-LENOBLE-2.png\"\n\tdata-photo2=\"https:\/\/salonsmart-aix.com\/intranet\/wp-content\/uploads\/2026\/03\/PATRICK-MOLES-1.png\"\n\tdata-photo3=\"https:\/\/salonsmart-aix.com\/intranet\/wp-content\/uploads\/2026\/03\/PAUL-MARNEE-2.png\"><img decoding=\"async\" loading=\"lazy\" src=\"https:\/\/salonsmart-aix.com\/intranet\/wp-content\/uploads\/2026\/03\/FRANCOISE-LENOBLE-2-300x300.png\" alt=\"TARGETART\"><\/div><div class=\"exposant-item\"\n\tdata-name=\"V\u00c9RONIQUE GUILLOU\"\n\tdata-bio=\"V\u00e9ronique Guillou est sculptrice papier. Elle cr\u00e9e des \u0153uvres murales et des sculptures en volume, enti\u00e8rement r\u00e9alis\u00e9es \u00e0 la main, dans un papier blanc travaill\u00e9 par collage, modelage et s\u00e9chage. Cette technique singuli\u00e8re conf\u00e8re au papier une solidit\u00e9 durable tout en conservant une extr\u00eame l\u00e9g\u00e8ret\u00e9 visuelle. Son univers, \u00e9pur\u00e9 et monochrome, s\u2019inspire de la nature, du v\u00e9g\u00e9tal et du monde organique. Les jeux d\u2019ombres et de lumi\u00e8re donnent aux \u0153uvres une pr\u00e9sence sculpturale subtile, presque architecturale. Elle collabore r\u00e9guli\u00e8rement avec des d\u00e9corateurs, architectes d\u2019int\u00e9rieur, galeries et maisons de luxe, en France et \u00e0 l\u2019international, pour des projets sur mesure destin\u00e9s \u00e0 des lieux d\u2019exception : r\u00e9sidences priv\u00e9es, h\u00f4tels, boutiques ...\"\n\tdata-web=\"https:\/\/www.veroniqueguillou.fr\/\"\n\tdata-photo1=\"https:\/\/salonsmart-aix.com\/intranet\/wp-content\/uploads\/2026\/03\/MARILYN-1024x1002.jpg\"\n\tdata-photo2=\"https:\/\/salonsmart-aix.com\/intranet\/wp-content\/uploads\/2026\/03\/JANVIER-2026-1024x833.jpg\"\n\tdata-photo3=\"https:\/\/salonsmart-aix.com\/intranet\/wp-content\/uploads\/2026\/03\/jardin-eden-768x1024.jpg\"><img decoding=\"async\" loading=\"lazy\" src=\"https:\/\/salonsmart-aix.com\/intranet\/wp-content\/uploads\/2026\/03\/MARILYN-300x294.jpg\" alt=\"V\u00c9RONIQUE GUILLOU\"><\/div><div class=\"exposant-item\"\n\tdata-name=\"VIRTUOSES ART\"\n\tdata-bio=\"VIRTUOSES ART, bas\u00e9e \u00e0 Saint-Julien-de-Vouvantes, se consacre \u00e0 une mission passionnante : promouvoir et valoriser les cr\u00e9ations artistiques sous toutes leurs formes.  L&#039;art, qu&#039;il soit peint, sculpt\u00e9 ou m\u00eame num\u00e9rique, poss\u00e8de un pouvoir unique de rassembler, d&#039;\u00e9mouvoir et de faire r\u00e9fl\u00e9chir. VIRTUOSES ART s&#039;engage \u00e0 mettre en lumi\u00e8re des talents souvent m\u00e9connus, offrant ainsi une plateforme pour l&#039;\u00e9change artistique. VIRTUOSES ART vous pr\u00e9sente le sculpteur designer CARL JAUNAY  et le photographe, cr\u00e9ateur d&#039;images, JEAN-PIERRE FLEURY.\"\n\tdata-web=\"https:\/\/www.recyclagedesign.com\/\"\n\tdata-photo1=\"https:\/\/salonsmart-aix.com\/intranet\/wp-content\/uploads\/2026\/03\/Capture-decran-2026-02-22-172613.jpg\"\n\tdata-photo2=\"https:\/\/salonsmart-aix.com\/intranet\/wp-content\/uploads\/2026\/03\/Capture-decran-2026-02-22-181032.jpg\"\n\tdata-photo3=\"https:\/\/salonsmart-aix.com\/intranet\/wp-content\/uploads\/2026\/03\/DAME-AU-BALLON-Hauteur-2m10.jpg\"><img decoding=\"async\" loading=\"lazy\" src=\"https:\/\/salonsmart-aix.com\/intranet\/wp-content\/uploads\/2026\/03\/Capture-decran-2026-02-22-172613-300x237.jpg\" alt=\"VIRTUOSES ART\"><\/div>    <\/div>\n\n\t\n\t<div class=\"popup-overlay\"><\/div>\n\n\t<div class=\"exposant-popup\">\n\t\t<span class=\"popup-close\">\u00d7<\/span> <!-- croix ajout\u00e9e -->\n\t\t\n\t\t<h3><\/h3>\n\t\t<p><\/p>\n\n\t\t<div class=\"popup-thumbs\">\n\t\t\t<img class=\"thumb\">\n\t\t\t<img class=\"thumb\">\n\t\t\t<img class=\"thumb\">\n\t\t<\/div>\n\n\t<\/div>\n\t\n\t<div class=\"lightbox-overlay\">\n\t\t<span class=\"lightbox-close\">\u00d7<\/span>\n\t\t<span class=\"lightbox-prev\">&#10094;<\/span>\n\t\t<img decoding=\"async\" class=\"lightbox-image\" src=\"\">\n\t\t<span class=\"lightbox-next\">&#10095;<\/span>\n\t<\/div>\n\n    <!--<script>\n    document.addEventListener('DOMContentLoaded', function() {\n\t\tconst grid = document.querySelector('.exposants-masonry');\n\t\tif(grid) {\n\t\t\tnew Masonry(grid, {\n\t\t\t\titemSelector: '.exposant-item',\n\t\t\t\tcolumnWidth: 200,\n\t\t\t\tgutter: 15,\n\t\t\t\tfitWidth: true\n\t\t\t});\n\t\t}\n\t\n        const popup = document.querySelector('.exposant-popup');\n        const overlay = document.querySelector('.popup-overlay');\n\n        document.querySelectorAll('.exposant-item').forEach(item => {\n            item.addEventListener('click', function() {\n                popup.querySelector('h3').textContent = this.dataset.name;\n                popup.querySelector('p').textContent = this.dataset.bio;\n                popup.style.display = 'block';\n                overlay.style.display = 'block';\n            });\n        });\n\n        overlay.addEventListener('click', function() {\n            popup.style.display = 'none';\n            overlay.style.display = 'none';\n        });\n    });\n    <\/script> -->\n\t<script>\ndocument.addEventListener('DOMContentLoaded', function() {\n\t\n\tlet scrollPosition = 0;\n\n\tfunction openPopup() {\n\t\t\/\/ Sauvegarde la position actuelle\n\t\tscrollPosition = window.scrollY || window.pageYOffset;\n\n\t\t\/\/ Bloque le scroll\n\t\tdocument.body.style.top = `-${scrollPosition}px`;\n\t\tdocument.body.style.position = 'fixed';\n\t\tdocument.body.style.width = '100%';\n\t}\n\n\tfunction closePopup() {\n\t\t\/\/ D\u00e9bloque le scroll\n\t\tdocument.body.style.position = '';\n\t\tdocument.body.style.top = '';\n\t\tdocument.body.style.width = '';\n\t\t\n\t\tcurrentGallery = [];\n\n\t\t\/\/ Restaure la position\n\t\twindow.scrollTo(0, scrollPosition);\n\t}\n\n\n    const grid = document.querySelector('.exposants-masonry');\n    \n\t\/*if(grid) {\n        \/\/ attendre que toutes les images soient charg\u00e9es\n        imagesLoaded(grid, function() {\n            new Masonry(grid, {\n                itemSelector: '.exposant-item',\n                columnWidth: 200,\n                gutter: 15,\n                fitWidth: true\n            });\n        });\n    } *\/\n\t\n\tif(grid){\n        \/\/ initialise Masonry apr\u00e8s que toutes les images soient charg\u00e9es\n        imagesLoaded(grid, function() {\n            \/\/ cr\u00e9er instance Masonry\n            const msnry = new Masonry(grid, {\n                itemSelector: '.exposant-item',\n                columnWidth: '.grid-sizer',\n                gutter: 15,\n                fitWidth: true\n            });\n\n            \/\/ recalculer Masonry automatiquement au resize\n            window.addEventListener('resize', function() {\n                msnry.layout();\n            });\n        });\n    }\n\n    const popup = document.querySelector('.exposant-popup');\n    const overlay = document.querySelector('.popup-overlay');\n\n    \/\/ Gestion du clic sur les images\n    document.querySelectorAll('.exposant-item').forEach(item => {\n        \/*item.addEventListener('click', function() {\n            \/\/ V\u00e9rifie si tu veux aussi afficher la photo dans le popup\n\t\t\tconst img = this.querySelector('img');\n            const popupImg = popup.querySelector('.popup-photo img');\n            if(popupImg && img) {\n               \/\/ const img = this.querySelector('img');\n                popupImg.src = img.src;\n                popupImg.alt = img.alt;\n            }\n\n            popup.querySelector('h3').textContent = this.dataset.name;\n\t\t\tpopup.querySelector('p').textContent = this.dataset.bio;\n            popup.style.display = 'flex';\n            overlay.style.display = 'block';\n        }); *\/\n\t\t\n\t\titem.addEventListener('click', function() {\n\t\t\t\n\t\t\topenPopup(); \/\/ bloque scroll\n\t\t\t\n\t\t\tdocument.querySelector('#header').style.zIndex = \"1\";\n\n\t\t\tconst name = this.dataset.name;\n\t\t\tconst bio = this.dataset.bio;\n\t\t\tconst web = this.dataset.web;\n\n\t\t\tconst photo1 = this.dataset.photo1;\n\t\t\tconst photo2 = this.dataset.photo2;\n\t\t\tconst photo3 = this.dataset.photo3;\n\n\t\t\tpopup.querySelector('h3').textContent = name;\n\t\t\tpopup.querySelector('p').innerHTML = bio + \"<br\/><br\/><strong>Site internet<\/strong> : <a href='\" + web +\"' target='blank'>\" + web + \"<\/a>\";\n\n\t\t\tconst thumbs = popup.querySelectorAll('.popup-thumbs img');\n\n\t\t\tconst photos = [photo1, photo2, photo3];\n\n\t\t\tthumbs.forEach((thumb, index) => {\n\n\t\t\t\tif(photos[index]){\n\t\t\t\t\tthumb.src = photos[index];\n\t\t\t\t\t\/\/ thumb.style.display = \"block\";\n\t\t\t\t\tthumb.classList.remove('thumb-hidden');\n\t\t\t\t}else{\n\t\t\t\t\tthumb.src = \"\";\n\t\t\t\t\t\/\/ thumb.style.display = \"none\";\n\t\t\t\t\tthumb.classList.add('thumb-hidden');\n\t\t\t\t}\n\n\t\t\t});\n\n\t\t\tpopup.style.display = 'flex';\n\t\t\toverlay.style.display = 'block';\n\n\t\t});\n    });\n\t\n\tdocument.querySelectorAll('.popup-thumbs img').forEach(img => {\n\n\t\timg.addEventListener('click', function(e){\n\n\t\t\te.stopPropagation();\n\n\t\t\tconst lightbox = document.createElement('div');\n\t\t\tlightbox.style.position = \"fixed\";\n\t\t\tlightbox.style.top = 0;\n\t\t\tlightbox.style.left = 0;\n\t\t\tlightbox.style.width = \"100%\";\n\t\t\tlightbox.style.height = \"100%\";\n\t\t\tlightbox.style.background = \"rgba(0,0,0,.9)\";\n\t\t\tlightbox.style.display = \"flex\";\n\t\t\tlightbox.style.alignItems = \"center\";\n\t\t\tlightbox.style.justifyContent = \"center\";\n\t\t\tlightbox.style.zIndex = \"10000\";\n\n\t\t\tconst imgBig = document.createElement('img');\n\t\t\timgBig.src = this.src;\n\t\t\timgBig.style.maxWidth = \"90%\";\n\t\t\timgBig.style.maxHeight = \"90%\";\n\n\t\t\tlightbox.appendChild(imgBig);\n\n\t\t\tlightbox.addEventListener('click', function(){\n\t\t\t\tlightbox.remove();\n\t\t\t});\n\n\t\t\tdocument.body.appendChild(lightbox);\n\n\t\t});\n\n\t});\n\n    \/\/ Fermer le popup au clic sur l'overlay\n    overlay.addEventListener('click', function() {\n\t\t\n\t\tdocument.querySelector('#header').style.zIndex = \"9999\";\n        popup.style.display = 'none';\n        overlay.style.display = 'none';\n\t\t\n\t\tclosePopup(); \/\/ r\u00e9active scroll \u00e0 la position initiale\n    });\n\t\n\tdocument.querySelector('.popup-close').addEventListener('click', function() {\n\t\tdocument.querySelector('#header').style.zIndex = \"9999\";\n\t\tpopup.style.display = 'none';\n\t\toverlay.style.display = 'none';\n\t\tclosePopup(); \/\/ restaure le scroll \u00e0 sa position initiale\n\t});\n\t\n\t\n\t\n\t\/\/lightbox galerie\n\tlet currentGallery = [];\n\tlet currentIndex = 0;\n\n\tconst lightbox = document.querySelector('.lightbox-overlay');\n\tconst lightboxImg = document.querySelector('.lightbox-image');\n\n\tdocument.querySelectorAll('.popup-thumbs img').forEach((thumb, index) => {\n\n\t\tthumb.addEventListener('click', function(e){\n\n\t\t\te.stopPropagation();\n\t\t\t\n\t\t\t\n\t\t\t\n\t\t\tconst oldLightbox = document.querySelector('div[style*=\"position: fixed\"][style*=\"background: rgba(0, 0, 0\"]');\n\t\t\tif(oldLightbox){\n\t\t\t\toldLightbox.remove();\n\t\t\t}\n\n\t\t\tconst thumbs = this.parentElement.querySelectorAll('img');\n\t\t\tconsole.log(this.parentElement);\n\n\t\t\tcurrentGallery = [];\n\t\t\tthumbs.forEach(img=>{\n\t\t\t\tif(img.src && !img.classList.contains('thumb-hidden')){\n\t\t\t\t\tcurrentGallery.push(img.src);\n\t\t\t\t}\n\t\t\t});\n\t\t\t\n\t\t\t\n\n\t\t\tcurrentIndex = index;\n\n\t\t\topenLightbox();\n\n\t\t});\n\n\t});\n\n\tfunction openLightbox(){\n\t\tlightboxImg.src = currentGallery[currentIndex];\n\t\tlightbox.style.display = \"flex\";\n\t}\n\n\tfunction showNext(){\n\t\tcurrentIndex++;\n\t\tif(currentIndex >= currentGallery.length){\n\t\t\tcurrentIndex = 0;\n\t\t}\n\t\tlightboxImg.src = currentGallery[currentIndex];\n\t}\n\n\tfunction showPrev(){\n\t\tcurrentIndex--;\n\t\tif(currentIndex < 0){\n\t\t\tcurrentIndex = currentGallery.length - 1;\n\t\t}\n\t\tlightboxImg.src = currentGallery[currentIndex];\n\t}\n\n\tdocument.querySelector('.lightbox-next').onclick = showNext;\n\tdocument.querySelector('.lightbox-prev').onclick = showPrev;\n\n\tdocument.querySelector('.lightbox-close').onclick = function(){\n\t\tlightbox.style.display = \"none\";\n\t};\n\n\tlightbox.onclick = function(e){\n\t\tif(e.target === lightbox){\n\t\t\tlightbox.style.display = \"none\";\n\t\t}\n\t};\n\n\tdocument.addEventListener('keydown', function(e){\n\n\t\tif(lightbox.style.display === \"flex\"){\n\n\t\t\tif(e.key === \"ArrowRight\"){\n\t\t\t\tshowNext();\n\t\t\t}\n\n\t\t\tif(e.key === \"ArrowLeft\"){\n\t\t\t\tshowPrev();\n\t\t\t}\n\n\t\t\tif(e.key === \"Escape\"){\n\t\t\t\tlightbox.style.display = \"none\";\n\t\t\t}\n\n\t\t}\n\n\t});\n\n});\n<\/script>\n\n    <\/p>\n<\/div>\n<\/div><\/div>\n<\/div>\n<\/div>\n<\/div>\n<\/div>\n<\/div>\n<div id=\"cmsmasters_row_0vk4jqygk\" class=\"cmsmasters_row cmsmasters_color_scheme_default cmsmasters_row_top_default cmsmasters_row_bot_default cmsmasters_row_boxed\">\n<div class=\"cmsmasters_row_outer_parent\">\n<div class=\"cmsmasters_row_outer\">\n<div class=\"cmsmasters_row_inner\">\n<div class=\"cmsmasters_row_margin\">\n<div id=\"cmsmasters_column_2l2p8x2i1\" class=\"cmsmasters_column one_first\">\n<div class=\"cmsmasters_column_inner\"><div id=\"cmsmasters_heading_pjnumptidn\" class=\"cmsmasters_heading_wrap cmsmasters_heading_align_left\">\n\t<h2 class=\"cmsmasters_heading\">A demanding and inspired artistic direction<\/h2>\n<\/div>\n<\/div><\/div>\n<\/div>\n<\/div>\n<\/div>\n<\/div>\n<\/div>\n<div id=\"cmsmasters_row_t1ckutsnxk\" class=\"cmsmasters_row cmsmasters_color_scheme_default cmsmasters_row_top_default cmsmasters_row_bot_default cmsmasters_row_boxed\">\n<div class=\"cmsmasters_row_outer_parent\">\n<div class=\"cmsmasters_row_outer\">\n<div class=\"cmsmasters_row_inner\">\n<div class=\"cmsmasters_row_margin cmsmasters_row_columns_behavior\">\n<div id=\"cmsmasters_column_iwglb4vt8\" class=\"cmsmasters_column one_half\">\n<div class=\"cmsmasters_column_inner\"><div class=\"cmsmasters_img  cmsmasters_image_n\"><img decoding=\"async\" src=\"https:\/\/www.salonsmart-aix.com\/wp-content\/uploads\/2025\/11\/LD_2025_0504_SMart-Expo_8854_Sigrun-Sauerzapfe-aka-SIGGI.jpg\" \/><\/div>\n<\/div><\/div>\n<div id=\"cmsmasters_column_4ncajv1q\" class=\"cmsmasters_column one_half\">\n<div class=\"cmsmasters_column_inner\"><div class=\"cmsmasters_text mediumtext\">\n<p>Under the direction of the show's curator, St\u00e9phane Cristol-Barth\u00e8s, a well-known figure in the art world, SM'ART Life champions a bold and deeply human curatorial vision.<br \/>\nThe artistic selection highlights established and emerging designers, chosen for the strength of their universe and the singularity of their approach.<br \/>\nFrench and international galleries are invited to present works that question, move and embody the vitality of the contemporary scene.<br \/>\nA selection committee ensures the coherence, quality and balance of the artistic career as a whole.<\/p>\n<\/div>\n<\/div><\/div>\n<\/div>\n<\/div>\n<\/div>\n<\/div>\n<\/div>\n<div id=\"cmsmasters_row_ax6tabpkjb\" class=\"cmsmasters_row cmsmasters_color_scheme_default cmsmasters_row_top_default cmsmasters_row_bot_default cmsmasters_row_boxed\">\n<div class=\"cmsmasters_row_outer_parent\">\n<div class=\"cmsmasters_row_outer\">\n<div class=\"cmsmasters_row_inner\">\n<div class=\"cmsmasters_row_margin\">\n<div id=\"cmsmasters_column_lkbwwpxi5i\" class=\"cmsmasters_column one_first\">\n<div class=\"cmsmasters_column_inner\"><div id=\"cmsmasters_heading_uizrdmo8zs\" class=\"cmsmasters_heading_wrap cmsmasters_heading_align_left\">\n\t<h2 class=\"cmsmasters_heading\">A prestigious exhibition setting<\/h2>\n<\/div>\n<\/div><\/div>\n<\/div>\n<\/div>\n<\/div>\n<\/div>\n<\/div>\n<div id=\"cmsmasters_row_fboqb95jcg\" class=\"cmsmasters_row cmsmasters_color_scheme_default cmsmasters_row_top_default cmsmasters_row_bot_default cmsmasters_row_boxed\">\n<div class=\"cmsmasters_row_outer_parent\">\n<div class=\"cmsmasters_row_outer\">\n<div class=\"cmsmasters_row_inner\">\n<div class=\"cmsmasters_row_margin cmsmasters_row_columns_behavior\">\n<div id=\"cmsmasters_column_iwglb4vt8\" class=\"cmsmasters_column one_half\">\n<div class=\"cmsmasters_column_inner\"><div class=\"cmsmasters_img  cmsmasters_image_n\"><img decoding=\"async\" src=\"https:\/\/www.salonsmart-aix.com\/wp-content\/uploads\/2025\/11\/LD_2025_0503_SMart-Expo_8399_Sigrun-Sauerzapfe-aka-SIGGI.jpg\" \/><\/div>\n<\/div><\/div>\n<div id=\"cmsmasters_column_4ncajv1q\" class=\"cmsmasters_column one_half\">\n<div class=\"cmsmasters_column_inner\"><div class=\"cmsmasters_text mediumtext\">\n<p>Set in the Parc Jourdan in Aix-en-Provence, SM'ART Life features an immersive, illuminated scenography designed to enhance each artistic universe.<br \/>\nThe show attracts an international audience of collectors, curators, journalists and art enthusiasts, making each edition a privileged moment of encounters, exchanges and discoveries.<\/p>\n<\/div>\n<div id=\"cmsmasters_divider_pkihk8oz8\" class=\"cl\"><\/div>\n<div class=\"cmsmasters_img  cmsmasters_image_n\"><img decoding=\"async\" src=\"https:\/\/www.salonsmart-aix.com\/wp-content\/uploads\/2025\/11\/LD_2025_0504_SMart-Expo_9972_Sigrun-Sauerzapfe-aka-SIGGI.jpg\" \/><\/div>\n<\/div><\/div>\n<\/div>\n<\/div>\n<\/div>\n<\/div>\n<\/div>\n<div id=\"cmsmasters_row_5coxju8i2t\" class=\"cmsmasters_row cmsmasters_color_scheme_default cmsmasters_row_top_default cmsmasters_row_bot_default cmsmasters_row_boxed\">\n<div class=\"cmsmasters_row_outer_parent\">\n<div class=\"cmsmasters_row_outer\">\n<div class=\"cmsmasters_row_inner\">\n<div class=\"cmsmasters_row_margin\">\n<div id=\"cmsmasters_column_0kxmkwg2e\" class=\"cmsmasters_column one_half\">\n<div class=\"cmsmasters_column_inner\"><div id=\"cmsmasters_heading_bvzqbhpwv\" class=\"cmsmasters_heading_wrap cmsmasters_heading_align_left\">\n\t<h2 class=\"cmsmasters_heading\">Join the SM'ART Life adventure<\/h2>\n<\/div><div class=\"cmsmasters_img  cmsmasters_image_n\"><img decoding=\"async\" src=\"https:\/\/www.salonsmart-aix.com\/wp-content\/uploads\/2025\/11\/LD_2025_0503_SMart-Expo_6397_Sigrun-Sauerzapfe-aka-SIGGI.jpg\" \/><\/div>\n<\/div><\/div>\n<div id=\"cmsmasters_column_aztfsbfunr\" class=\"cmsmasters_column one_half\">\n<div class=\"cmsmasters_column_inner\"><div class=\"cmsmasters_text\">\n<p>SM'ART Life 2026 is the stage for your daring. Artists and gallery owners, if you would like to present your work in this exceptional setting and receive information on how to take part, please contact our exhibitor relations department:\u00a0<a id=\"m_9080642595567791900OWAf159cf6a-8dd5-d2c6-e8c2-88931a727a25\" href=\"mailto:catherine@salonsmart-aix.com\" target=\"_blank\" rel=\"noopener\">catherine@salonsmart-aix.com<\/a>.<\/p>\n<p>Applications are carefully considered by the Selection Committee, based on criteria of quality, originality and artistic consistency with the SM'ART Life brand.<\/p>\n<p>We look forward to hearing your vision.<\/p>\n<\/div>\n<ul id=\"cmsmasters_icon_list_items_y7k509i9v\" class=\"cmsmasters_icon_list_items cmsmasters_icon_list_type_list\"><li id=\"cmsmasters_icon_list_item_efbz44s8u3\" class=\"cmsmasters_icon_list_item cmsmasters-icon-custom-mail bold\">Application form: catherine@salonsmart-aix.com<\/li><li id=\"cmsmasters_icon_list_item_qqnfmihi93\" class=\"cmsmasters_icon_list_item cmsmasters-icon-custom-phone bold\">Information: +33 (0)6 10 87 67 21<\/li><\/ul>\n<div id=\"cmsmasters_divider_6fidob6inl\" class=\"cl\"><\/div>\n<div class=\"cmsmasters_text\">\n<p>Closing date for applications: 15 March 2026<\/p>\n<p><i>As the number of places is limited, we invite interested artists and galleries to contact us now.<\/i><\/p>\n<\/div>\n<\/div><\/div>\n<\/div>\n<\/div>\n<\/div>\n<\/div>\n<\/div>","protected":false},"excerpt":{"rendered":"","protected":false},"author":1,"featured_media":0,"parent":0,"menu_order":0,"comment_status":"closed","ping_status":"closed","template":"","meta":{"footnotes":""},"class_list":["post-15798","page","type-page","status-publish","hentry"],"_links":{"self":[{"href":"https:\/\/www.salonsmart-aix.com\/en\/wp-json\/wp\/v2\/pages\/15798","targetHints":{"allow":["GET"]}}],"collection":[{"href":"https:\/\/www.salonsmart-aix.com\/en\/wp-json\/wp\/v2\/pages"}],"about":[{"href":"https:\/\/www.salonsmart-aix.com\/en\/wp-json\/wp\/v2\/types\/page"}],"author":[{"embeddable":true,"href":"https:\/\/www.salonsmart-aix.com\/en\/wp-json\/wp\/v2\/users\/1"}],"replies":[{"embeddable":true,"href":"https:\/\/www.salonsmart-aix.com\/en\/wp-json\/wp\/v2\/comments?post=15798"}],"version-history":[{"count":3,"href":"https:\/\/www.salonsmart-aix.com\/en\/wp-json\/wp\/v2\/pages\/15798\/revisions"}],"predecessor-version":[{"id":15804,"href":"https:\/\/www.salonsmart-aix.com\/en\/wp-json\/wp\/v2\/pages\/15798\/revisions\/15804"}],"wp:attachment":[{"href":"https:\/\/www.salonsmart-aix.com\/en\/wp-json\/wp\/v2\/media?parent=15798"}],"curies":[{"name":"wp","href":"https:\/\/api.w.org\/{rel}","templated":true}]}}