{"id":7366,"date":"2015-11-18T08:37:53","date_gmt":"2015-11-18T08:37:53","guid":{"rendered":"http:\/\/interior-design.cmsmasters.net\/?page_id=7366"},"modified":"2026-03-12T18:14:41","modified_gmt":"2026-03-12T17:14:41","slug":"accueil","status":"publish","type":"page","link":"https:\/\/www.salonsmart-aix.com\/en\/","title":{"rendered":"Home"},"content":{"rendered":"<div id=\"cmsmasters_row_46351931b1\" class=\"cmsmasters_row cmsmasters_color_scheme_default cmsmasters_row_top_default cmsmasters_row_bot_default cmsmasters_row_fullwidth\">\n<div class=\"cmsmasters_row_outer_parent\">\n<div class=\"cmsmasters_row_outer\">\n<div class=\"cmsmasters_row_inner cmsmasters_row_fullwidth\">\n<div class=\"cmsmasters_row_margin\">\n<div id=\"cmsmasters_column_\" class=\"cmsmasters_column one_first\">\n<div class=\"cmsmasters_column_inner\">\n<div class=\"cmsmasters_slider\">\n\t\t\t\t<p class=\"rs-p-wp-fix\"><\/p>\n\t\t\t\t<sr7-module data-alias=\"home2_slider\" data-id=\"1\" id=\"SR7_1_1\" class=\"rs-ov-hidden\" data-version=\"6.7.38\">\n\t\t\t\t\t<sr7-adjuster><\/sr7-adjuster>\n\t\t\t\t\t<sr7-content>\n\t\t\t\t\t\t<sr7-slide id=\"SR7_1_1-1\" data-key=\"1\">\n\t\t\t\t\t\t\t<sr7-bg id=\"SR7_1_1-1-7\" class=\"sr7-layer\"><noscript><img decoding=\"async\" src=\"https:\/\/www.salonsmart-aix.com\/wp-content\/uploads\/2025\/11\/bg-smartlife-landing.webp\" alt=\"\" title=\"bg-smartlife-landing\"><\/noscript><\/sr7-bg>\n\t\t\t\t\t\t\t<a id=\"SR7_1_1-1-4\" class=\"sr7-layer\" href=\"https:\/\/www.billetweb.fr\/smart-life1\" target=\"_self\">TICKETS<\/a>\n\t\t\t\t\t\t\t<sr7-txt id=\"SR7_1_1-1-5\" class=\"sr7-layer\">The Salon de l'art et des m\u00c9tiers du luxe<\/sr7-txt>\n\t\t\t\t\t\t\t<sr7-txt id=\"SR7_1_1-1-6\" class=\"sr7-layer\">2026<\/sr7-txt>\n\t\t\t\t\t\t<\/sr7-slide>\n\t\t\t\t\t\t<sr7-slide id=\"SR7_1_1-9\" data-key=\"9\">\n\t\t\t\t\t\t<\/sr7-slide>\n\t\t\t\t\t<\/sr7-content>\n\t\t\t\t\t<image_lists style=\"display:none\">\n\t\t\t\t\t\t<img data-src=\"\/\/www.salonsmart-aix.com\/wp-content\/uploads\/2025\/11\/logo-smartlife.webp\" data-libid=\"45\" data-lib=\"medialibrary\" title=\"logo-smartlife\" width=\"0\" height=\"0\" data-dbsrc=\"Ly93d3cuc2Fsb25zbWFydC1haXguY29tL3dwLWNvbnRlbnQvdXBsb2Fkcy8yMDI1LzExL2xvZ28tc21hcnRsaWZlLndlYnA=\"\/>\n\t\t\t\t\t\t<img data-src=\"\/\/www.salonsmart-aix.com\/wp-content\/uploads\/2025\/11\/bg-smartlife-landing.webp\" data-libid=\"38\" data-lib=\"medialibrary\" title=\"bg-smartlife-landing\" width=\"0\" height=\"0\" data-dbsrc=\"Ly93d3cuc2Fsb25zbWFydC1haXguY29tL3dwLWNvbnRlbnQvdXBsb2Fkcy8yMDI1LzExL2JnLXNtYXJ0bGlmZS1sYW5kaW5nLndlYnA=\"\/>\n\t\t\t\t\t<\/image_lists>\n\t\t\t\t<\/sr7-module>\n\t\t\t\t<script>\n\t\t\t\t\tSR7.PMH ??={}; SR7.PMH[\"SR7_1_1\"] = {cn:100,state:false,fn: function() { if (_tpt!==undefined && _tpt.prepareModuleHeight !== undefined) {  _tpt.prepareModuleHeight({id:\"SR7_1_1\",el:[760,760,760,760,480],type:'hero',shdw:'0',gh:[760,760,760,760,480],gw:[1928,1928,1024,778,480],vpt:['-200px&#039;,&#039;-200px&#039;,&#039;-200px&#039;,&#039;-200px&#039;,&#039;-200px'],size:{fullWidth:true, fullHeight:true},fho:'',mh:'0',onh:0,onw:0,bg:{color:'{\"orig\":\"transparent\",\"type\":\"solid\",\"string\":\"transparent\"}'},plType:'0',plColor:'#FFFFFF'});   SR7.PMH[\"SR7_1_1\"].state=true;} else if(SR7.PMH[\"SR7_1_1\"].cn-->0)\tsetTimeout( SR7.PMH[\"SR7_1_1\"].fn,19);}};SR7.PMH[\"SR7_1_1\" ].fn();\n\t\t\t\t<\/script>\n<\/div>\n<\/div><\/div>\n<\/div>\n<\/div>\n<\/div>\n<\/div>\n<\/div>\n<div id=\"cmsmasters_row_hug1su42o5\" class=\"cmsmasters_row cmsmasters_color_scheme_default cmsmasters_row_top_default cmsmasters_row_bot_default cmsmasters_row_boxed\">\n<div class=\"cmsmasters_row_outer_parent\">\n<div class=\"cmsmasters_row_outer\">\n<div class=\"cmsmasters_row_inner\">\n<div class=\"cmsmasters_row_margin\">\n<div id=\"cmsmasters_column_gxldppmoze\" class=\"cmsmasters_column one_first\">\n<div class=\"cmsmasters_column_inner\"><div class=\"cmsmasters_text bigtext\">\n<p style=\"text-align: center;\">SM'ART Life 2026 takes the SM'ART Show to the next level, revealing all its modernity: a place where contemporary art, luxury expertise and creative innovation come together to inspire excellence.<\/p>\n<\/div>\n<\/div><\/div>\n<\/div>\n<\/div>\n<\/div>\n<\/div>\n<\/div>\n<div id=\"cmsmasters_row_k4yiclx5i\" class=\"cmsmasters_row cmsmasters_color_scheme_default cmsmasters_row_top_default cmsmasters_row_bot_default cmsmasters_row_boxed\">\n<div class=\"cmsmasters_row_outer_parent\">\n<div class=\"cmsmasters_row_outer\">\n<div class=\"cmsmasters_row_inner\">\n<div class=\"cmsmasters_row_margin\">\n<div id=\"cmsmasters_column_gxldppmoze\" class=\"cmsmasters_column two_third\">\n<div class=\"cmsmasters_column_inner\"><div class=\"cmsmasters_text\">\n<p>Held at the Parc Jourdan in Aix-en-Provence, the five-day show brings together artists, galleries, craftspeople, foundations, collectors and designers with a single focus: aesthetic innovation, rarity and shared emotion.<\/p>\n<\/div>\n<div id=\"cmsmasters_heading_rnl8q8udsi\" class=\"cmsmasters_heading_wrap cmsmasters_heading_align_left smallh2\">\n\t<h2 class=\"cmsmasters_heading\">The programme<\/h2>\n<\/div><ul id=\"cmsmasters_icon_list_items_osf00izfr\" class=\"cmsmasters_icon_list_items cmsmasters_icon_list_type_list\"><li id=\"cmsmasters_icon_list_item_qhjtodpqun\" class=\"cmsmasters_icon_list_item cmsmasters-icon-custom-chevron-right\">Exhibitions of contemporary art and exceptional pieces<\/li><li id=\"cmsmasters_icon_list_item_npetbm6n58\" class=\"cmsmasters_icon_list_item cmsmasters-icon-custom-chevron-right\">Unique collaborations between artists and prestigious houses<\/li><li id=\"cmsmasters_icon_list_item_x5qwcdp4ti\" class=\"cmsmasters_icon_list_item cmsmasters-icon-custom-chevron-right\">Immersive spaces dedicated to the Luxury professions<\/li><li id=\"cmsmasters_icon_list_item_2w503r9g5\" class=\"cmsmasters_icon_list_item cmsmasters-icon-custom-chevron-right\">Public conversations, professional meetings and private evenings<\/li><\/ul>\n<div id=\"cmsmasters_divider_tq8y7gfm8\" class=\"cl\"><\/div>\n<div class=\"cmsmasters_text\">\n<p>For its 20th\u1d49 edition, SM'ART Life is asserting its ambition: to create a lively dialogue between design and craft excellence.<br \/>\nA visionary show open to the world, where materials, gestures and beauty take their rightful place at the heart of the sensory experience.<\/p>\n<\/div>\n<ul id=\"cmsmasters_icon_list_items_dy3c9o3nqi\" class=\"cmsmasters_icon_list_items cmsmasters_icon_list_type_list\"><li id=\"cmsmasters_icon_list_item_6cb7qjja12\" class=\"cmsmasters_icon_list_item cmsmasters-icon-calendar-3 bold\">29 April - 3 May 2026<\/li><li id=\"cmsmasters_icon_list_item_h49tvykv6o\" class=\"cmsmasters_icon_list_item cmsmasters-icon-location bold\">Aix-en-Provence, Parc Jourdan<\/li><\/ul>\n<\/div><\/div>\n<div id=\"cmsmasters_column_0wxfg5sghh\" class=\"cmsmasters_column one_third\">\n<div class=\"cmsmasters_column_inner\"><div class=\"cmsmasters_img  cmsmasters_image_n\"><img decoding=\"async\" src=\"https:\/\/www.salonsmart-aix.com\/wp-content\/uploads\/2017\/12\/LD_2025_0504_SMart-Expo_9325_Sigrun-Sauerzapfe-aka-SIGGI.jpg\" \/><\/div>\n<\/div><\/div>\n<\/div>\n<\/div>\n<\/div>\n<\/div>\n<\/div>\n<div id=\"cmsmasters_row_bnt7pd5e7p\" class=\"cmsmasters_row cmsmasters_color_scheme_default cmsmasters_row_top_default cmsmasters_row_bot_default cmsmasters_row_fullwidth\">\n<div class=\"cmsmasters_row_outer_parent\">\n<div class=\"cmsmasters_row_outer\">\n<div class=\"cmsmasters_row_inner\">\n<div class=\"cmsmasters_row_margin\">\n<div id=\"cmsmasters_column_fkbkw72xu6\" class=\"cmsmasters_column two_third\">\n<div class=\"cmsmasters_column_inner\"><div id=\"cmsmasters_heading_phhy3au4ia\" class=\"cmsmasters_heading_wrap cmsmasters_heading_align_left\">\n\t<h2 class=\"cmsmasters_heading\">The gallery<\/h2>\n<\/div>\n<\/div><\/div>\n<div id=\"cmsmasters_column_tlnwuvf5ik\" class=\"cmsmasters_column one_third cmsmasters_rounded_button_left_on_resize\">\n<div class=\"cmsmasters_column_inner\"><div id=\"cmsmasters_button_o4w5l4nn56\" class=\"button_wrap\"><a href=\"https:\/\/www.salonsmart-aix.com\/en\/artistes-galerie\/\" class=\"cmsmasters_button cmsmasters_but_clear_styles cmsmasters_but_bg_slide_left cmsmasters_rounded_button\"><span>See more<\/span><\/a><\/div>\n<\/div><\/div>\n<\/div>\n<\/div>\n<div class=\"cmsmasters_row_inner cmsmasters_row_fullwidth\">\n<div class=\"cmsmasters_row_margin\">\n<div id=\"cmsmasters_column_xdistojhpc\" class=\"cmsmasters_column one_first\">\n<div class=\"cmsmasters_column_inner\"><div class=\"cmsmasters_text\">\n<p>    <style>\n    .exposants-masonry {\n        margin: 0 auto;\n    }\n    .exposant-item {\n\t\twidth:200px;\n        position: relative;\n        cursor: pointer;\n\t\tmargin-bottom:15px;\n\t\t\n    }\n    .exposant-item img {\n        width: 100%;\n        display: block;\n\t\ttransition:all 0.3s;\n    }\n\t.exposant-item:hover img {\n        opacity:0.5;\n    }\n\n\t\n\t.exposant-popup {\n        display: none;\n\t\tflex-direction: column;\n\t\tposition: fixed;\n\t\ttop: 50%;\n\t\tleft: 50%;\n\t\ttransform: translate(-50%, -50%);\n\t\tbackground: #fff;\n\t\tpadding: 0 0 40px 0;\n\t\tz-index: 9999;\n\t\tmax-width: 90%;\n\t\twidth: 90%;\n    }\n\t\n    .exposant-popup h3 {\n        margin-top:0;\n\t\ttext-align: center;\n\t\tfont-size: 30px;\n\t\tpadding: 20px;\n\t\tbackground-color: #8AC0DE;\n    }\n\t\n\t.exposant-popup p {\n\t\tletter-spacing: 0.2px;\n\t\tpadding:0 40px;\n\t\ttext-align: center;\n\t\tline-height: 27px;\n\t}\n\t\n    .popup-overlay {\n        display:none;\n        position:fixed;\n        top:0; left:0;\n        width:100%; height:100%;\n        background: rgba(0,0,0,1);\n        z-index: 9998;\n    }\n\t\n\t.popup-thumbs{\n\t\tdisplay:flex;\n\t\tgap:10px;\n\t\tmargin-top:20px;\n\t\tjustify-content: center;\n\t\t\n\t\t}\n\n\t\t.popup-thumbs img{\n\t\twidth:200px;\n\t\theight:200px;\n\t\tborder:3px solid #8AC0DE;\n\t\tobject-fit:cover;\n\t\tcursor:pointer;\n\t\ttransition:transform .2s;\n\t\t}\n\t\t\n\t\t@media screen and (max-width: 768px) {\n\t\t\t\/* pour les \u00e9crans \u2264 768px, typiquement tablettes et mobiles *\/\n\t\t\t.popup-thumbs img {\n\t\t\t\twidth: 100px;  \/* ou la taille que tu veux *\/\n\t\t\t\theight: 100px; \/* conserve le ratio *\/\n\t\t\t\tmargin: 5px;\n\t\t\t}\n\t\t\t\n\t\t\t.popup-thumbs {\n\t\t\t\tgap: 5px;\n\t\t\t}\n\t\t\t\n\t\t\t.exposant-popup p {\n\t\t\t\tfont-size:17px;\n\t\t\t\tline-height: 23px;\n\t\t\t\tpadding: 0 10px;\n\t\t\t}\n\t\t\t\n\t\t\t.exposant-popup h3 {\n\t\t\t\tmargin-top:0;\n\t\t\t\ttext-align: center;\n\t\t\t\tfont-size: 25px;\n\t\t\t\tpadding: 15px;\n\t\t\t\tbackground-color: #8AC0DE;\n\t\t\t}\n\t\t\t\n\t\t\t.exposant-item {\n\t\t\t\twidth:100px;\n\t\t\t}\n\t\t}\n\n\t\t.popup-thumbs img:hover{\n\t\ttransform:scale(1.05);\n\t\t}\n\t\t\n\t\t.thumb-hidden{\n\t\t\tdisplay:none;\n\t\t}\n\t\t\n\t\t\n\t\t.lightbox-overlay{\n\t\tdisplay:none;\n\t\tposition:fixed;\n\t\ttop:0;\n\t\tleft:0;\n\t\twidth:100%;\n\t\theight:100%;\n\t\tz-index:10000;\n\t\talign-items:center;\n\t\tjustify-content:center;\n\t\t}\n\n\t\t.lightbox-overlay::before{\n\t\tcontent:'';\n\t\tposition:absolute;\n\t\ttop:0;\n\t\tleft:0;\n\t\twidth:100%;\n\t\theight:100%;\n\t\tbackground:rgba(0,0,0,.95);\n\t\tz-index:1;\n\t\t}\n\n\t\t.lightbox-image,\n\t\t.lightbox-close,\n\t\t.lightbox-prev,\n\t\t.lightbox-next{\n\t\tposition:relative; \/* pour \u00eatre au-dessus du ::before *\/\n\t\tz-index:2;\n\t\t}\n\n\t\t.lightbox-image{\n\t\tmax-width:90%;\n\t\tmax-height:90%;\n\t\t}\n\n\t\t.lightbox-close{\n\t\tposition:absolute;\n\t\ttop:30px;\n\t\tright:40px;\n\t\tfont-size:40px;\n\t\tcolor:white;\n\t\tcursor:pointer;\n\t\t}\n\n\t\t.lightbox-prev,\n\t\t.lightbox-next{\n\t\tposition:absolute;\n\t\ttop:50%;\n\t\ttransform:translateY(-50%);\n\t\tfont-size:50px;\n\t\tcolor:white;\n\t\tcursor:pointer;\n\t\tpadding:20px;\n\t\t}\n\n\t\t.lightbox-prev{ left:20px; }\n\t\t.lightbox-next{ right:20px; }\n\t\t\n\t\t.no-scroll {\n\t\t  overflow: hidden;\n\t\t  height: 100%;\n\t\t}\n\t\t\n\t\t.popup-close {\n\t\t\tposition: absolute;\n\t\t\ttop: 20px;\n\t\t\tright: 25px;\n\t\t\tfont-size: 35px;\n\t\t\tfont-weight: bold;\n\t\t\tcolor: black;\n\t\t\tcursor: pointer;\n\t\t\tz-index: 10001; \/* au-dessus de tout *\/\n\t\t\ttransition: color 0.2s;\n\t\t}\n\n\t\t.popup-close:hover {\n\t\t\tcolor: rgb(138,192,222);\n\t\t}\n\t\t\n\t\t\n\t\t.grid-sizer {\n\t\t\twidth: 200px; \/* desktop *\/\n\t\t}\n\n\t\t@media screen and (max-width: 768px) {\n\t\t\t.grid-sizer {\n\t\t\t\twidth: 100px; \/* tablette\/mobile *\/\n\t\t\t}\n\t\t}\n\n    <\/style>\n\n    <div class=\"exposants-masonry\">\n\t<div class=\"grid-sizer\"><\/div> <!-- \u00e9l\u00e9ment invisible pour Masonry -->\n    <div class=\"exposant-item\"\n\tdata-name=\"A2M1XY\"\n\tdata-bio=\"A2M1XY d\u00e9veloppe une approche singuli\u00e8re de la cr\u00e9ation : concevoir des mondes comme des structures complexes, compos\u00e9es d\u2019\u00e9l\u00e9ments interd\u00e9pendants, \u00e9volutifs et coh\u00e9rents. Son travail explore une logique de fragmentation, o\u00f9 r\u00e9cits, r\u00e8gles, sons et images ne sont pas des d\u00e9clinaisons, mais des \u00e9tats d\u2019un m\u00eame ensemble structur\u00e9 . Chaque cr\u00e9ation est pens\u00e9e comme un instantan\u00e9 d\u2019un syst\u00e8me en \u00e9volution.\"\n\tdata-web=\"\"\n\tdata-photo1=\"https:\/\/salonsmart-aix.com\/intranet\/wp-content\/uploads\/2026\/04\/3-4.jpg\"\n\tdata-photo2=\"https:\/\/salonsmart-aix.com\/intranet\/wp-content\/uploads\/2026\/04\/oeuvre.jpg\"\n\tdata-photo3=\"https:\/\/salonsmart-aix.com\/intranet\/wp-content\/uploads\/2026\/04\/photo-output-1024x1000.jpeg\"><img decoding=\"async\" loading=\"lazy\" src=\"https:\/\/salonsmart-aix.com\/intranet\/wp-content\/uploads\/2026\/04\/3-4-300x294.jpg\" alt=\"A2M1XY\"><\/div><div class=\"exposant-item\"\n\tdata-name=\"AES LIGNUM\"\n\tdata-bio=\"Nicolas explore depuis plusieurs ann\u00e9es les dialogues subtils entre bois, m\u00e9tal et r\u00e9sine \u00e9poxy pour concevoir des pi\u00e8ces \u00e0 la fois techniques et raffin\u00e9es. Il s\u2019inspire du kintsugi, art ancestral japonais qui sublime les f\u00ealures en les rehaussant d\u2019or. Pour Nicolas, cette philosophie d\u00e9passe l\u2019esth\u00e9tique : elle r\u00e9sonne comme une m\u00e9taphore de la r\u00e9silience. Sur le bois, il valorise les marques du temps, les n\u0153uds, les cicatrices naturelles, les int\u00e9grant pleinement \u00e0 la narration de l\u2019\u0153uvre, tandis que, dans la r\u00e9sine, il cr\u00e9e des lignes de fracture qu\u2019il vient ensuite souligner de feuilles d\u2019or ou de cuivre. Au-del\u00e0 du mobilier d\u2019exception qu\u2019il fa\u00e7onne, Nicolas d\u00e9tourne ses plateaux pour en faire des pi\u00e8ces murales qui apportent caract\u00e8re et subliment les espaces. Il porte une attention particuli\u00e8re aux d\u00e9tails, aux accidents devenus dessein, une invitation \u00e0 regarder autrement la beaut\u00e9.\"\n\tdata-web=\"https:\/\/aeslignum.com\/\"\n\tdata-photo1=\"https:\/\/salonsmart-aix.com\/intranet\/wp-content\/uploads\/2026\/03\/TABLEAU-3.jpg\"\n\tdata-photo2=\"https:\/\/salonsmart-aix.com\/intranet\/wp-content\/uploads\/2026\/03\/TABLEAU-1-1-768x1024.jpg\"\n\tdata-photo3=\"\"><img decoding=\"async\" loading=\"lazy\" src=\"https:\/\/salonsmart-aix.com\/intranet\/wp-content\/uploads\/2026\/03\/TABLEAU-3-146x300.jpg\" alt=\"AES LIGNUM\"><\/div><div class=\"exposant-item\"\n\tdata-name=\"AL GALLERIES\"\n\tdata-bio=\"AL Galleries a \u00e9t\u00e9 cr\u00e9\u00e9e \u00e0 Londres en 2023.\"\n\tdata-web=\"https:\/\/algalleries.net\/\"\n\tdata-photo1=\"https:\/\/salonsmart-aix.com\/intranet\/wp-content\/uploads\/2026\/03\/on-boit-un-verre-ce-soir-petite-1-AE0M5X00P8Hw85Dn.png\"\n\tdata-photo2=\"https:\/\/salonsmart-aix.com\/intranet\/wp-content\/uploads\/2026\/03\/the-cult-lapis-dWxwe5kNDEsqr2jX-717x1024.jpg\"\n\tdata-photo3=\"https:\/\/salonsmart-aix.com\/intranet\/wp-content\/uploads\/2026\/03\/CHARLOTTE-PERROT-717x1024.jpg\"><img decoding=\"async\" loading=\"lazy\" src=\"https:\/\/salonsmart-aix.com\/intranet\/wp-content\/uploads\/2026\/03\/on-boit-un-verre-ce-soir-petite-1-AE0M5X00P8Hw85Dn-193x300.png\" alt=\"AL GALLERIES\"><\/div><div class=\"exposant-item\"\n\tdata-name=\"ANDREA DIAS\"\n\tdata-bio=\"\"\n\tdata-web=\"\"\n\tdata-photo1=\"\"\n\tdata-photo2=\"\"\n\tdata-photo3=\"\"><img decoding=\"async\" loading=\"lazy\" src=\"\" alt=\"ANDREA DIAS\"><\/div><div class=\"exposant-item\"\n\tdata-name=\"AR GALLERY\"\n\tdata-bio=\"AR Gallery est un lieu d\u00e9di\u00e9 \u00e0 l\u2019art contemporain et urbain qui se trouve \u00e0 Lourmarin dans le Luberon. Historiquement ce joli village a toujours \u00e9tait un \u00e9crin pour l\u2019art et une source d\u2019inspiration pour de nombreux artistes. Id\u00e9alement situ\u00e9e au c\u0153ur du centre historique, AR Gallery vous ouvre ses portes dans un lieu d\u2019exception : chaque exposition invite le visiteur \u00e0 un dialogue direct avec les artistes, une exploration sensible de la cr\u00e9ation actuelle. Engag\u00e9e aupr\u00e8s d\u2019artistes confirm\u00e9s comme de jeunes talents, AR Gallery affirme sa volont\u00e9 de soutenir la diversit\u00e9 et la vitalit\u00e9 de la sc\u00e8ne contemporaine.AR GALLERY pr\u00e9sentera les artistes FRAN\u00c7OIS NO\u00cbL - S\u00d8MA - ERIC DECASTRO\"\n\tdata-web=\"https:\/\/argallery.fr\/\"\n\tdata-photo1=\"https:\/\/salonsmart-aix.com\/intranet\/wp-content\/uploads\/2026\/04\/WhatsApp-Image-2026-04-13-at-13.34.51.jpeg\"\n\tdata-photo2=\"https:\/\/salonsmart-aix.com\/intranet\/wp-content\/uploads\/2026\/04\/WhatsApp-Image-2026-04-13-at-13.39.40-586x1024.jpeg\"\n\tdata-photo3=\"https:\/\/salonsmart-aix.com\/intranet\/wp-content\/uploads\/2026\/04\/WhatsApp-Image-2026-04-13-at-13.42.52-768x1024.jpeg\"><img decoding=\"async\" loading=\"lazy\" src=\"https:\/\/salonsmart-aix.com\/intranet\/wp-content\/uploads\/2026\/04\/WhatsApp-Image-2026-04-13-at-13.34.51-236x300.jpeg\" alt=\"AR GALLERY\"><\/div><div class=\"exposant-item\"\n\tdata-name=\"ARNAUD LALY\"\n\tdata-bio=\"Ayant \u00e9volu\u00e9 dans le milieu du design graphique et de  l\u2019architecture, Arnaud Laly aime s\u2019inspirer de ces domaines pour cr\u00e9er un style graphique unique et un processus de cr\u00e9ation m\u00e9ticuleux.Tels des jeux de construction imagin\u00e9s sur plans, il laisse \u00e0 chacun le temps de s\u2019immerger dans ses peintures, guid\u00e9s par une ligne forte. Signature de son art, cette ligne structure ses cr\u00e9ations. Inspir\u00e9 par ses promenades, ses voyages ou simplement par la beaut\u00e9 discr\u00e8te du quotidien, son travail se nourrit d\u2019\u00e9motions, de sensations et d\u2019exp\u00e9riences personnelles.Grand r\u00eaveur depuis l\u2019enfance, ses peintures invitent \u00e0 l\u2019imagination. On croit voir une forme, puis c\u2019est une autre qui s\u2019en d\u00e9gage. On s\u2019approche puis on recule, \u00e0 chacun d\u2019y voir ce qu\u2019il souhaite. Il aime jouer entre l\u2019abstrait et le figuratif. Attir\u00e9 par des couleurs \u00e0 la fois compl\u00e9mentaires et contrast\u00e9es, le spectateur est invit\u00e9 \u00e0 s\u2019\u00e9garer, presque \u00e0 l\u2019infini, dans un labyrinthe de cr\u00e9ativit\u00e9.\"\n\tdata-web=\"https:\/\/www.arnaudlaly.fr\/\"\n\tdata-photo1=\"https:\/\/salonsmart-aix.com\/intranet\/wp-content\/uploads\/2026\/03\/7-1024x1024.jpg\"\n\tdata-photo2=\"https:\/\/salonsmart-aix.com\/intranet\/wp-content\/uploads\/2026\/04\/IMG_8663-copie-1-898x1024.webp\"\n\tdata-photo3=\"https:\/\/salonsmart-aix.com\/intranet\/wp-content\/uploads\/2026\/03\/5-1024x799.jpg\"><img decoding=\"async\" loading=\"lazy\" src=\"https:\/\/salonsmart-aix.com\/intranet\/wp-content\/uploads\/2026\/03\/7-300x300.jpg\" alt=\"ARNAUD LALY\"><\/div><div class=\"exposant-item\"\n\tdata-name=\"ARNAUD SCHNEIDER\"\n\tdata-bio=\"Aquaculteur, horticulteur, paysagiste de formations, et Passionn\u00e9, depuis mon enfance, par le Patrimoine b\u00e2ti, curieux des techniques ancestrales, et enrichi des t\u00e9moignages et du Savoir-faire des Hommes de terrain.Ma D\u00e9marche Artistique est la suivante : Cr\u00e9er un dialogue entre l\u2019Art et le Patrimoine en m&#039;impr\u00e9gnant d&#039;une muse, d&#039;une Architecture , de l\u2019Histoire, d\u2019une \u0152uvre, d\u2019un Patrimoine V\u00e9g\u00e9tal...bref Vivre le Lieu. Ma m\u00e9thode est simple : Prendre une Courbe qui m&#039;inspire, la retravailler et en faire une Sculpture Contemporaine. Mes \u0152uvres laissent libre court \u00e0 l\u2019Imagination du Promeneur ; elles invitent au R\u00eave et \u00e0 l\u2019Emotion. Mes Sculptures donnent une Nouvelle Dimension au Lieu, interagissent avec le Public ,rassemblent , ou bien m\u00eame, interpellent. Elles parlent \u00e0 tout le Monde, sans avoir besoin de faire de grands discours.Mes Sculptures jouent avec la Lumi\u00e8re et les Pigments Naturels de mes diff\u00e9rentes Patines d&#039;Oxydation.\"\n\tdata-web=\"https:\/\/www.lartaujardin.com\/\"\n\tdata-photo1=\"https:\/\/salonsmart-aix.com\/intranet\/wp-content\/uploads\/2026\/04\/1000048614-768x1024.jpg\"\n\tdata-photo2=\"https:\/\/salonsmart-aix.com\/intranet\/wp-content\/uploads\/2026\/04\/20220430_1747282-EDIT-2-1024x904.jpg\"\n\tdata-photo3=\"https:\/\/salonsmart-aix.com\/intranet\/wp-content\/uploads\/2026\/04\/20240829_195032-1024x768.jpg\"><img decoding=\"async\" loading=\"lazy\" src=\"https:\/\/salonsmart-aix.com\/intranet\/wp-content\/uploads\/2026\/04\/1000048614-225x300.jpg\" alt=\"ARNAUD SCHNEIDER\"><\/div><div class=\"exposant-item\"\n\tdata-name=\"ARPE ONE\"\n\tdata-bio=\"ARPE ONE a d\u00e9couvert le monde du graffiti \u00e0 l\u2019\u00e2ge de 15 ans. C\u2019est aux c\u00f4t\u00e9s d\u2019autres graffeurs qu\u2019il commence \u00e0 s\u2019exprimer librement et sauvagement sur les murs. Taguer, peindre, laisser sa trace partout o\u00f9 son regard se pose devient vite une obsession qui influera profond\u00e9ment le reste de sa vie. Quatre mois avant de passer son baccalaur\u00e9at, ARPE prend la d\u00e9cision d\u2019abandonner les \u00e9tudes et de se consacrer pleinement \u00e0 la peinture, passant de la rue \u00e0 la toile. Habitu\u00e9 aux murs et \u00e0 la mont\u00e9e d\u2019adr\u00e9naline, la transition est difficile. Il transforme sa chambre en atelier et exp\u00e9rimente diff\u00e9rents styles et mat\u00e9riaux tout en conservant les \u00e9l\u00e9ments fondamentaux du graffiti. Ces multiples s\u00e9ries attirent rapidement l\u2019attention des professionnels de la sc\u00e8ne aixoise.En 2019, il participe \u00e0 plusieurs salons d\u2019art et \u00e0 22 ans, il s\u00e9duit sa premi\u00e8re galerie \u00e0 Paris. Son style \u00e9volue, notamment avec l\u2019utilisation de pochoirs qu\u2019il fabrique lui-m\u00eame et qu\u2019il applique sur des fonds color\u00e9s avec des lettrages graffitis. Instinctivement, il choisit le th\u00e8me de l\u2019enfance. Ses silhouettes enfantines d\u00e9livrent des messages qui r\u00e9sonnent en lui comme les symboles d\u2019un d\u00e9sir de retour \u00e0 l\u2019innocence..\"\n\tdata-web=\"https:\/\/www.instagram.com\/arpeoner\/\"\n\tdata-photo1=\"https:\/\/salonsmart-aix.com\/intranet\/wp-content\/uploads\/2026\/03\/catalogue-1.jpg\"\n\tdata-photo2=\"https:\/\/salonsmart-aix.com\/intranet\/wp-content\/uploads\/2026\/03\/CATALOGUE-2-683x1024.jpg\"\n\tdata-photo3=\"\"><img decoding=\"async\" loading=\"lazy\" src=\"https:\/\/salonsmart-aix.com\/intranet\/wp-content\/uploads\/2026\/03\/catalogue-1-300x285.jpg\" alt=\"ARPE ONE\"><\/div><div class=\"exposant-item\"\n\tdata-name=\"ART &amp; DESIGN\"\n\tdata-bio=\"Pour sa premi\u00e8re participation, la Galerie Art &amp; Design rejoint  la 20\u1d49 \u00e9dition du Sm\u2019art Life d\u2019Aix-en-Provence, s\u2019inscrivant dans une c\u00e9l\u00e9bration d\u2019exception d\u00e9di\u00e9e \u00e0 la cr\u00e9ation contemporaine.Art &amp; Design d\u00e9voilera une s\u00e9lection d\u2019artistes \u00e9clectique, allant de la peinture \u00e0 la sculpture, sans oublier la photographie, qui revient en force dans nos salons.Plus qu\u2019une simple galerie, Art &amp; Design est \u00e9galement un magazine international bilingue d\u00e9di\u00e9 \u00e0 la diffusion de l\u2019art contemporain, ainsi qu\u2019un acteur engag\u00e9 \u00e0 travers ses expositions \u00abArt Show \u00bb.\"\n\tdata-web=\"https:\/\/artetdesigngroup.my.canva.site\/\"\n\tdata-photo1=\"https:\/\/salonsmart-aix.com\/intranet\/wp-content\/uploads\/2026\/04\/Sans-titre-1-1024x1024.png\"\n\tdata-photo2=\"https:\/\/salonsmart-aix.com\/intranet\/wp-content\/uploads\/2026\/04\/f41c1f3b-f951-4644-8de9-78e87a5f9f84-1024x682.jpg\"\n\tdata-photo3=\"https:\/\/salonsmart-aix.com\/intranet\/wp-content\/uploads\/2026\/04\/ART-ET-DESIGN-GALERIE-1024x427.jpg\"><img decoding=\"async\" loading=\"lazy\" src=\"https:\/\/salonsmart-aix.com\/intranet\/wp-content\/uploads\/2026\/04\/Sans-titre-1-300x300.png\" alt=\"ART &amp; DESIGN\"><\/div><div class=\"exposant-item\"\n\tdata-name=\"ART ATTACK GALERIE\"\n\tdata-bio=\"Bas\u00e9e \u00e0 Menton, ART ATTACK GALERIE est bien plus qu&#039;une galerie d&#039;art... Hugo et Fabien, ses 2 cr\u00e9ateurs, forment avec les artistes repr\u00e9sent\u00e9s une v\u00e9ritable famille itin\u00e9rante, de la french riviera aux m\u00e9galopoles chinoises, en passant par les capitales europ\u00e9ennes et autres places fortes du march\u00e9 de l&#039;art contemporain...ART ATTACK GALERIE pr\u00e9sente sur le Sm&#039;art Life 2026  A\u00cfSSA JOUD - THIERRY CLAMENS - MARIE KVK - ANTOINE GRAFF\"\n\tdata-web=\"https:\/\/www.artattackgalerie.fr\/\"\n\tdata-photo1=\"https:\/\/salonsmart-aix.com\/intranet\/wp-content\/uploads\/2026\/03\/PHOTO-1024x979.jpeg\"\n\tdata-photo2=\"https:\/\/salonsmart-aix.com\/intranet\/wp-content\/uploads\/2026\/03\/AISSA-JOUD-PHOTO-1024x657.jpeg\"\n\tdata-photo3=\"https:\/\/salonsmart-aix.com\/intranet\/wp-content\/uploads\/2026\/03\/la-joconde-cadre.jpg\"><img decoding=\"async\" loading=\"lazy\" src=\"https:\/\/salonsmart-aix.com\/intranet\/wp-content\/uploads\/2026\/03\/PHOTO-300x287.jpeg\" alt=\"ART ATTACK GALERIE\"><\/div><div class=\"exposant-item\"\n\tdata-name=\"ART FIVE Gallery\"\n\tdata-bio=\"ART FIVE Gallery a \u00e9t\u00e9 cr\u00e9\u00e9e voici plus de 15 ans par Christophe RIOLI, un ex-financier passionn\u00e9 d\u2019art, collectionneur et militant de la reconnaissance du mouvement urbain de la premi\u00e8re heure. Initialement acteur historique de l\u2019art urbain, la galerie met \u00e9galement en avant depuis 5 ans maintenant plusieurs artistes contemporains issus du continent asiatique (Chine, Cor\u00e9e du Sud, Japon).Notre activit\u00e9 est double\u00a0:GALERIE D\u2019ART\u00a0: soutenant un ensemble d\u2019artistes internationaux et d\u2019artistes \u00e9mergents. Nous sommes sp\u00e9cialiste du leasing d\u2019\u0153uvres d\u2019art puisque nous avons \u00e9t\u00e9 les premiers \u00e0 le proposer en France d\u00e8s 2010.\u00a0AGENCE D&#039;ING\u00c9NIERIE CULTURELLE\u00a0: r\u00e9alisant pour les institutionnels (villes, centre d\u2019art, r\u00e9gions etc) des festivals d\u2019art urbain, biennales d&#039;art contemporain, fresques monumentales in situ et manifestations artistiques dans l\u2019espace public.ART FIVE GALLERY pr\u00e9sentera au SM&#039;ART LIFE les artistes INSANE51 -\u00a0SPEEDY GRAPHITO\u00a0 et PHILIPPE ECHAROUX.\"\n\tdata-web=\"https:\/\/artfive.fr\/\"\n\tdata-photo1=\"https:\/\/salonsmart-aix.com\/intranet\/wp-content\/uploads\/2026\/03\/SPEEDY-GRAPHITO_Mysterious-Lover-oeuvre-unique-100-x-70-cm-700x1024.png\"\n\tdata-photo2=\"https:\/\/salonsmart-aix.com\/intranet\/wp-content\/uploads\/2026\/03\/ECHAROUX_BaaaaaOBab-Madagascar-Oeuvre-unique-120x90-1-868x1024.png\"\n\tdata-photo3=\"https:\/\/salonsmart-aix.com\/intranet\/wp-content\/uploads\/2026\/04\/Plumes-1024x1024.jpeg\"><img decoding=\"async\" loading=\"lazy\" src=\"https:\/\/salonsmart-aix.com\/intranet\/wp-content\/uploads\/2026\/03\/SPEEDY-GRAPHITO_Mysterious-Lover-oeuvre-unique-100-x-70-cm-205x300.png\" alt=\"ART FIVE Gallery\"><\/div><div class=\"exposant-item\"\n\tdata-name=\"ART THEMA GALLERY\"\n\tdata-bio=\"Fond\u00e9e il y a plus de quarante ans \u00e0 Bruxelles, Art Thema s\u2019est construite autour d\u2019un regard exigeant et sensible sur la cr\u00e9ation contemporaine, avec une affinit\u00e9 particuli\u00e8re pour la sculpture, et plus sp\u00e9cifiquement pour le bronze. D\u00e8s ses origines, Art Thema r\u00e9v\u00e8le des \u0153uvres o\u00f9 se conjuguent ma\u00eetrise technique, profondeur et \u00e9criture artistique singuli\u00e8re. Apr\u00e8s avoir dirig\u00e9 pendant de nombreuses ann\u00e9es un espace de plus de 1000 m\u00b2 \u00e0 Bruxelles, la galerie a aujourd\u2019hui fait \u00e9voluer son mod\u00e8le vers une pr\u00e9sence plus nomade et \u00e9v\u00e9nementielle. D\u00e9sormais bas\u00e9e dans le Sud de la France, \u00e0 Carry-le-Rouet, Art Thema privil\u00e9gie les salons d\u2019art, les expositions hors les murs et les rendez-vous sur mesure.Art Thema d\u00e9veloppe \u00e9galement des collaborations avec des institutions, des entreprises et des collectionneurs priv\u00e9s, investissant ponctuellement des lieux d\u2019exception afin de cr\u00e9er des rencontres singuli\u00e8res entre les \u0153uvres, les artistes et les amateurs d\u2019art.\"\n\tdata-web=\"https:\/\/www.artthema.com\/\"\n\tdata-photo1=\"https:\/\/salonsmart-aix.com\/intranet\/wp-content\/uploads\/2026\/03\/primavera-isabel-miramontes-sculpture-bronze-art-thema-web-683x1024.jpeg\"\n\tdata-photo2=\"https:\/\/salonsmart-aix.com\/intranet\/wp-content\/uploads\/2026\/03\/la-jongleuse-beatrice-cols-art-thema-sculpture-bronze-web-682x1024.jpeg\"\n\tdata-photo3=\"https:\/\/salonsmart-aix.com\/intranet\/wp-content\/uploads\/2026\/03\/ours-jonglant-avec-ses-poissons-verger-art-thema-1.jpeg\"><img decoding=\"async\" loading=\"lazy\" src=\"https:\/\/salonsmart-aix.com\/intranet\/wp-content\/uploads\/2026\/03\/primavera-isabel-miramontes-sculpture-bronze-art-thema-web-200x300.jpeg\" alt=\"ART THEMA GALLERY\"><\/div><div class=\"exposant-item\"\n\tdata-name=\"ATELIER DE LA BOISERIE\"\n\tdata-bio=\"L\u2019Atelier est pour nous le c\u0153ur de l\u2019entreprise. Les ouvrages y sont r\u00e9alis\u00e9s en son sein, le savoir y progresse et sa transmission s\u2019y perp\u00e9tue. Quant aux techniques, elles sont partag\u00e9es ou questionn\u00e9es sous le joug de la tradition et de l\u2019innovation. En outre, les compagnons que nous employons y d\u00e9ploient l\u2019\u00e9ventail de leurs connaissances, en les mettant au service de notre client\u00e8le.Que ce soit \u00e0 Paris ou \u00e0 Gargas, nous employons des techniques \u00e0 la fois traditionnelles et \u00e0 la pointe de la technologie. Ainsi, pendant que certains de nos compagnons seront en train de travailler \u00e0 la restauration de lambris en cherchant \u00e0 reproduire les teintes d\u2019origines sans que cela ne puisse se remarquer, d\u2019autres seront en charge des machines \u00e0 commande num\u00e9rique utilis\u00e9es sur des ouvrages aux formes les plus complexes.\"\n\tdata-web=\"https:\/\/www.atelierdelaboiserie.fr\/\"\n\tdata-photo1=\"https:\/\/salonsmart-aix.com\/intranet\/wp-content\/uploads\/2026\/04\/1-5.jpg\"\n\tdata-photo2=\"https:\/\/salonsmart-aix.com\/intranet\/wp-content\/uploads\/2026\/04\/Capture-decran-2026-04-16-181120.jpg\"\n\tdata-photo3=\"https:\/\/salonsmart-aix.com\/intranet\/wp-content\/uploads\/2026\/04\/Capture-decran-2026-04-29-070507.jpg\"><img decoding=\"async\" loading=\"lazy\" src=\"https:\/\/salonsmart-aix.com\/intranet\/wp-content\/uploads\/2026\/04\/1-5-300x276.jpg\" alt=\"ATELIER DE LA BOISERIE\"><\/div><div class=\"exposant-item\"\n\tdata-name=\"BERNARD GALERA\"\n\tdata-bio=\"\"\n\tdata-web=\"\"\n\tdata-photo1=\"\"\n\tdata-photo2=\"\"\n\tdata-photo3=\"\"><img decoding=\"async\" loading=\"lazy\" src=\"\" alt=\"BERNARD GALERA\"><\/div><div class=\"exposant-item\"\n\tdata-name=\"BUENO HOME GALLERY\"\n\tdata-bio=\"BHG \u2013 Bueno Home Gallery \u2013 est une maison galerie fond\u00e9e en 2003 \u00e0 N\u00eemes par C\u00e9cile et G\u00e9rald Bueno, un couple de passionn\u00e9s qui consacrent leur vie \u00e0 l\u2019Art depuis plus de 20 ans.Install\u00e9e dans une maison d\u2019architecte des ann\u00e9es 60, BHG propose une exp\u00e9rience unique\u00a0: d\u00e9couvrir l\u2019Art contemporain dans un cadre de vie authentique, o\u00f9 l\u2019intime et le pr\u00e9cieux se rencontrent.La maison galerie est un espace chaleureux, propice \u00e0 l\u2019\u00e9change et \u00e0 la d\u00e9couverte, sur rendez-vous ou lors d\u2019\u00e9v\u00e8nements, vernissages et brunchs r\u00e9guli\u00e8rement organis\u00e9s.BUENO HOME GALLERY pr\u00e9sente sur le Sm&#039;art Life les artistes HUGUES AMBLARD - LAURENT ARPINON -  DAVID PELAT\"\n\tdata-web=\"https:\/\/bueno-art.com\/\"\n\tdata-photo1=\"https:\/\/salonsmart-aix.com\/intranet\/wp-content\/uploads\/2026\/04\/HUGES-AMBLARD-1.jpg\"\n\tdata-photo2=\"https:\/\/salonsmart-aix.com\/intranet\/wp-content\/uploads\/2026\/04\/DAVID-PELAT.jpg\"\n\tdata-photo3=\"https:\/\/salonsmart-aix.com\/intranet\/wp-content\/uploads\/2026\/04\/LAURENT-ARPINON.jpg\"><img decoding=\"async\" loading=\"lazy\" src=\"https:\/\/salonsmart-aix.com\/intranet\/wp-content\/uploads\/2026\/04\/HUGES-AMBLARD-1-217x300.jpg\" alt=\"BUENO HOME GALLERY\"><\/div>    <\/div>\n\n\t\n\t<div class=\"popup-overlay\"><\/div>\n\n\t<div class=\"exposant-popup\">\n\t\t<span class=\"popup-close\">\u00d7<\/span> <!-- croix ajout\u00e9e -->\n\t\t\n\t\t<h3><\/h3>\n\t\t<p><\/p>\n\n\t\t<div class=\"popup-thumbs\">\n\t\t\t<img class=\"thumb\">\n\t\t\t<img class=\"thumb\">\n\t\t\t<img class=\"thumb\">\n\t\t<\/div>\n\n\t<\/div>\n\t\n\t<div class=\"lightbox-overlay\">\n\t\t<span class=\"lightbox-close\">\u00d7<\/span>\n\t\t<span class=\"lightbox-prev\">&#10094;<\/span>\n\t\t<img decoding=\"async\" class=\"lightbox-image\" src=\"\">\n\t\t<span class=\"lightbox-next\">&#10095;<\/span>\n\t<\/div>\n\n    <!--<script>\n    document.addEventListener('DOMContentLoaded', function() {\n\t\tconst grid = document.querySelector('.exposants-masonry');\n\t\tif(grid) {\n\t\t\tnew Masonry(grid, {\n\t\t\t\titemSelector: '.exposant-item',\n\t\t\t\tcolumnWidth: 200,\n\t\t\t\tgutter: 15,\n\t\t\t\tfitWidth: true\n\t\t\t});\n\t\t}\n\t\n        const popup = document.querySelector('.exposant-popup');\n        const overlay = document.querySelector('.popup-overlay');\n\n        document.querySelectorAll('.exposant-item').forEach(item => {\n            item.addEventListener('click', function() {\n                popup.querySelector('h3').textContent = this.dataset.name;\n                popup.querySelector('p').textContent = this.dataset.bio;\n                popup.style.display = 'block';\n                overlay.style.display = 'block';\n            });\n        });\n\n        overlay.addEventListener('click', function() {\n            popup.style.display = 'none';\n            overlay.style.display = 'none';\n        });\n    });\n    <\/script> -->\n\t<script>\ndocument.addEventListener('DOMContentLoaded', function() {\n\t\n\tlet scrollPosition = 0;\n\n\tfunction openPopup() {\n\t\t\/\/ Sauvegarde la position actuelle\n\t\tscrollPosition = window.scrollY || window.pageYOffset;\n\n\t\t\/\/ Bloque le scroll\n\t\tdocument.body.style.top = `-${scrollPosition}px`;\n\t\tdocument.body.style.position = 'fixed';\n\t\tdocument.body.style.width = '100%';\n\t}\n\n\tfunction closePopup() {\n\t\t\/\/ D\u00e9bloque le scroll\n\t\tdocument.body.style.position = '';\n\t\tdocument.body.style.top = '';\n\t\tdocument.body.style.width = '';\n\t\t\n\t\tcurrentGallery = [];\n\n\t\t\/\/ Restaure la position\n\t\twindow.scrollTo(0, scrollPosition);\n\t}\n\n\n    const grid = document.querySelector('.exposants-masonry');\n    \n\t\/*if(grid) {\n        \/\/ attendre que toutes les images soient charg\u00e9es\n        imagesLoaded(grid, function() {\n            new Masonry(grid, {\n                itemSelector: '.exposant-item',\n                columnWidth: 200,\n                gutter: 15,\n                fitWidth: true\n            });\n        });\n    } *\/\n\t\n\tif(grid){\n        \/\/ initialise Masonry apr\u00e8s que toutes les images soient charg\u00e9es\n        imagesLoaded(grid, function() {\n            \/\/ cr\u00e9er instance Masonry\n            const msnry = new Masonry(grid, {\n                itemSelector: '.exposant-item',\n                columnWidth: '.grid-sizer',\n                gutter: 15,\n                fitWidth: true\n            });\n\n            \/\/ recalculer Masonry automatiquement au resize\n            window.addEventListener('resize', function() {\n                msnry.layout();\n            });\n        });\n    }\n\n    const popup = document.querySelector('.exposant-popup');\n    const overlay = document.querySelector('.popup-overlay');\n\n    \/\/ Gestion du clic sur les images\n    document.querySelectorAll('.exposant-item').forEach(item => {\n        \/*item.addEventListener('click', function() {\n            \/\/ V\u00e9rifie si tu veux aussi afficher la photo dans le popup\n\t\t\tconst img = this.querySelector('img');\n            const popupImg = popup.querySelector('.popup-photo img');\n            if(popupImg && img) {\n               \/\/ const img = this.querySelector('img');\n                popupImg.src = img.src;\n                popupImg.alt = img.alt;\n            }\n\n            popup.querySelector('h3').textContent = this.dataset.name;\n\t\t\tpopup.querySelector('p').textContent = this.dataset.bio;\n            popup.style.display = 'flex';\n            overlay.style.display = 'block';\n        }); *\/\n\t\t\n\t\titem.addEventListener('click', function() {\n\t\t\t\n\t\t\topenPopup(); \/\/ bloque scroll\n\t\t\t\n\t\t\tdocument.querySelector('#header').style.zIndex = \"1\";\n\n\t\t\tconst name = this.dataset.name;\n\t\t\tconst bio = this.dataset.bio;\n\t\t\tconst web = this.dataset.web;\n\n\t\t\tconst photo1 = this.dataset.photo1;\n\t\t\tconst photo2 = this.dataset.photo2;\n\t\t\tconst photo3 = this.dataset.photo3;\n\n\t\t\tpopup.querySelector('h3').textContent = name;\n\t\t\tpopup.querySelector('p').innerHTML = bio + \"<br\/><br\/><strong>Site internet<\/strong> : <a href='\" + web +\"' target='blank'>\" + web + \"<\/a>\";\n\n\t\t\tconst thumbs = popup.querySelectorAll('.popup-thumbs img');\n\n\t\t\tconst photos = [photo1, photo2, photo3];\n\n\t\t\tthumbs.forEach((thumb, index) => {\n\n\t\t\t\tif(photos[index]){\n\t\t\t\t\tthumb.src = photos[index];\n\t\t\t\t\t\/\/ thumb.style.display = \"block\";\n\t\t\t\t\tthumb.classList.remove('thumb-hidden');\n\t\t\t\t}else{\n\t\t\t\t\tthumb.src = \"\";\n\t\t\t\t\t\/\/ thumb.style.display = \"none\";\n\t\t\t\t\tthumb.classList.add('thumb-hidden');\n\t\t\t\t}\n\n\t\t\t});\n\n\t\t\tpopup.style.display = 'flex';\n\t\t\toverlay.style.display = 'block';\n\n\t\t});\n    });\n\t\n\tdocument.querySelectorAll('.popup-thumbs img').forEach(img => {\n\n\t\timg.addEventListener('click', function(e){\n\n\t\t\te.stopPropagation();\n\n\t\t\tconst lightbox = document.createElement('div');\n\t\t\tlightbox.style.position = \"fixed\";\n\t\t\tlightbox.style.top = 0;\n\t\t\tlightbox.style.left = 0;\n\t\t\tlightbox.style.width = \"100%\";\n\t\t\tlightbox.style.height = \"100%\";\n\t\t\tlightbox.style.background = \"rgba(0,0,0,.9)\";\n\t\t\tlightbox.style.display = \"flex\";\n\t\t\tlightbox.style.alignItems = \"center\";\n\t\t\tlightbox.style.justifyContent = \"center\";\n\t\t\tlightbox.style.zIndex = \"10000\";\n\n\t\t\tconst imgBig = document.createElement('img');\n\t\t\timgBig.src = this.src;\n\t\t\timgBig.style.maxWidth = \"90%\";\n\t\t\timgBig.style.maxHeight = \"90%\";\n\n\t\t\tlightbox.appendChild(imgBig);\n\n\t\t\tlightbox.addEventListener('click', function(){\n\t\t\t\tlightbox.remove();\n\t\t\t});\n\n\t\t\tdocument.body.appendChild(lightbox);\n\n\t\t});\n\n\t});\n\n    \/\/ Fermer le popup au clic sur l'overlay\n    overlay.addEventListener('click', function() {\n\t\t\n\t\tdocument.querySelector('#header').style.zIndex = \"9999\";\n        popup.style.display = 'none';\n        overlay.style.display = 'none';\n\t\t\n\t\tclosePopup(); \/\/ r\u00e9active scroll \u00e0 la position initiale\n    });\n\t\n\tdocument.querySelector('.popup-close').addEventListener('click', function() {\n\t\tdocument.querySelector('#header').style.zIndex = \"9999\";\n\t\tpopup.style.display = 'none';\n\t\toverlay.style.display = 'none';\n\t\tclosePopup(); \/\/ restaure le scroll \u00e0 sa position initiale\n\t});\n\t\n\t\n\t\n\t\/\/lightbox galerie\n\tlet currentGallery = [];\n\tlet currentIndex = 0;\n\n\tconst lightbox = document.querySelector('.lightbox-overlay');\n\tconst lightboxImg = document.querySelector('.lightbox-image');\n\n\tdocument.querySelectorAll('.popup-thumbs img').forEach((thumb, index) => {\n\n\t\tthumb.addEventListener('click', function(e){\n\n\t\t\te.stopPropagation();\n\t\t\t\n\t\t\t\n\t\t\t\n\t\t\tconst oldLightbox = document.querySelector('div[style*=\"position: fixed\"][style*=\"background: rgba(0, 0, 0\"]');\n\t\t\tif(oldLightbox){\n\t\t\t\toldLightbox.remove();\n\t\t\t}\n\n\t\t\tconst thumbs = this.parentElement.querySelectorAll('img');\n\t\t\tconsole.log(this.parentElement);\n\n\t\t\tcurrentGallery = [];\n\t\t\tthumbs.forEach(img=>{\n\t\t\t\tif(img.src && !img.classList.contains('thumb-hidden')){\n\t\t\t\t\tcurrentGallery.push(img.src);\n\t\t\t\t}\n\t\t\t});\n\t\t\t\n\t\t\t\n\n\t\t\tcurrentIndex = index;\n\n\t\t\topenLightbox();\n\n\t\t});\n\n\t});\n\n\tfunction openLightbox(){\n\t\tlightboxImg.src = currentGallery[currentIndex];\n\t\tlightbox.style.display = \"flex\";\n\t}\n\n\tfunction showNext(){\n\t\tcurrentIndex++;\n\t\tif(currentIndex >= currentGallery.length){\n\t\t\tcurrentIndex = 0;\n\t\t}\n\t\tlightboxImg.src = currentGallery[currentIndex];\n\t}\n\n\tfunction showPrev(){\n\t\tcurrentIndex--;\n\t\tif(currentIndex < 0){\n\t\t\tcurrentIndex = currentGallery.length - 1;\n\t\t}\n\t\tlightboxImg.src = currentGallery[currentIndex];\n\t}\n\n\tdocument.querySelector('.lightbox-next').onclick = showNext;\n\tdocument.querySelector('.lightbox-prev').onclick = showPrev;\n\n\tdocument.querySelector('.lightbox-close').onclick = function(){\n\t\tlightbox.style.display = \"none\";\n\t};\n\n\tlightbox.onclick = function(e){\n\t\tif(e.target === lightbox){\n\t\t\tlightbox.style.display = \"none\";\n\t\t}\n\t};\n\n\tdocument.addEventListener('keydown', function(e){\n\n\t\tif(lightbox.style.display === \"flex\"){\n\n\t\t\tif(e.key === \"ArrowRight\"){\n\t\t\t\tshowNext();\n\t\t\t}\n\n\t\t\tif(e.key === \"ArrowLeft\"){\n\t\t\t\tshowPrev();\n\t\t\t}\n\n\t\t\tif(e.key === \"Escape\"){\n\t\t\t\tlightbox.style.display = \"none\";\n\t\t\t}\n\n\t\t}\n\n\t});\n\n});\n<\/script>\n\n    <\/p>\n<\/div>\n<\/div><\/div>\n<\/div>\n<\/div>\n<\/div>\n<\/div>\n<\/div>","protected":false},"excerpt":{"rendered":"","protected":false},"author":1,"featured_media":0,"parent":0,"menu_order":0,"comment_status":"closed","ping_status":"closed","template":"","meta":{"footnotes":""},"class_list":["post-7366","page","type-page","status-publish","hentry"],"_links":{"self":[{"href":"https:\/\/www.salonsmart-aix.com\/en\/wp-json\/wp\/v2\/pages\/7366","targetHints":{"allow":["GET"]}}],"collection":[{"href":"https:\/\/www.salonsmart-aix.com\/en\/wp-json\/wp\/v2\/pages"}],"about":[{"href":"https:\/\/www.salonsmart-aix.com\/en\/wp-json\/wp\/v2\/types\/page"}],"author":[{"embeddable":true,"href":"https:\/\/www.salonsmart-aix.com\/en\/wp-json\/wp\/v2\/users\/1"}],"replies":[{"embeddable":true,"href":"https:\/\/www.salonsmart-aix.com\/en\/wp-json\/wp\/v2\/comments?post=7366"}],"version-history":[{"count":93,"href":"https:\/\/www.salonsmart-aix.com\/en\/wp-json\/wp\/v2\/pages\/7366\/revisions"}],"predecessor-version":[{"id":15825,"href":"https:\/\/www.salonsmart-aix.com\/en\/wp-json\/wp\/v2\/pages\/7366\/revisions\/15825"}],"wp:attachment":[{"href":"https:\/\/www.salonsmart-aix.com\/en\/wp-json\/wp\/v2\/media?parent=7366"}],"curies":[{"name":"wp","href":"https:\/\/api.w.org\/{rel}","templated":true}]}}